{"id":1181,"date":"2025-01-22T16:39:56","date_gmt":"2025-01-22T15:39:56","guid":{"rendered":"https:\/\/forstunternehmer.ch\/?page_id=1181"},"modified":"2026-04-29T18:14:10","modified_gmt":"2026-04-29T16:14:10","slug":"organisation","status":"publish","type":"page","link":"https:\/\/forstunternehmer.ch\/fr\/organisation\/","title":{"rendered":"Organisation"},"content":{"rendered":"<div data-elementor-type=\"wp-page\" data-elementor-id=\"1181\" class=\"elementor elementor-1181\" data-elementor-post-type=\"page\">\n\t\t\t\t<div class=\"elementor-element elementor-element-5e2d9ee7 e-flex e-con-boxed e-con e-parent\" data-id=\"5e2d9ee7\" data-element_type=\"container\" data-settings=\"{&quot;background_background&quot;:&quot;classic&quot;}\">\n\t\t\t\t\t<div class=\"e-con-inner\">\n\t\t<div class=\"elementor-element elementor-element-3ac19dd9 e-con-full animated-fast e-flex elementor-invisible e-con e-child\" data-id=\"3ac19dd9\" data-element_type=\"container\" data-settings=\"{&quot;animation&quot;:&quot;fadeIn&quot;,&quot;animation_delay&quot;:500}\">\n\t\t\t\t<div class=\"elementor-element elementor-element-30aeffa7 elementor-invisible elementor-widget elementor-widget-heading\" data-id=\"30aeffa7\" data-element_type=\"widget\" data-settings=\"{&quot;_animation&quot;:&quot;fadeInUp&quot;}\" data-widget_type=\"heading.default\">\n\t\t\t\t\t<h1 class=\"elementor-heading-title elementor-size-default\">Comit\u00e9<\/h1>\t\t\t\t<\/div>\n\t\t\t\t<\/div>\n\t\t<div class=\"elementor-element elementor-element-1ed9efca e-grid e-con-boxed elementor-invisible e-con e-child\" data-id=\"1ed9efca\" data-element_type=\"container\" data-settings=\"{&quot;animation&quot;:&quot;slideInUp&quot;}\">\n\t\t\t\t\t<div class=\"e-con-inner\">\n\t\t<div class=\"elementor-element elementor-element-1cac9904 e-con-full e-flex e-con e-child\" data-id=\"1cac9904\" data-element_type=\"container\">\n\t\t<div class=\"elementor-element elementor-element-4fc89077 e-con-full e-flex e-con e-child\" data-id=\"4fc89077\" data-element_type=\"container\">\n\t\t<div class=\"elementor-element elementor-element-59732372 e-con-full e-flex e-con e-child\" data-id=\"59732372\" data-element_type=\"container\">\n\t\t\t\t<div class=\"elementor-element elementor-element-41d4fc53 e-transform elementor-widget elementor-widget-image\" data-id=\"41d4fc53\" data-element_type=\"widget\" data-settings=\"{&quot;_transform_scale_effect_hover&quot;:{&quot;unit&quot;:&quot;px&quot;,&quot;size&quot;:1.020000000000000017763568394002504646778106689453125,&quot;sizes&quot;:[]},&quot;_transform_scale_effect_hover_widescreen&quot;:{&quot;unit&quot;:&quot;px&quot;,&quot;size&quot;:&quot;&quot;,&quot;sizes&quot;:[]},&quot;_transform_scale_effect_hover_laptop&quot;:{&quot;unit&quot;:&quot;px&quot;,&quot;size&quot;:&quot;&quot;,&quot;sizes&quot;:[]},&quot;_transform_scale_effect_hover_tablet&quot;:{&quot;unit&quot;:&quot;px&quot;,&quot;size&quot;:&quot;&quot;,&quot;sizes&quot;:[]},&quot;_transform_scale_effect_hover_mobile&quot;:{&quot;unit&quot;:&quot;px&quot;,&quot;size&quot;:&quot;&quot;,&quot;sizes&quot;:[]}}\" data-widget_type=\"image.default\">\n\t\t\t\t\t\t\t\t\t\t\t\t\t\t\t<img fetchpriority=\"high\" decoding=\"async\" width=\"832\" height=\"1248\" src=\"https:\/\/forstunternehmer.ch\/wp-content\/uploads\/2025\/09\/Generated-Image-September-01-2025-11_37AM.jpeg\" class=\"attachment-full size-full wp-image-2134\" alt=\"\" srcset=\"https:\/\/forstunternehmer.ch\/wp-content\/uploads\/2025\/09\/Generated-Image-September-01-2025-11_37AM.jpeg 832w, https:\/\/forstunternehmer.ch\/wp-content\/uploads\/2025\/09\/Generated-Image-September-01-2025-11_37AM-200x300.jpeg 200w, https:\/\/forstunternehmer.ch\/wp-content\/uploads\/2025\/09\/Generated-Image-September-01-2025-11_37AM-683x1024.jpeg 683w, https:\/\/forstunternehmer.ch\/wp-content\/uploads\/2025\/09\/Generated-Image-September-01-2025-11_37AM-768x1152.jpeg 768w, https:\/\/forstunternehmer.ch\/wp-content\/uploads\/2025\/09\/Generated-Image-September-01-2025-11_37AM-8x12.jpeg 8w\" sizes=\"(max-width: 832px) 100vw, 832px\" \/>\t\t\t\t\t\t\t\t\t\t\t\t\t\t\t<\/div>\n\t\t\t\t<\/div>\n\t\t\t\t<\/div>\n\t\t\t\t<div class=\"elementor-element elementor-element-1f892e53 elementor-widget elementor-widget-icon-box\" data-id=\"1f892e53\" data-element_type=\"widget\" data-widget_type=\"icon-box.default\">\n\t\t\t\t\t\t\t<div class=\"elementor-icon-box-wrapper\">\n\n\t\t\t\n\t\t\t\t\t\t<div class=\"elementor-icon-box-content\">\n\n\t\t\t\t\t\t\t\t\t<h6 class=\"elementor-icon-box-title\">\n\t\t\t\t\t\t<span  >\n\t\t\t\t\t\t\tYvan Pahud, pr\u00e9sident\t\t\t\t\t\t<\/span>\n\t\t\t\t\t<\/h6>\n\t\t\t\t\n\t\t\t\t\t\t\t\t\t<p class=\"elementor-icon-box-description\">\n\t\t\t\t\t\t1450 Sainte-Croix\n\n\t\t\t\t\t<\/p>\n\t\t\t\t\n\t\t\t<\/div>\n\t\t\t\n\t\t<\/div>\n\t\t\t\t\t\t<\/div>\n\t\t\t\t<\/div>\n\t\t<div class=\"elementor-element elementor-element-7bfb8ae8 e-con-full animated-fast e-flex elementor-invisible e-con e-child\" data-id=\"7bfb8ae8\" data-element_type=\"container\" data-settings=\"{&quot;animation&quot;:&quot;fadeIn&quot;,&quot;animation_delay&quot;:1000}\">\n\t\t<div class=\"elementor-element elementor-element-735de2c1 e-con-full e-flex e-con e-child\" data-id=\"735de2c1\" data-element_type=\"container\">\n\t\t<div class=\"elementor-element elementor-element-57d7f580 e-con-full e-flex e-con e-child\" data-id=\"57d7f580\" data-element_type=\"container\">\n\t\t\t\t<div class=\"elementor-element elementor-element-5158cbfc e-transform elementor-widget elementor-widget-image\" data-id=\"5158cbfc\" data-element_type=\"widget\" data-settings=\"{&quot;_transform_scale_effect_hover&quot;:{&quot;unit&quot;:&quot;px&quot;,&quot;size&quot;:1.020000000000000017763568394002504646778106689453125,&quot;sizes&quot;:[]},&quot;_transform_scale_effect_hover_widescreen&quot;:{&quot;unit&quot;:&quot;px&quot;,&quot;size&quot;:&quot;&quot;,&quot;sizes&quot;:[]},&quot;_transform_scale_effect_hover_laptop&quot;:{&quot;unit&quot;:&quot;px&quot;,&quot;size&quot;:&quot;&quot;,&quot;sizes&quot;:[]},&quot;_transform_scale_effect_hover_tablet&quot;:{&quot;unit&quot;:&quot;px&quot;,&quot;size&quot;:&quot;&quot;,&quot;sizes&quot;:[]},&quot;_transform_scale_effect_hover_mobile&quot;:{&quot;unit&quot;:&quot;px&quot;,&quot;size&quot;:&quot;&quot;,&quot;sizes&quot;:[]}}\" data-widget_type=\"image.default\">\n\t\t\t\t\t\t\t\t\t\t\t\t\t\t\t<img decoding=\"async\" width=\"1365\" height=\"2048\" src=\"https:\/\/forstunternehmer.ch\/wp-content\/uploads\/2025\/02\/Remo.jpg\" class=\"attachment-full size-full wp-image-1392\" alt=\"\" srcset=\"https:\/\/forstunternehmer.ch\/wp-content\/uploads\/2025\/02\/Remo.jpg 1365w, https:\/\/forstunternehmer.ch\/wp-content\/uploads\/2025\/02\/Remo-200x300.jpg 200w, https:\/\/forstunternehmer.ch\/wp-content\/uploads\/2025\/02\/Remo-683x1024.jpg 683w, https:\/\/forstunternehmer.ch\/wp-content\/uploads\/2025\/02\/Remo-768x1152.jpg 768w, https:\/\/forstunternehmer.ch\/wp-content\/uploads\/2025\/02\/Remo-1024x1536.jpg 1024w, https:\/\/forstunternehmer.ch\/wp-content\/uploads\/2025\/02\/Remo-8x12.jpg 8w\" sizes=\"(max-width: 1365px) 100vw, 1365px\" \/>\t\t\t\t\t\t\t\t\t\t\t\t\t\t\t<\/div>\n\t\t\t\t<\/div>\n\t\t\t\t<\/div>\n\t\t\t\t<div class=\"elementor-element elementor-element-3e2b7e2f elementor-widget elementor-widget-icon-box\" data-id=\"3e2b7e2f\" data-element_type=\"widget\" data-widget_type=\"icon-box.default\">\n\t\t\t\t\t\t\t<div class=\"elementor-icon-box-wrapper\">\n\n\t\t\t\n\t\t\t\t\t\t<div class=\"elementor-icon-box-content\">\n\n\t\t\t\t\t\t\t\t\t<h6 class=\"elementor-icon-box-title\">\n\t\t\t\t\t\t<span  >\n\t\t\t\t\t\t\tRemo Ab\u00e4cherli, vice-pr\u00e9sident\t\t\t\t\t\t<\/span>\n\t\t\t\t\t<\/h6>\n\t\t\t\t\n\t\t\t\t\t\t\t\t\t<p class=\"elementor-icon-box-description\">\n\t\t\t\t\t\t6074 Giswil\t\t\t\t\t<\/p>\n\t\t\t\t\n\t\t\t<\/div>\n\t\t\t\n\t\t<\/div>\n\t\t\t\t\t\t<\/div>\n\t\t\t\t<\/div>\n\t\t<div class=\"elementor-element elementor-element-0b9b508 e-con-full animated-fast e-flex elementor-invisible e-con e-child\" data-id=\"0b9b508\" data-element_type=\"container\" data-settings=\"{&quot;animation&quot;:&quot;fadeIn&quot;,&quot;animation_delay&quot;:750}\">\n\t\t<div class=\"elementor-element elementor-element-c97c5f4 e-con-full e-flex e-con e-child\" data-id=\"c97c5f4\" data-element_type=\"container\">\n\t\t<div class=\"elementor-element elementor-element-0e51cdf e-con-full e-flex e-con e-child\" data-id=\"0e51cdf\" data-element_type=\"container\">\n\t\t\t\t<div class=\"elementor-element elementor-element-cd78595 e-transform elementor-widget elementor-widget-image\" data-id=\"cd78595\" data-element_type=\"widget\" data-settings=\"{&quot;_transform_scale_effect_hover&quot;:{&quot;unit&quot;:&quot;px&quot;,&quot;size&quot;:1.020000000000000017763568394002504646778106689453125,&quot;sizes&quot;:[]},&quot;_transform_scale_effect_hover_widescreen&quot;:{&quot;unit&quot;:&quot;px&quot;,&quot;size&quot;:&quot;&quot;,&quot;sizes&quot;:[]},&quot;_transform_scale_effect_hover_laptop&quot;:{&quot;unit&quot;:&quot;px&quot;,&quot;size&quot;:&quot;&quot;,&quot;sizes&quot;:[]},&quot;_transform_scale_effect_hover_tablet&quot;:{&quot;unit&quot;:&quot;px&quot;,&quot;size&quot;:&quot;&quot;,&quot;sizes&quot;:[]},&quot;_transform_scale_effect_hover_mobile&quot;:{&quot;unit&quot;:&quot;px&quot;,&quot;size&quot;:&quot;&quot;,&quot;sizes&quot;:[]}}\" data-widget_type=\"image.default\">\n\t\t\t\t\t\t\t\t\t\t\t\t\t\t\t<img decoding=\"async\" width=\"1365\" height=\"2048\" src=\"https:\/\/forstunternehmer.ch\/wp-content\/uploads\/2025\/02\/Bruno.jpg\" class=\"attachment-full size-full wp-image-1395\" alt=\"\" srcset=\"https:\/\/forstunternehmer.ch\/wp-content\/uploads\/2025\/02\/Bruno.jpg 1365w, https:\/\/forstunternehmer.ch\/wp-content\/uploads\/2025\/02\/Bruno-200x300.jpg 200w, https:\/\/forstunternehmer.ch\/wp-content\/uploads\/2025\/02\/Bruno-683x1024.jpg 683w, https:\/\/forstunternehmer.ch\/wp-content\/uploads\/2025\/02\/Bruno-768x1152.jpg 768w, https:\/\/forstunternehmer.ch\/wp-content\/uploads\/2025\/02\/Bruno-1024x1536.jpg 1024w, https:\/\/forstunternehmer.ch\/wp-content\/uploads\/2025\/02\/Bruno-8x12.jpg 8w\" sizes=\"(max-width: 1365px) 100vw, 1365px\" \/>\t\t\t\t\t\t\t\t\t\t\t\t\t\t\t<\/div>\n\t\t\t\t<\/div>\n\t\t\t\t<\/div>\n\t\t\t\t<div class=\"elementor-element elementor-element-765bd74 elementor-widget elementor-widget-icon-box\" data-id=\"765bd74\" data-element_type=\"widget\" data-widget_type=\"icon-box.default\">\n\t\t\t\t\t\t\t<div class=\"elementor-icon-box-wrapper\">\n\n\t\t\t\n\t\t\t\t\t\t<div class=\"elementor-icon-box-content\">\n\n\t\t\t\t\t\t\t\t\t<h6 class=\"elementor-icon-box-title\">\n\t\t\t\t\t\t<span  >\n\t\t\t\t\t\t\tBruno Tr\u00fcb\t\t\t\t\t\t<\/span>\n\t\t\t\t\t<\/h6>\n\t\t\t\t\n\t\t\t\t\t\t\t\t\t<p class=\"elementor-icon-box-description\">\n\t\t\t\t\t\t8254 Basadingen\t\t\t\t\t<\/p>\n\t\t\t\t\n\t\t\t<\/div>\n\t\t\t\n\t\t<\/div>\n\t\t\t\t\t\t<\/div>\n\t\t\t\t<\/div>\n\t\t\t\t\t<\/div>\n\t\t\t\t<\/div>\n\t\t<div class=\"elementor-element elementor-element-2da03c0 e-grid e-con-full elementor-invisible e-con e-child\" data-id=\"2da03c0\" data-element_type=\"container\" data-settings=\"{&quot;animation&quot;:&quot;slideInUp&quot;}\">\n\t\t<div class=\"elementor-element elementor-element-307eee5 e-con-full animated-fast e-flex elementor-invisible e-con e-child\" data-id=\"307eee5\" data-element_type=\"container\" data-settings=\"{&quot;animation&quot;:&quot;fadeIn&quot;,&quot;animation_delay&quot;:750}\">\n\t\t<div class=\"elementor-element elementor-element-b73fd15 e-con-full e-flex e-con e-child\" data-id=\"b73fd15\" data-element_type=\"container\">\n\t\t<div class=\"elementor-element elementor-element-c7dd8c8 e-con-full e-flex e-con e-child\" data-id=\"c7dd8c8\" data-element_type=\"container\">\n\t\t\t\t<div class=\"elementor-element elementor-element-00640ce e-transform elementor-widget elementor-widget-image\" data-id=\"00640ce\" data-element_type=\"widget\" data-settings=\"{&quot;_transform_scale_effect_hover&quot;:{&quot;unit&quot;:&quot;px&quot;,&quot;size&quot;:1.020000000000000017763568394002504646778106689453125,&quot;sizes&quot;:[]},&quot;_transform_scale_effect_hover_widescreen&quot;:{&quot;unit&quot;:&quot;px&quot;,&quot;size&quot;:&quot;&quot;,&quot;sizes&quot;:[]},&quot;_transform_scale_effect_hover_laptop&quot;:{&quot;unit&quot;:&quot;px&quot;,&quot;size&quot;:&quot;&quot;,&quot;sizes&quot;:[]},&quot;_transform_scale_effect_hover_tablet&quot;:{&quot;unit&quot;:&quot;px&quot;,&quot;size&quot;:&quot;&quot;,&quot;sizes&quot;:[]},&quot;_transform_scale_effect_hover_mobile&quot;:{&quot;unit&quot;:&quot;px&quot;,&quot;size&quot;:&quot;&quot;,&quot;sizes&quot;:[]}}\" data-widget_type=\"image.default\">\n\t\t\t\t\t\t\t\t\t\t\t\t\t\t\t<img loading=\"lazy\" decoding=\"async\" width=\"1707\" height=\"2560\" src=\"https:\/\/forstunternehmer.ch\/wp-content\/uploads\/2025\/02\/Andria-scaled.jpg\" class=\"attachment-full size-full wp-image-1391\" alt=\"\" srcset=\"https:\/\/forstunternehmer.ch\/wp-content\/uploads\/2025\/02\/Andria-scaled.jpg 1707w, https:\/\/forstunternehmer.ch\/wp-content\/uploads\/2025\/02\/Andria-200x300.jpg 200w, https:\/\/forstunternehmer.ch\/wp-content\/uploads\/2025\/02\/Andria-683x1024.jpg 683w, https:\/\/forstunternehmer.ch\/wp-content\/uploads\/2025\/02\/Andria-768x1152.jpg 768w, https:\/\/forstunternehmer.ch\/wp-content\/uploads\/2025\/02\/Andria-1024x1536.jpg 1024w, https:\/\/forstunternehmer.ch\/wp-content\/uploads\/2025\/02\/Andria-1365x2048.jpg 1365w, https:\/\/forstunternehmer.ch\/wp-content\/uploads\/2025\/02\/Andria-8x12.jpg 8w\" sizes=\"(max-width: 1707px) 100vw, 1707px\" \/>\t\t\t\t\t\t\t\t\t\t\t\t\t\t\t<\/div>\n\t\t\t\t<\/div>\n\t\t\t\t<\/div>\n\t\t\t\t<div class=\"elementor-element elementor-element-f32b546 elementor-widget elementor-widget-icon-box\" data-id=\"f32b546\" data-element_type=\"widget\" data-widget_type=\"icon-box.default\">\n\t\t\t\t\t\t\t<div class=\"elementor-icon-box-wrapper\">\n\n\t\t\t\n\t\t\t\t\t\t<div class=\"elementor-icon-box-content\">\n\n\t\t\t\t\t\t\t\t\t<h6 class=\"elementor-icon-box-title\">\n\t\t\t\t\t\t<span  >\n\t\t\t\t\t\t\tAndrea Florinett\t\t\t\t\t\t<\/span>\n\t\t\t\t\t<\/h6>\n\t\t\t\t\n\t\t\t\t\t\t\t\t\t<p class=\"elementor-icon-box-description\">\n\t\t\t\t\t\t7482 Berg\u00fcn\t\t\t\t\t<\/p>\n\t\t\t\t\n\t\t\t<\/div>\n\t\t\t\n\t\t<\/div>\n\t\t\t\t\t\t<\/div>\n\t\t\t\t<\/div>\n\t\t<div class=\"elementor-element elementor-element-027d91e e-con-full animated-fast e-flex elementor-invisible e-con e-child\" data-id=\"027d91e\" data-element_type=\"container\" data-settings=\"{&quot;animation&quot;:&quot;fadeIn&quot;,&quot;animation_delay&quot;:1000}\">\n\t\t<div class=\"elementor-element elementor-element-fd78401 e-con-full e-flex e-con e-child\" data-id=\"fd78401\" data-element_type=\"container\">\n\t\t<div class=\"elementor-element elementor-element-cf88fa6 e-con-full e-flex e-con e-child\" data-id=\"cf88fa6\" data-element_type=\"container\">\n\t\t\t\t<div class=\"elementor-element elementor-element-dc3e59d e-transform elementor-widget elementor-widget-image\" data-id=\"dc3e59d\" data-element_type=\"widget\" data-settings=\"{&quot;_transform_scale_effect_hover&quot;:{&quot;unit&quot;:&quot;px&quot;,&quot;size&quot;:1.020000000000000017763568394002504646778106689453125,&quot;sizes&quot;:[]},&quot;_transform_scale_effect_hover_widescreen&quot;:{&quot;unit&quot;:&quot;px&quot;,&quot;size&quot;:&quot;&quot;,&quot;sizes&quot;:[]},&quot;_transform_scale_effect_hover_laptop&quot;:{&quot;unit&quot;:&quot;px&quot;,&quot;size&quot;:&quot;&quot;,&quot;sizes&quot;:[]},&quot;_transform_scale_effect_hover_tablet&quot;:{&quot;unit&quot;:&quot;px&quot;,&quot;size&quot;:&quot;&quot;,&quot;sizes&quot;:[]},&quot;_transform_scale_effect_hover_mobile&quot;:{&quot;unit&quot;:&quot;px&quot;,&quot;size&quot;:&quot;&quot;,&quot;sizes&quot;:[]}}\" data-widget_type=\"image.default\">\n\t\t\t\t\t\t\t\t\t\t\t\t\t\t\t<img loading=\"lazy\" decoding=\"async\" width=\"1365\" height=\"2048\" src=\"https:\/\/forstunternehmer.ch\/wp-content\/uploads\/2025\/02\/Samuel.jpg\" class=\"attachment-full size-full wp-image-1394\" alt=\"\" srcset=\"https:\/\/forstunternehmer.ch\/wp-content\/uploads\/2025\/02\/Samuel.jpg 1365w, https:\/\/forstunternehmer.ch\/wp-content\/uploads\/2025\/02\/Samuel-200x300.jpg 200w, https:\/\/forstunternehmer.ch\/wp-content\/uploads\/2025\/02\/Samuel-683x1024.jpg 683w, https:\/\/forstunternehmer.ch\/wp-content\/uploads\/2025\/02\/Samuel-768x1152.jpg 768w, https:\/\/forstunternehmer.ch\/wp-content\/uploads\/2025\/02\/Samuel-1024x1536.jpg 1024w, https:\/\/forstunternehmer.ch\/wp-content\/uploads\/2025\/02\/Samuel-8x12.jpg 8w\" sizes=\"(max-width: 1365px) 100vw, 1365px\" \/>\t\t\t\t\t\t\t\t\t\t\t\t\t\t\t<\/div>\n\t\t\t\t<\/div>\n\t\t\t\t<\/div>\n\t\t\t\t<div class=\"elementor-element elementor-element-d95cdb9 elementor-widget elementor-widget-icon-box\" data-id=\"d95cdb9\" data-element_type=\"widget\" data-widget_type=\"icon-box.default\">\n\t\t\t\t\t\t\t<div class=\"elementor-icon-box-wrapper\">\n\n\t\t\t\n\t\t\t\t\t\t<div class=\"elementor-icon-box-content\">\n\n\t\t\t\t\t\t\t\t\t<h6 class=\"elementor-icon-box-title\">\n\t\t\t\t\t\t<span  >\n\t\t\t\t\t\t\tSamuel Jenni\t\t\t\t\t\t<\/span>\n\t\t\t\t\t<\/h6>\n\t\t\t\t\n\t\t\t\t\t\t\t\t\t<p class=\"elementor-icon-box-description\">\n\t\t\t\t\t\t4457 Diegten\t\t\t\t\t<\/p>\n\t\t\t\t\n\t\t\t<\/div>\n\t\t\t\n\t\t<\/div>\n\t\t\t\t\t\t<\/div>\n\t\t\t\t<\/div>\n\t\t<div class=\"elementor-element elementor-element-a568234 e-con-full animated-fast e-flex elementor-invisible e-con e-child\" data-id=\"a568234\" data-element_type=\"container\" data-settings=\"{&quot;animation&quot;:&quot;fadeIn&quot;,&quot;animation_delay&quot;:1250}\">\n\t\t<div class=\"elementor-element elementor-element-c173297 e-con-full e-flex e-con e-child\" data-id=\"c173297\" data-element_type=\"container\">\n\t\t<div class=\"elementor-element elementor-element-12cad0e e-con-full e-flex e-con e-child\" data-id=\"12cad0e\" data-element_type=\"container\">\n\t\t\t\t<div class=\"elementor-element elementor-element-ab5c1ef e-transform elementor-widget elementor-widget-image\" data-id=\"ab5c1ef\" data-element_type=\"widget\" data-settings=\"{&quot;_transform_scale_effect_hover&quot;:{&quot;unit&quot;:&quot;px&quot;,&quot;size&quot;:1.020000000000000017763568394002504646778106689453125,&quot;sizes&quot;:[]},&quot;_transform_scale_effect_hover_widescreen&quot;:{&quot;unit&quot;:&quot;px&quot;,&quot;size&quot;:&quot;&quot;,&quot;sizes&quot;:[]},&quot;_transform_scale_effect_hover_laptop&quot;:{&quot;unit&quot;:&quot;px&quot;,&quot;size&quot;:&quot;&quot;,&quot;sizes&quot;:[]},&quot;_transform_scale_effect_hover_tablet&quot;:{&quot;unit&quot;:&quot;px&quot;,&quot;size&quot;:&quot;&quot;,&quot;sizes&quot;:[]},&quot;_transform_scale_effect_hover_mobile&quot;:{&quot;unit&quot;:&quot;px&quot;,&quot;size&quot;:&quot;&quot;,&quot;sizes&quot;:[]}}\" data-widget_type=\"image.default\">\n\t\t\t\t\t\t\t\t\t\t\t\t\t\t\t<img loading=\"lazy\" decoding=\"async\" width=\"1365\" height=\"2048\" src=\"https:\/\/forstunternehmer.ch\/wp-content\/uploads\/2025\/02\/Matias.jpg\" class=\"attachment-full size-full wp-image-1396\" alt=\"\" srcset=\"https:\/\/forstunternehmer.ch\/wp-content\/uploads\/2025\/02\/Matias.jpg 1365w, https:\/\/forstunternehmer.ch\/wp-content\/uploads\/2025\/02\/Matias-200x300.jpg 200w, https:\/\/forstunternehmer.ch\/wp-content\/uploads\/2025\/02\/Matias-683x1024.jpg 683w, https:\/\/forstunternehmer.ch\/wp-content\/uploads\/2025\/02\/Matias-768x1152.jpg 768w, https:\/\/forstunternehmer.ch\/wp-content\/uploads\/2025\/02\/Matias-1024x1536.jpg 1024w, https:\/\/forstunternehmer.ch\/wp-content\/uploads\/2025\/02\/Matias-8x12.jpg 8w\" sizes=\"(max-width: 1365px) 100vw, 1365px\" \/>\t\t\t\t\t\t\t\t\t\t\t\t\t\t\t<\/div>\n\t\t\t\t<\/div>\n\t\t\t\t<\/div>\n\t\t\t\t<div class=\"elementor-element elementor-element-bc95c80 elementor-widget elementor-widget-icon-box\" data-id=\"bc95c80\" data-element_type=\"widget\" data-widget_type=\"icon-box.default\">\n\t\t\t\t\t\t\t<div class=\"elementor-icon-box-wrapper\">\n\n\t\t\t\n\t\t\t\t\t\t<div class=\"elementor-icon-box-content\">\n\n\t\t\t\t\t\t\t\t\t<h6 class=\"elementor-icon-box-title\">\n\t\t\t\t\t\t<span  >\n\t\t\t\t\t\t\tMatthias Meier\t\t\t\t\t\t<\/span>\n\t\t\t\t\t<\/h6>\n\t\t\t\t\n\t\t\t\t\t\t\t\t\t<p class=\"elementor-icon-box-description\">\n\t\t\t\t\t\t3267 Seedorf\t\t\t\t\t<\/p>\n\t\t\t\t\n\t\t\t<\/div>\n\t\t\t\n\t\t<\/div>\n\t\t\t\t\t\t<\/div>\n\t\t\t\t<\/div>\n\t\t\t\t<\/div>\n\t\t<div class=\"elementor-element elementor-element-671bade e-grid e-con-full elementor-invisible e-con e-child\" data-id=\"671bade\" data-element_type=\"container\" data-settings=\"{&quot;animation&quot;:&quot;slideInUp&quot;}\">\n\t\t<div class=\"elementor-element elementor-element-63052a5a e-con-full animated-fast e-flex elementor-invisible e-con e-child\" data-id=\"63052a5a\" data-element_type=\"container\" data-settings=\"{&quot;animation&quot;:&quot;fadeIn&quot;,&quot;animation_delay&quot;:1250}\">\n\t\t<div class=\"elementor-element elementor-element-239b9185 e-con-full e-flex e-con e-child\" data-id=\"239b9185\" data-element_type=\"container\">\n\t\t<div class=\"elementor-element elementor-element-15ce539a e-con-full e-flex e-con e-child\" data-id=\"15ce539a\" data-element_type=\"container\">\n\t\t\t\t<div class=\"elementor-element elementor-element-110651ba e-transform elementor-widget elementor-widget-image\" data-id=\"110651ba\" data-element_type=\"widget\" data-settings=\"{&quot;_transform_scale_effect_hover&quot;:{&quot;unit&quot;:&quot;px&quot;,&quot;size&quot;:1.020000000000000017763568394002504646778106689453125,&quot;sizes&quot;:[]},&quot;_transform_scale_effect_hover_widescreen&quot;:{&quot;unit&quot;:&quot;px&quot;,&quot;size&quot;:&quot;&quot;,&quot;sizes&quot;:[]},&quot;_transform_scale_effect_hover_laptop&quot;:{&quot;unit&quot;:&quot;px&quot;,&quot;size&quot;:&quot;&quot;,&quot;sizes&quot;:[]},&quot;_transform_scale_effect_hover_tablet&quot;:{&quot;unit&quot;:&quot;px&quot;,&quot;size&quot;:&quot;&quot;,&quot;sizes&quot;:[]},&quot;_transform_scale_effect_hover_mobile&quot;:{&quot;unit&quot;:&quot;px&quot;,&quot;size&quot;:&quot;&quot;,&quot;sizes&quot;:[]}}\" data-widget_type=\"image.default\">\n\t\t\t\t\t\t\t\t\t\t\t\t\t\t\t<img decoding=\"async\" src=\"https:\/\/forstunternehmer.ch\/wp-content\/uploads\/elementor\/thumbs\/human-silus-r0tkurki8mzuzqyfq4kp6d9bhsvihe4g84zmcyuuq4.png\" title=\"human-silus.png\" alt=\"human-silus.png\" loading=\"lazy\" \/>\t\t\t\t\t\t\t\t\t\t\t\t\t\t\t<\/div>\n\t\t\t\t<\/div>\n\t\t\t\t<\/div>\n\t\t\t\t<div class=\"elementor-element elementor-element-7529fa7d elementor-widget elementor-widget-icon-box\" data-id=\"7529fa7d\" data-element_type=\"widget\" data-widget_type=\"icon-box.default\">\n\t\t\t\t\t\t\t<div class=\"elementor-icon-box-wrapper\">\n\n\t\t\t\n\t\t\t\t\t\t<div class=\"elementor-icon-box-content\">\n\n\t\t\t\t\t\t\t\t\t<h6 class=\"elementor-icon-box-title\">\n\t\t\t\t\t\t<span  >\n\t\t\t\t\t\t\tBenjamin Bachmann\t\t\t\t\t\t<\/span>\n\t\t\t\t\t<\/h6>\n\t\t\t\t\n\t\t\t\t\t\t\t\t\t<p class=\"elementor-icon-box-description\">\n\t\t\t\t\t\t8362 Balterswil\t\t\t\t\t<\/p>\n\t\t\t\t\n\t\t\t<\/div>\n\t\t\t\n\t\t<\/div>\n\t\t\t\t\t\t<\/div>\n\t\t\t\t<\/div>\n\t\t\t\t<\/div>\n\t\t\t\t\t<\/div>\n\t\t\t\t<\/div>\n\t\t<div class=\"elementor-element elementor-element-37c2ecd2 e-flex e-con-boxed e-con e-parent\" data-id=\"37c2ecd2\" data-element_type=\"container\" data-settings=\"{&quot;background_background&quot;:&quot;classic&quot;}\">\n\t\t\t\t\t<div class=\"e-con-inner\">\n\t\t<div class=\"elementor-element elementor-element-9c68b66 e-con-full animated-fast e-flex elementor-invisible e-con e-child\" data-id=\"9c68b66\" data-element_type=\"container\" data-settings=\"{&quot;animation&quot;:&quot;fadeIn&quot;,&quot;animation_delay&quot;:500}\">\n\t\t\t\t<div class=\"elementor-element elementor-element-47cf5e5 elementor-invisible elementor-widget elementor-widget-heading\" data-id=\"47cf5e5\" data-element_type=\"widget\" data-settings=\"{&quot;_animation&quot;:&quot;fadeInUp&quot;}\" data-widget_type=\"heading.default\">\n\t\t\t\t\t<h1 class=\"elementor-heading-title elementor-size-default\">Bureau<\/h1>\t\t\t\t<\/div>\n\t\t<div class=\"elementor-element elementor-element-ee6515e e-con-full e-flex e-con e-child\" data-id=\"ee6515e\" data-element_type=\"container\">\n\t\t\t\t<div class=\"elementor-element elementor-element-956eef5 elementor-widget elementor-widget-button\" data-id=\"956eef5\" data-element_type=\"widget\" data-widget_type=\"button.default\">\n\t\t\t\t\t\t\t\t\t\t<a class=\"elementor-button elementor-button-link elementor-size-sm\" href=\"https:\/\/forstunternehmer.ch\/wp-content\/uploads\/2026\/03\/EFS_Statuts_Cotisations_2025.pdf\" target=\"_blank\">\n\t\t\t\t\t\t<span class=\"elementor-button-content-wrapper\">\n\t\t\t\t\t\t\t\t\t<span class=\"elementor-button-text\">Statuts<\/span>\n\t\t\t\t\t<\/span>\n\t\t\t\t\t<\/a>\n\t\t\t\t\t\t\t\t<\/div>\n\t\t\t\t<div class=\"elementor-element elementor-element-c63242b elementor-widget elementor-widget-button\" data-id=\"c63242b\" data-element_type=\"widget\" data-widget_type=\"button.default\">\n\t\t\t\t\t\t\t\t\t\t<a class=\"elementor-button elementor-button-link elementor-size-sm\" href=\"https:\/\/forstunternehmer.ch\/wp-content\/uploads\/2025\/05\/Jahresbericht-2024-FR_v2.pdf\" target=\"_blank\">\n\t\t\t\t\t\t<span class=\"elementor-button-content-wrapper\">\n\t\t\t\t\t\t\t\t\t<span class=\"elementor-button-text\">Rapport annuel<\/span>\n\t\t\t\t\t<\/span>\n\t\t\t\t\t<\/a>\n\t\t\t\t\t\t\t\t<\/div>\n\t\t\t\t<\/div>\n\t\t\t\t<\/div>\n\t\t<div class=\"elementor-element elementor-element-136f38a e-grid e-con-full e-con e-child\" data-id=\"136f38a\" data-element_type=\"container\">\n\t\t<div class=\"elementor-element elementor-element-7936719 e-con-full animated-fast e-flex elementor-invisible e-con e-child\" data-id=\"7936719\" data-element_type=\"container\" data-settings=\"{&quot;animation&quot;:&quot;fadeIn&quot;,&quot;animation_delay&quot;:1250}\">\n\t\t<div class=\"elementor-element elementor-element-b76413b e-con-full e-flex e-con e-child\" data-id=\"b76413b\" data-element_type=\"container\">\n\t\t<div class=\"elementor-element elementor-element-1be475a e-con-full e-flex e-con e-child\" data-id=\"1be475a\" data-element_type=\"container\">\n\t\t\t\t<div class=\"elementor-element elementor-element-bab9b42 e-transform elementor-widget elementor-widget-image\" data-id=\"bab9b42\" data-element_type=\"widget\" data-settings=\"{&quot;_transform_scale_effect_hover&quot;:{&quot;unit&quot;:&quot;px&quot;,&quot;size&quot;:1.020000000000000017763568394002504646778106689453125,&quot;sizes&quot;:[]},&quot;_transform_scale_effect_hover_widescreen&quot;:{&quot;unit&quot;:&quot;px&quot;,&quot;size&quot;:&quot;&quot;,&quot;sizes&quot;:[]},&quot;_transform_scale_effect_hover_laptop&quot;:{&quot;unit&quot;:&quot;px&quot;,&quot;size&quot;:&quot;&quot;,&quot;sizes&quot;:[]},&quot;_transform_scale_effect_hover_tablet&quot;:{&quot;unit&quot;:&quot;px&quot;,&quot;size&quot;:&quot;&quot;,&quot;sizes&quot;:[]},&quot;_transform_scale_effect_hover_mobile&quot;:{&quot;unit&quot;:&quot;px&quot;,&quot;size&quot;:&quot;&quot;,&quot;sizes&quot;:[]}}\" data-widget_type=\"image.default\">\n\t\t\t\t\t\t\t\t\t\t\t\t\t\t\t<img decoding=\"async\" src=\"https:\/\/forstunternehmer.ch\/wp-content\/uploads\/elementor\/thumbs\/Roland-2-scaled-r21657gxd7mln1mlv5rrj6xru6yoaz52tnvl1lzjkm.jpg\" title=\"Roland\" alt=\"Roland\" loading=\"lazy\" \/>\t\t\t\t\t\t\t\t\t\t\t\t\t\t\t<\/div>\n\t\t\t\t<\/div>\n\t\t\t\t<\/div>\n\t\t\t\t<div class=\"elementor-element elementor-element-f1e812a elementor-widget elementor-widget-icon-box\" data-id=\"f1e812a\" data-element_type=\"widget\" data-widget_type=\"icon-box.default\">\n\t\t\t\t\t\t\t<div class=\"elementor-icon-box-wrapper\">\n\n\t\t\t\n\t\t\t\t\t\t<div class=\"elementor-icon-box-content\">\n\n\t\t\t\t\t\t\t\t\t<h6 class=\"elementor-icon-box-title\">\n\t\t\t\t\t\t<span  >\n\t\t\t\t\t\t\tDirecteur g\u00e9n\u00e9ral, Roland Furrer\t\t\t\t\t\t<\/span>\n\t\t\t\t\t<\/h6>\n\t\t\t\t\n\t\t\t\t\t\t\t\t\t<p class=\"elementor-icon-box-description\">\n\t\t\t\t\t\t3000 Berne 6\t\t\t\t\t<\/p>\n\t\t\t\t\n\t\t\t<\/div>\n\t\t\t\n\t\t<\/div>\n\t\t\t\t\t\t<\/div>\n\t\t\t\t<\/div>\n\t\t<div class=\"elementor-element elementor-element-750b961 e-con-full animated-fast e-flex elementor-invisible e-con e-child\" data-id=\"750b961\" data-element_type=\"container\" data-settings=\"{&quot;animation&quot;:&quot;fadeIn&quot;,&quot;animation_delay&quot;:1250}\">\n\t\t<div class=\"elementor-element elementor-element-3ecb743 e-con-full e-flex e-con e-child\" data-id=\"3ecb743\" data-element_type=\"container\">\n\t\t<div class=\"elementor-element elementor-element-13b3dcb e-con-full e-flex e-con e-child\" data-id=\"13b3dcb\" data-element_type=\"container\">\n\t\t\t\t<div class=\"elementor-element elementor-element-865c012 e-transform elementor-widget elementor-widget-image\" data-id=\"865c012\" data-element_type=\"widget\" data-settings=\"{&quot;_transform_scale_effect_hover&quot;:{&quot;unit&quot;:&quot;px&quot;,&quot;size&quot;:1.020000000000000017763568394002504646778106689453125,&quot;sizes&quot;:[]},&quot;_transform_scale_effect_hover_widescreen&quot;:{&quot;unit&quot;:&quot;px&quot;,&quot;size&quot;:&quot;&quot;,&quot;sizes&quot;:[]},&quot;_transform_scale_effect_hover_laptop&quot;:{&quot;unit&quot;:&quot;px&quot;,&quot;size&quot;:&quot;&quot;,&quot;sizes&quot;:[]},&quot;_transform_scale_effect_hover_tablet&quot;:{&quot;unit&quot;:&quot;px&quot;,&quot;size&quot;:&quot;&quot;,&quot;sizes&quot;:[]},&quot;_transform_scale_effect_hover_mobile&quot;:{&quot;unit&quot;:&quot;px&quot;,&quot;size&quot;:&quot;&quot;,&quot;sizes&quot;:[]}}\" data-widget_type=\"image.default\">\n\t\t\t\t\t\t\t\t\t\t\t\t\t\t\t<img loading=\"lazy\" decoding=\"async\" width=\"832\" height=\"1248\" src=\"https:\/\/forstunternehmer.ch\/wp-content\/uploads\/2025\/09\/Generated-Image-September-01-2025-11_38AM.jpeg\" class=\"attachment-full size-full wp-image-2135\" alt=\"\" srcset=\"https:\/\/forstunternehmer.ch\/wp-content\/uploads\/2025\/09\/Generated-Image-September-01-2025-11_38AM.jpeg 832w, https:\/\/forstunternehmer.ch\/wp-content\/uploads\/2025\/09\/Generated-Image-September-01-2025-11_38AM-200x300.jpeg 200w, https:\/\/forstunternehmer.ch\/wp-content\/uploads\/2025\/09\/Generated-Image-September-01-2025-11_38AM-683x1024.jpeg 683w, https:\/\/forstunternehmer.ch\/wp-content\/uploads\/2025\/09\/Generated-Image-September-01-2025-11_38AM-768x1152.jpeg 768w, https:\/\/forstunternehmer.ch\/wp-content\/uploads\/2025\/09\/Generated-Image-September-01-2025-11_38AM-8x12.jpeg 8w\" sizes=\"(max-width: 832px) 100vw, 832px\" \/>\t\t\t\t\t\t\t\t\t\t\t\t\t\t\t<\/div>\n\t\t\t\t<\/div>\n\t\t\t\t<\/div>\n\t\t\t\t<div class=\"elementor-element elementor-element-500cd07 elementor-widget elementor-widget-icon-box\" data-id=\"500cd07\" data-element_type=\"widget\" data-widget_type=\"icon-box.default\">\n\t\t\t\t\t\t\t<div class=\"elementor-icon-box-wrapper\">\n\n\t\t\t\n\t\t\t\t\t\t<div class=\"elementor-icon-box-content\">\n\n\t\t\t\t\t\t\t\t\t<h6 class=\"elementor-icon-box-title\">\n\t\t\t\t\t\t<span  >\n\t\t\t\t\t\t\tDirection administrative, Judith Dreier\t\t\t\t\t\t<\/span>\n\t\t\t\t\t<\/h6>\n\t\t\t\t\n\t\t\t\t\t\t\t\t\t<p class=\"elementor-icon-box-description\">\n\t\t\t\t\t\t3000 Berne 6\t\t\t\t\t<\/p>\n\t\t\t\t\n\t\t\t<\/div>\n\t\t\t\n\t\t<\/div>\n\t\t\t\t\t\t<\/div>\n\t\t\t\t<\/div>\n\t\t\t\t<\/div>\n\t\t\t\t\t<\/div>\n\t\t\t\t<\/div>\n\t\t<div class=\"elementor-element elementor-element-6b05a0f e-flex e-con-boxed e-con e-parent\" data-id=\"6b05a0f\" data-element_type=\"container\">\n\t\t\t\t\t<div class=\"e-con-inner\">\n\t\t\t\t\t<\/div>\n\t\t\t\t<\/div>\n\t\t\t\t<\/div>","protected":false},"excerpt":{"rendered":"<p>Vorstand Yvan Pahud, Pr\u00e4sident 1450 Sainte-Croix Remo Ab\u00e4cherli, Vize-Pr\u00e4sident 6074 Giswil Bruno Tr\u00fcb 8254 Basadingen Andrea Florinett\u200b 7482 Berg\u00fcn Samuel Jenni 4457 Diegten Matthias Meier 3267 Seedorf Benjamin Bachmann 8362 Balterswil Gesch\u00e4ftsstelle\u200b Statuten Jahresbericht Gesch\u00e4ftsf\u00fchrer, Roland Furrer 3000 Bern 6 Administrative Leitung, Judith Dreier 3000 Bern 6<\/p>","protected":false},"author":1,"featured_media":0,"parent":0,"menu_order":0,"comment_status":"closed","ping_status":"closed","template":"","meta":{"_acf_changed":false,"footnotes":""},"class_list":["post-1181","page","type-page","status-publish","hentry"],"acf":[],"yoast_head":"<!-- This site is optimized with the Yoast SEO plugin v26.8 - https:\/\/yoast.com\/product\/yoast-seo-wordpress\/ -->\n<title>Organisation Forstunternehmer Schweiz | Waldwirtschaft<\/title>\n<meta name=\"description\" content=\"Die Organisation Forstunternehmer Schweiz vertritt professionelle Forstbetriebe. Erfahren Sie mehr \u00fcber unsere Dienstleistungen und Angebote.\" \/>\n<meta name=\"robots\" content=\"index, follow, max-snippet:-1, max-image-preview:large, max-video-preview:-1\" \/>\n<link rel=\"canonical\" href=\"https:\/\/forstunternehmer.ch\/fr\/organisation\/\" \/>\n<meta property=\"og:locale\" content=\"fr_FR\" \/>\n<meta property=\"og:type\" content=\"article\" \/>\n<meta property=\"og:title\" content=\"Organisation Forstunternehmer Schweiz | Waldwirtschaft\" \/>\n<meta property=\"og:description\" content=\"Die Organisation Forstunternehmer Schweiz vertritt professionelle Forstbetriebe. Erfahren Sie mehr \u00fcber unsere Dienstleistungen und Angebote.\" \/>\n<meta property=\"og:url\" content=\"https:\/\/forstunternehmer.ch\/fr\/organisation\/\" \/>\n<meta property=\"og:site_name\" content=\"Forstunternehmer Schweiz\" \/>\n<meta property=\"article:publisher\" content=\"https:\/\/www.facebook.com\/ForstunternehmerSchweiz\" \/>\n<meta property=\"article:modified_time\" content=\"2026-04-29T16:14:10+00:00\" \/>\n<meta property=\"og:image\" content=\"https:\/\/forstunternehmer.ch\/wp-content\/uploads\/2025\/09\/Generated-Image-September-01-2025-11_37AM.jpeg\" \/>\n<meta name=\"twitter:card\" content=\"summary_large_image\" \/>\n<meta name=\"twitter:label1\" content=\"Dur\u00e9e de lecture estim\u00e9e\" \/>\n\t<meta name=\"twitter:data1\" content=\"1 minute\" \/>\n<script type=\"application\/ld+json\" class=\"yoast-schema-graph\">{\"@context\":\"https:\/\/schema.org\",\"@graph\":[{\"@type\":\"WebPage\",\"@id\":\"https:\/\/forstunternehmer.ch\/organisation\/\",\"url\":\"https:\/\/forstunternehmer.ch\/organisation\/\",\"name\":\"Organisation Forstunternehmer Schweiz | Waldwirtschaft\",\"isPartOf\":{\"@id\":\"https:\/\/forstunternehmer.ch\/#website\"},\"primaryImageOfPage\":{\"@id\":\"https:\/\/forstunternehmer.ch\/organisation\/#primaryimage\"},\"image\":{\"@id\":\"https:\/\/forstunternehmer.ch\/organisation\/#primaryimage\"},\"thumbnailUrl\":\"https:\/\/forstunternehmer.ch\/wp-content\/uploads\/2025\/09\/Generated-Image-September-01-2025-11_37AM.jpeg\",\"datePublished\":\"2025-01-22T15:39:56+00:00\",\"dateModified\":\"2026-04-29T16:14:10+00:00\",\"description\":\"Die Organisation Forstunternehmer Schweiz vertritt professionelle Forstbetriebe. Erfahren Sie mehr \u00fcber unsere Dienstleistungen und Angebote.\",\"breadcrumb\":{\"@id\":\"https:\/\/forstunternehmer.ch\/organisation\/#breadcrumb\"},\"inLanguage\":\"fr-FR\",\"potentialAction\":[{\"@type\":\"ReadAction\",\"target\":[\"https:\/\/forstunternehmer.ch\/organisation\/\"]}]},{\"@type\":\"ImageObject\",\"inLanguage\":\"fr-FR\",\"@id\":\"https:\/\/forstunternehmer.ch\/organisation\/#primaryimage\",\"url\":\"https:\/\/forstunternehmer.ch\/wp-content\/uploads\/2025\/09\/Generated-Image-September-01-2025-11_37AM.jpeg\",\"contentUrl\":\"https:\/\/forstunternehmer.ch\/wp-content\/uploads\/2025\/09\/Generated-Image-September-01-2025-11_37AM.jpeg\"},{\"@type\":\"BreadcrumbList\",\"@id\":\"https:\/\/forstunternehmer.ch\/organisation\/#breadcrumb\",\"itemListElement\":[{\"@type\":\"ListItem\",\"position\":1,\"name\":\"Startseite\",\"item\":\"https:\/\/forstunternehmer.ch\/\"},{\"@type\":\"ListItem\",\"position\":2,\"name\":\"Organisation\"}]},{\"@type\":\"WebSite\",\"@id\":\"https:\/\/forstunternehmer.ch\/#website\",\"url\":\"https:\/\/forstunternehmer.ch\/\",\"name\":\"Forstunternehmer Schweiz\",\"description\":\"Die zuverl\u00e4ssigen Partner in der Holzkette\",\"publisher\":{\"@id\":\"https:\/\/forstunternehmer.ch\/#organization\"},\"potentialAction\":[{\"@type\":\"SearchAction\",\"target\":{\"@type\":\"EntryPoint\",\"urlTemplate\":\"https:\/\/forstunternehmer.ch\/?s={search_term_string}\"},\"query-input\":{\"@type\":\"PropertyValueSpecification\",\"valueRequired\":true,\"valueName\":\"search_term_string\"}}],\"inLanguage\":\"fr-FR\"},{\"@type\":\"Organization\",\"@id\":\"https:\/\/forstunternehmer.ch\/#organization\",\"name\":\"Forstunternehmer Schweiz\",\"url\":\"https:\/\/forstunternehmer.ch\/\",\"logo\":{\"@type\":\"ImageObject\",\"inLanguage\":\"fr-FR\",\"@id\":\"https:\/\/forstunternehmer.ch\/#\/schema\/logo\/image\/\",\"url\":\"https:\/\/forstunternehmer.ch\/wp-content\/uploads\/2024\/10\/01_Primary-Logo_Badgeversion_Forstunternehmer_DE_original_Ausgeruestet.png\",\"contentUrl\":\"https:\/\/forstunternehmer.ch\/wp-content\/uploads\/2024\/10\/01_Primary-Logo_Badgeversion_Forstunternehmer_DE_original_Ausgeruestet.png\",\"width\":2560,\"height\":2560,\"caption\":\"Forstunternehmer Schweiz\"},\"image\":{\"@id\":\"https:\/\/forstunternehmer.ch\/#\/schema\/logo\/image\/\"},\"sameAs\":[\"https:\/\/www.facebook.com\/ForstunternehmerSchweiz\",\"https:\/\/www.linkedin.com\/company\/forstunternehmer-schweiz\/\"]}]}<\/script>\n<!-- \/ Yoast SEO plugin. -->","yoast_head_json":{"title":"Organisation des Entrepreneurs Forestiers Suisse | Economie foresti\u00e8re","description":"L'organisation Entrepreneurs forestiers Suisse repr\u00e9sente des entreprises foresti\u00e8res professionnelles. Apprenez-en plus sur nos services et nos offres.","robots":{"index":"index","follow":"follow","max-snippet":"max-snippet:-1","max-image-preview":"max-image-preview:large","max-video-preview":"max-video-preview:-1"},"canonical":"https:\/\/forstunternehmer.ch\/fr\/organisation\/","og_locale":"fr_FR","og_type":"article","og_title":"Organisation Forstunternehmer Schweiz | Waldwirtschaft","og_description":"Die Organisation Forstunternehmer Schweiz vertritt professionelle Forstbetriebe. Erfahren Sie mehr \u00fcber unsere Dienstleistungen und Angebote.","og_url":"https:\/\/forstunternehmer.ch\/fr\/organisation\/","og_site_name":"Forstunternehmer Schweiz","article_publisher":"https:\/\/www.facebook.com\/ForstunternehmerSchweiz","article_modified_time":"2026-04-29T16:14:10+00:00","og_image":[{"url":"https:\/\/forstunternehmer.ch\/wp-content\/uploads\/2025\/09\/Generated-Image-September-01-2025-11_37AM.jpeg","type":"","width":"","height":""}],"twitter_card":"summary_large_image","twitter_misc":{"Dur\u00e9e de lecture estim\u00e9e":"1 minute"},"schema":{"@context":"https:\/\/schema.org","@graph":[{"@type":"WebPage","@id":"https:\/\/forstunternehmer.ch\/organisation\/","url":"https:\/\/forstunternehmer.ch\/organisation\/","name":"Organisation des Entrepreneurs Forestiers Suisse | Economie foresti\u00e8re","isPartOf":{"@id":"https:\/\/forstunternehmer.ch\/#website"},"primaryImageOfPage":{"@id":"https:\/\/forstunternehmer.ch\/organisation\/#primaryimage"},"image":{"@id":"https:\/\/forstunternehmer.ch\/organisation\/#primaryimage"},"thumbnailUrl":"https:\/\/forstunternehmer.ch\/wp-content\/uploads\/2025\/09\/Generated-Image-September-01-2025-11_37AM.jpeg","datePublished":"2025-01-22T15:39:56+00:00","dateModified":"2026-04-29T16:14:10+00:00","description":"L'organisation Entrepreneurs forestiers Suisse repr\u00e9sente des entreprises foresti\u00e8res professionnelles. Apprenez-en plus sur nos services et nos offres.","breadcrumb":{"@id":"https:\/\/forstunternehmer.ch\/organisation\/#breadcrumb"},"inLanguage":"fr-FR","potentialAction":[{"@type":"ReadAction","target":["https:\/\/forstunternehmer.ch\/organisation\/"]}]},{"@type":"ImageObject","inLanguage":"fr-FR","@id":"https:\/\/forstunternehmer.ch\/organisation\/#primaryimage","url":"https:\/\/forstunternehmer.ch\/wp-content\/uploads\/2025\/09\/Generated-Image-September-01-2025-11_37AM.jpeg","contentUrl":"https:\/\/forstunternehmer.ch\/wp-content\/uploads\/2025\/09\/Generated-Image-September-01-2025-11_37AM.jpeg"},{"@type":"BreadcrumbList","@id":"https:\/\/forstunternehmer.ch\/organisation\/#breadcrumb","itemListElement":[{"@type":"ListItem","position":1,"name":"Startseite","item":"https:\/\/forstunternehmer.ch\/"},{"@type":"ListItem","position":2,"name":"Organisation"}]},{"@type":"WebSite","@id":"https:\/\/forstunternehmer.ch\/#website","url":"https:\/\/forstunternehmer.ch\/","name":"Entrepreneurs forestiers Suisse","description":"Les partenaires fiables de la cha\u00eene du bois","publisher":{"@id":"https:\/\/forstunternehmer.ch\/#organization"},"potentialAction":[{"@type":"SearchAction","target":{"@type":"EntryPoint","urlTemplate":"https:\/\/forstunternehmer.ch\/?s={search_term_string}"},"query-input":{"@type":"PropertyValueSpecification","valueRequired":true,"valueName":"search_term_string"}}],"inLanguage":"fr-FR"},{"@type":"Organization","@id":"https:\/\/forstunternehmer.ch\/#organization","name":"Entrepreneurs forestiers Suisse","url":"https:\/\/forstunternehmer.ch\/","logo":{"@type":"ImageObject","inLanguage":"fr-FR","@id":"https:\/\/forstunternehmer.ch\/#\/schema\/logo\/image\/","url":"https:\/\/forstunternehmer.ch\/wp-content\/uploads\/2024\/10\/01_Primary-Logo_Badgeversion_Forstunternehmer_DE_original_Ausgeruestet.png","contentUrl":"https:\/\/forstunternehmer.ch\/wp-content\/uploads\/2024\/10\/01_Primary-Logo_Badgeversion_Forstunternehmer_DE_original_Ausgeruestet.png","width":2560,"height":2560,"caption":"Forstunternehmer Schweiz"},"image":{"@id":"https:\/\/forstunternehmer.ch\/#\/schema\/logo\/image\/"},"sameAs":["https:\/\/www.facebook.com\/ForstunternehmerSchweiz","https:\/\/www.linkedin.com\/company\/forstunternehmer-schweiz\/"]}]}},"_links":{"self":[{"href":"https:\/\/forstunternehmer.ch\/fr\/wp-json\/wp\/v2\/pages\/1181","targetHints":{"allow":["GET"]}}],"collection":[{"href":"https:\/\/forstunternehmer.ch\/fr\/wp-json\/wp\/v2\/pages"}],"about":[{"href":"https:\/\/forstunternehmer.ch\/fr\/wp-json\/wp\/v2\/types\/page"}],"author":[{"embeddable":true,"href":"https:\/\/forstunternehmer.ch\/fr\/wp-json\/wp\/v2\/users\/1"}],"replies":[{"embeddable":true,"href":"https:\/\/forstunternehmer.ch\/fr\/wp-json\/wp\/v2\/comments?post=1181"}],"version-history":[{"count":151,"href":"https:\/\/forstunternehmer.ch\/fr\/wp-json\/wp\/v2\/pages\/1181\/revisions"}],"predecessor-version":[{"id":2329,"href":"https:\/\/forstunternehmer.ch\/fr\/wp-json\/wp\/v2\/pages\/1181\/revisions\/2329"}],"wp:attachment":[{"href":"https:\/\/forstunternehmer.ch\/fr\/wp-json\/wp\/v2\/media?parent=1181"}],"curies":[{"name":"wp","href":"https:\/\/api.w.org\/{rel}","templated":true}]}}