{"id":1209,"date":"2025-01-24T16:39:38","date_gmt":"2025-01-24T15:39:38","guid":{"rendered":"https:\/\/forstunternehmer.ch\/?page_id=1209"},"modified":"2025-12-23T10:21:57","modified_gmt":"2025-12-23T09:21:57","slug":"arbeitswelt","status":"publish","type":"page","link":"https:\/\/forstunternehmer.ch\/fr\/arbeitswelt\/","title":{"rendered":"Monde du travail"},"content":{"rendered":"<div data-elementor-type=\"wp-page\" data-elementor-id=\"1209\" class=\"elementor elementor-1209\" data-elementor-post-type=\"page\">\n\t\t\t\t<div class=\"elementor-element elementor-element-20aa5f4d e-flex e-con-boxed e-con e-parent\" data-id=\"20aa5f4d\" data-element_type=\"container\" data-settings=\"{&quot;background_background&quot;:&quot;classic&quot;}\">\n\t\t\t\t\t<div class=\"e-con-inner\">\n\t\t<div class=\"elementor-element elementor-element-1921987 e-con-full animated-fast e-flex elementor-invisible e-con e-child\" data-id=\"1921987\" data-element_type=\"container\" data-settings=\"{&quot;animation&quot;:&quot;fadeIn&quot;,&quot;animation_delay&quot;:500}\">\n\t\t\t\t<div class=\"elementor-element elementor-element-173bb956 elementor-widget elementor-widget-heading\" data-id=\"173bb956\" data-element_type=\"widget\" data-widget_type=\"heading.default\">\n\t\t\t\t\t<h2 class=\"elementor-heading-title elementor-size-default\">Publications<\/h2>\t\t\t\t<\/div>\n\t\t\t\t<\/div>\n\t\t<div class=\"elementor-element elementor-element-55b3ab50 e-grid animated-fast e-con-boxed elementor-invisible e-con e-child\" data-id=\"55b3ab50\" data-element_type=\"container\" data-settings=\"{&quot;animation&quot;:&quot;fadeIn&quot;,&quot;animation_delay&quot;:750}\">\n\t\t\t\t\t<div class=\"e-con-inner\">\n\t\t<div class=\"elementor-element elementor-element-5de7d767 e-grid e-con-full e-con e-child\" data-id=\"5de7d767\" data-element_type=\"container\">\n\t\t\t\t<div class=\"elementor-element elementor-element-3168f295 elementor-widget elementor-widget-heading\" data-id=\"3168f295\" data-element_type=\"widget\" data-widget_type=\"heading.default\">\n\t\t\t\t\t<h5 class=\"elementor-heading-title elementor-size-default\">Fiche technique - Abattage avec une aide \u00e0 l'abattage m\u00e9canique<\/h5>\t\t\t\t<\/div>\n\t\t<div class=\"elementor-element elementor-element-36d0fc92 e-con-full e-flex e-con e-child\" data-id=\"36d0fc92\" data-element_type=\"container\">\n\t\t\t\t<div class=\"elementor-element elementor-element-10e520da elementor-widget elementor-widget-heading\" data-id=\"10e520da\" data-element_type=\"widget\" data-widget_type=\"heading.default\">\n\t\t\t\t\t<span class=\"elementor-heading-title elementor-size-default\"><a href=\"https:\/\/forstunternehmer.ch\/wp-content\/uploads\/2025\/01\/Merkblaetter_Deutsch_WEB.pdf\" target=\"_blank\">T\u00e9l\u00e9chargement<\/a><\/span>\t\t\t\t<\/div>\n\t\t\t\t<\/div>\n\t\t\t\t<\/div>\n\t\t<div class=\"elementor-element elementor-element-1dcfa839 e-grid e-con-full e-con e-child\" data-id=\"1dcfa839\" data-element_type=\"container\">\n\t\t\t\t<div class=\"elementor-element elementor-element-3ac879db elementor-widget elementor-widget-heading\" data-id=\"3ac879db\" data-element_type=\"widget\" data-widget_type=\"heading.default\">\n\t\t\t\t\t<h5 class=\"elementor-heading-title elementor-size-default\"><a href=\"https:\/\/forstunternehmer.ch\/fr\/fus_lohnempfehlungen_2026\/\">Recommandations salariales 2026<\/a><\/h5>\t\t\t\t<\/div>\n\t\t<div class=\"elementor-element elementor-element-13fe3a42 e-con-full e-flex e-con e-child\" data-id=\"13fe3a42\" data-element_type=\"container\">\n\t\t\t\t<div class=\"elementor-element elementor-element-780d0ddb elementor-widget elementor-widget-heading\" data-id=\"780d0ddb\" data-element_type=\"widget\" data-widget_type=\"heading.default\">\n\t\t\t\t\t<span class=\"elementor-heading-title elementor-size-default\"><a href=\"https:\/\/forstunternehmer.ch\/wp-content\/uploads\/2025\/12\/FUS_Lohnempfehlungen_2026.pdf\" target=\"_blank\">T\u00e9l\u00e9charger FR<\/a><\/span>\t\t\t\t<\/div>\n\t\t\t\t<div class=\"elementor-element elementor-element-b622385 elementor-widget elementor-widget-heading\" data-id=\"b622385\" data-element_type=\"widget\" data-widget_type=\"heading.default\">\n\t\t\t\t\t<span class=\"elementor-heading-title elementor-size-default\"><a href=\"https:\/\/forstunternehmer.ch\/wp-content\/uploads\/2025\/12\/EFS_Recommandations_salariales_2026.pdf\" target=\"_blank\">T\u00e9l\u00e9charger F<\/a><\/span>\t\t\t\t<\/div>\n\t\t\t\t<\/div>\n\t\t\t\t<\/div>\n\t\t<div class=\"elementor-element elementor-element-985e6e8 e-grid e-con-full e-con e-child\" data-id=\"985e6e8\" data-element_type=\"container\">\n\t\t\t\t<div class=\"elementor-element elementor-element-d5d5cb5 elementor-widget elementor-widget-heading\" data-id=\"d5d5cb5\" data-element_type=\"widget\" data-widget_type=\"heading.default\">\n\t\t\t\t\t<h5 class=\"elementor-heading-title elementor-size-default\">Recommandations pour les contrats d'engagement dans la sylviculture suisse<\/h5>\t\t\t\t<\/div>\n\t\t<div class=\"elementor-element elementor-element-7f84486 e-con-full e-flex e-con e-child\" data-id=\"7f84486\" data-element_type=\"container\">\n\t\t\t\t<div class=\"elementor-element elementor-element-48ee0bc elementor-widget elementor-widget-heading\" data-id=\"48ee0bc\" data-element_type=\"widget\" data-widget_type=\"heading.default\">\n\t\t\t\t\t<span class=\"elementor-heading-title elementor-size-default\"><a href=\"https:\/\/forstunternehmer.ch\/wp-content\/uploads\/2025\/02\/Forstwirtschaft_Empfehlung_Anstellung_2012_angepasst_2021_D.pdf\" target=\"_blank\">T\u00e9l\u00e9charger FR<\/a><\/span>\t\t\t\t<\/div>\n\t\t\t\t<div class=\"elementor-element elementor-element-cf57d25 elementor-widget elementor-widget-heading\" data-id=\"cf57d25\" data-element_type=\"widget\" data-widget_type=\"heading.default\">\n\t\t\t\t\t<span class=\"elementor-heading-title elementor-size-default\"><a href=\"https:\/\/forstunternehmer.ch\/wp-content\/uploads\/2025\/02\/Forstwirtschaft_Empfehlung_Anstellung_2012_angepasst_2021_F.pdf\" target=\"_blank\">T\u00e9l\u00e9charger F<\/a><\/span>\t\t\t\t<\/div>\n\t\t\t\t<\/div>\n\t\t\t\t<\/div>\n\t\t<div class=\"elementor-element elementor-element-193c01e e-grid e-con-full e-con e-child\" data-id=\"193c01e\" data-element_type=\"container\">\n\t\t\t\t<div class=\"elementor-element elementor-element-712537d elementor-widget elementor-widget-heading\" data-id=\"712537d\" data-element_type=\"widget\" data-widget_type=\"heading.default\">\n\t\t\t\t\t<h5 class=\"elementor-heading-title elementor-size-default\">SylvaTOP, la solution sectorielle pour la sylviculture<\/h5>\t\t\t\t<\/div>\n\t\t<div class=\"elementor-element elementor-element-074e1ad e-con-full e-flex e-con e-child\" data-id=\"074e1ad\" data-element_type=\"container\">\n\t\t\t\t<div class=\"elementor-element elementor-element-9a2d99d elementor-widget elementor-widget-heading\" data-id=\"9a2d99d\" data-element_type=\"widget\" data-widget_type=\"heading.default\">\n\t\t\t\t\t<span class=\"elementor-heading-title elementor-size-default\"><a href=\"https:\/\/www.sylvatop.ch\/de\/lizenz.html\" target=\"_blank\">En savoir plus<\/a><\/span>\t\t\t\t<\/div>\n\t\t\t\t<\/div>\n\t\t\t\t<\/div>\n\t\t\t\t\t<\/div>\n\t\t\t\t<\/div>\n\t\t\t\t\t<\/div>\n\t\t\t\t<\/div>\n\t\t<div class=\"elementor-element elementor-element-7495551d e-flex e-con-boxed e-con e-parent\" data-id=\"7495551d\" data-element_type=\"container\" data-settings=\"{&quot;background_background&quot;:&quot;classic&quot;}\">\n\t\t\t\t\t<div class=\"e-con-inner\">\n\t\t<div class=\"elementor-element elementor-element-8687220 animated-fast e-flex e-con-boxed elementor-invisible e-con e-child\" data-id=\"8687220\" data-element_type=\"container\" data-settings=\"{&quot;animation&quot;:&quot;fadeIn&quot;,&quot;animation_delay&quot;:500}\">\n\t\t\t\t\t<div class=\"e-con-inner\">\n\t\t<div class=\"elementor-element elementor-element-16259d87 e-con-full e-flex e-con e-child\" data-id=\"16259d87\" data-element_type=\"container\">\n\t\t\t\t<div class=\"elementor-element elementor-element-1aa6f53f elementor-widget elementor-widget-heading\" data-id=\"1aa6f53f\" data-element_type=\"widget\" data-widget_type=\"heading.default\">\n\t\t\t\t\t<h1 class=\"elementor-heading-title elementor-size-default\">Tarifs<\/h1>\t\t\t\t<\/div>\n\t\t\t\t<div class=\"elementor-element elementor-element-650a29e elementor-widget__width-initial elementor-widget elementor-widget-text-editor\" data-id=\"650a29e\" data-element_type=\"widget\" data-widget_type=\"text-editor.default\">\n\t\t\t\t\t\t\t\t\t<div id=\"c1414\" class=\"frame frame-default frame-type-text frame-layout-0\"><p>Les directives constituent une aide pour les membres FUS lors de l'\u00e9tablissement d'offres et de la facturation de projets et de mandats forestiers.<\/p><p>En appliquant des tarifs, l'entrepreneur forestier s'engage \u00e0 fournir des prestations de qualit\u00e9 irr\u00e9prochable et \u00e0 respecter sans restriction les prescriptions en mati\u00e8re de s\u00e9curit\u00e9 au travail. Le respect syst\u00e9matique du code d'honneur selon les statuts de l'association conf\u00e8re \u00e0 la branche son image de professionnalisme et de s\u00e9rieux.<\/p><\/div>\t\t\t\t\t\t\t\t<\/div>\n\t\t\t\t<\/div>\n\t\t\t\t\t<\/div>\n\t\t\t\t<\/div>\n\t\t<div class=\"elementor-element elementor-element-497f534d animated-fast e-flex e-con-boxed elementor-invisible e-con e-child\" data-id=\"497f534d\" data-element_type=\"container\" data-settings=\"{&quot;animation&quot;:&quot;fadeIn&quot;,&quot;animation_delay&quot;:750}\">\n\t\t\t\t\t<div class=\"e-con-inner\">\n\t\t<div class=\"elementor-element elementor-element-75739931 e-flex e-con-boxed e-con e-child\" data-id=\"75739931\" data-element_type=\"container\">\n\t\t\t\t\t<div class=\"e-con-inner\">\n\t\t\t\t<div class=\"elementor-element elementor-element-362f3ec1 elementor-widget__width-initial elementor-widget-mobile__width-inherit elementor-widget elementor-widget-heading\" data-id=\"362f3ec1\" data-element_type=\"widget\" data-widget_type=\"heading.default\">\n\t\t\t\t\t<p class=\"elementor-heading-title elementor-size-default\">Tarifs des grues \u00e0 c\u00e2ble<\/p>\t\t\t\t<\/div>\n\t\t\t\t<div class=\"elementor-element elementor-element-7a79d84c elementor-widget__width-initial elementor-widget-mobile__width-inherit elementor-widget elementor-widget-text-editor\" data-id=\"7a79d84c\" data-element_type=\"widget\" data-widget_type=\"text-editor.default\">\n\t\t\t\t\t\t\t\t\t<div id=\"c1415\" class=\"frame frame-default frame-type-text frame-layout-0\"><p>Sch\u00e9ma de calcul avec donn\u00e9es de base, co\u00fbts fixes, co\u00fbts variables et co\u00fbts d'usine pour quatre tarifs diff\u00e9rents : Grue \u00e0 c\u00e2ble mobile l\u00e9g\u00e8re (2,0 t) appareil sur remorque, grue \u00e0 c\u00e2ble mobile moyenne (3,0 t) appareil sur remorque, grue \u00e0 c\u00e2ble conventionnelle (4,0 t), grue \u00e0 c\u00e2ble mobile lourde (4,0 t) mont\u00e9e - descente - horizontale, appareil \u00e0 c\u00e2ble combin\u00e9 (4,0 t) mont\u00e9e - descente - horizontale, chariot avec d\u00e9bobineur \u00e0 moteur.<\/p><\/div><div id=\"c1416\" class=\"frame frame-default frame-type-text frame-layout-0\">\u00a0<\/div>\t\t\t\t\t\t\t\t<\/div>\n\t\t\t\t<div class=\"elementor-element elementor-element-25f27f74 elementor-widget__width-initial elementor-widget-mobile__width-inherit elementor-view-default elementor-widget elementor-widget-icon\" data-id=\"25f27f74\" data-element_type=\"widget\" data-widget_type=\"icon.default\">\n\t\t\t\t\t\t\t<div class=\"elementor-icon-wrapper\">\n\t\t\t<a class=\"elementor-icon\" href=\"https:\/\/forstunternehmer.ch\/wp-content\/uploads\/2025\/12\/FUS_EFS_Seilkrantarif_Tarif_des_cables-grues_2026_.pdf\" target=\"_blank\">\n\t\t\t<svg aria-hidden=\"true\" class=\"e-font-icon-svg e-fas-arrow-right\" viewbox=\"0 0 448 512\" xmlns=\"http:\/\/www.w3.org\/2000\/svg\"><path d=\"M190.5 66.9l22.2-22.2c9.4-9.4 24.6-9.4 33.9 0L441 239c9.4 9.4 9.4 24.6 0 33.9L246.6 467.3c-9.4 9.4-24.6 9.4-33.9 0l-22.2-22.2c-9.5-9.5-9.3-25 .4-34.3L311.4 296H24c-13.3 0-24-10.7-24-24v-32c0-13.3 10.7-24 24-24h287.4L190.9 101.2c-9.8-9.3-10-24.8-.4-34.3z\"><\/path><\/svg>\t\t\t<\/a>\n\t\t<\/div>\n\t\t\t\t\t\t<\/div>\n\t\t\t\t\t<\/div>\n\t\t\t\t<\/div>\n\t\t<div class=\"elementor-element elementor-element-2d16224a e-flex e-con-boxed e-con e-child\" data-id=\"2d16224a\" data-element_type=\"container\">\n\t\t\t\t\t<div class=\"e-con-inner\">\n\t\t\t\t<div class=\"elementor-element elementor-element-32c9abbb elementor-widget__width-initial elementor-widget-mobile__width-inherit elementor-widget elementor-widget-heading\" data-id=\"32c9abbb\" data-element_type=\"widget\" data-widget_type=\"heading.default\">\n\t\t\t\t\t<h5 class=\"elementor-heading-title elementor-size-default\">Tarif des machines<\/h5>\t\t\t\t<\/div>\n\t\t\t\t<div class=\"elementor-element elementor-element-58e182d1 elementor-widget__width-initial elementor-widget-mobile__width-inherit elementor-widget elementor-widget-text-editor\" data-id=\"58e182d1\" data-element_type=\"widget\" data-widget_type=\"text-editor.default\">\n\t\t\t\t\t\t\t\t\t<p>Bases de calcul et explications avec des taux horaires pour les v\u00e9hicules de d\u00e9bardage et les tracteurs, les porteurs, les processeurs.<\/p>\t\t\t\t\t\t\t\t<\/div>\n\t\t\t\t<div class=\"elementor-element elementor-element-58bda3b5 elementor-widget__width-initial elementor-widget-mobile__width-inherit elementor-view-default elementor-widget elementor-widget-icon\" data-id=\"58bda3b5\" data-element_type=\"widget\" data-widget_type=\"icon.default\">\n\t\t\t\t\t\t\t<div class=\"elementor-icon-wrapper\">\n\t\t\t<a class=\"elementor-icon\" href=\"https:\/\/forstunternehmer.ch\/wp-content\/uploads\/2025\/12\/FUS_EFS_Maschinentarif_Tarif_des_machines_2026_.pdf\" target=\"_blank\">\n\t\t\t<svg aria-hidden=\"true\" class=\"e-font-icon-svg e-fas-arrow-right\" viewbox=\"0 0 448 512\" xmlns=\"http:\/\/www.w3.org\/2000\/svg\"><path d=\"M190.5 66.9l22.2-22.2c9.4-9.4 24.6-9.4 33.9 0L441 239c9.4 9.4 9.4 24.6 0 33.9L246.6 467.3c-9.4 9.4-24.6 9.4-33.9 0l-22.2-22.2c-9.5-9.5-9.3-25 .4-34.3L311.4 296H24c-13.3 0-24-10.7-24-24v-32c0-13.3 10.7-24 24-24h287.4L190.9 101.2c-9.8-9.3-10-24.8-.4-34.3z\"><\/path><\/svg>\t\t\t<\/a>\n\t\t<\/div>\n\t\t\t\t\t\t<\/div>\n\t\t\t\t\t<\/div>\n\t\t\t\t<\/div>\n\t\t<div class=\"elementor-element elementor-element-6d0cc2d9 e-flex e-con-boxed e-con e-child\" data-id=\"6d0cc2d9\" data-element_type=\"container\">\n\t\t\t\t\t<div class=\"e-con-inner\">\n\t\t\t\t<div class=\"elementor-element elementor-element-1cf2d329 elementor-widget__width-initial elementor-widget-mobile__width-inherit elementor-widget elementor-widget-heading\" data-id=\"1cf2d329\" data-element_type=\"widget\" data-widget_type=\"heading.default\">\n\t\t\t\t\t<h5 class=\"elementor-heading-title elementor-size-default\">Tarif de la r\u00e9gie<\/h5>\t\t\t\t<\/div>\n\t\t\t\t<div class=\"elementor-element elementor-element-23c8ad0c elementor-widget__width-initial elementor-widget-mobile__width-inherit elementor-widget elementor-widget-text-editor\" data-id=\"23c8ad0c\" data-element_type=\"widget\" data-widget_type=\"text-editor.default\">\n\t\t\t\t\t\t\t\t\t<p>Taux horaires, bases de calcul et explications avec valeurs moyennes recommand\u00e9es pour chef d'entreprise, garde forestier\/chef d'entreprise adjoint, contrema\u00eetre, machiniste\/sp\u00e9cialiste, forestier-b\u00fbcheron, apprenti.<\/p>\t\t\t\t\t\t\t\t<\/div>\n\t\t\t\t<div class=\"elementor-element elementor-element-c813304 elementor-widget__width-initial elementor-widget-mobile__width-inherit elementor-view-default elementor-widget elementor-widget-icon\" data-id=\"c813304\" data-element_type=\"widget\" data-widget_type=\"icon.default\">\n\t\t\t\t\t\t\t<div class=\"elementor-icon-wrapper\">\n\t\t\t<a class=\"elementor-icon\" href=\"https:\/\/forstunternehmer.ch\/wp-content\/uploads\/2025\/12\/FUS_EFS_Regietarif_Tarif_travaux_regie_2026_.pdf\" target=\"_blank\">\n\t\t\t<svg aria-hidden=\"true\" class=\"e-font-icon-svg e-fas-arrow-right\" viewbox=\"0 0 448 512\" xmlns=\"http:\/\/www.w3.org\/2000\/svg\"><path d=\"M190.5 66.9l22.2-22.2c9.4-9.4 24.6-9.4 33.9 0L441 239c9.4 9.4 9.4 24.6 0 33.9L246.6 467.3c-9.4 9.4-24.6 9.4-33.9 0l-22.2-22.2c-9.5-9.5-9.3-25 .4-34.3L311.4 296H24c-13.3 0-24-10.7-24-24v-32c0-13.3 10.7-24 24-24h287.4L190.9 101.2c-9.8-9.3-10-24.8-.4-34.3z\"><\/path><\/svg>\t\t\t<\/a>\n\t\t<\/div>\n\t\t\t\t\t\t<\/div>\n\t\t\t\t\t<\/div>\n\t\t\t\t<\/div>\n\t\t\t\t\t<\/div>\n\t\t\t\t<\/div>\n\t\t\t\t\t<\/div>\n\t\t\t\t<\/div>\n\t\t\t\t<\/div>","protected":false},"excerpt":{"rendered":"<p>Publications Fiche technique - Abattage \u00e0 l'aide de machines Download Recommandations salariales 2026 Download DE Download F Recommandations pour les contrats d'engagement dans l'\u00e9conomie foresti\u00e8re suisse Download DE Download F SylvaTOP, La solution de branche pour l'\u00e9conomie foresti\u00e8re En savoir plus Tarifs Les directives constituent une aide pour les membres FUS lors de l'\u00e9tablissement d'offres et de la facturation de projets et de mandats forestiers. Avec le [...]<\/p>","protected":false},"author":1,"featured_media":0,"parent":0,"menu_order":0,"comment_status":"closed","ping_status":"closed","template":"","meta":{"_acf_changed":false,"footnotes":""},"class_list":["post-1209","page","type-page","status-publish","hentry"],"acf":[],"yoast_head":"<!-- This site is optimized with the Yoast SEO plugin v26.8 - https:\/\/yoast.com\/product\/yoast-seo-wordpress\/ -->\n<title>Arbeitswelt - Forstunternehmer Schweiz<\/title>\n<meta name=\"robots\" content=\"index, follow, max-snippet:-1, max-image-preview:large, max-video-preview:-1\" \/>\n<link rel=\"canonical\" href=\"https:\/\/forstunternehmer.ch\/fr\/arbeitswelt\/\" \/>\n<meta property=\"og:locale\" content=\"fr_FR\" \/>\n<meta property=\"og:type\" content=\"article\" \/>\n<meta property=\"og:title\" content=\"Arbeitswelt - Forstunternehmer Schweiz\" \/>\n<meta property=\"og:description\" content=\"Publikationen Merkblatt &#8211; F\u00e4llen mit maschineller F\u00e4llhilfe Download Lohnempfehlungen 2026 Download DE Download F Empfehlungen f\u00fcr Anstellungsvertr\u00e4ge in der Schweizer Forstwirtschaft Download DE Download F SylvaTOP, Die Branchenl\u00f6sung f\u00fcr die Forstwirtschaft Mehr erfahren Tarife Die Richtlinien bilden f\u00fcr die Mitglieder FUS eine Hilfe bei der Offertstellung und Abrechnung von forstlichen Projekten und Auftr\u00e4gen. Mit dem [&hellip;]\" \/>\n<meta property=\"og:url\" content=\"https:\/\/forstunternehmer.ch\/fr\/arbeitswelt\/\" \/>\n<meta property=\"og:site_name\" content=\"Forstunternehmer Schweiz\" \/>\n<meta property=\"article:publisher\" content=\"https:\/\/www.facebook.com\/ForstunternehmerSchweiz\" \/>\n<meta property=\"article:modified_time\" content=\"2025-12-23T09:21:57+00:00\" \/>\n<meta name=\"twitter:card\" content=\"summary_large_image\" \/>\n<meta name=\"twitter:label1\" content=\"Dur\u00e9e de lecture estim\u00e9e\" \/>\n\t<meta name=\"twitter:data1\" content=\"1 minute\" \/>\n<script type=\"application\/ld+json\" class=\"yoast-schema-graph\">{\"@context\":\"https:\/\/schema.org\",\"@graph\":[{\"@type\":\"WebPage\",\"@id\":\"https:\/\/forstunternehmer.ch\/arbeitswelt\/\",\"url\":\"https:\/\/forstunternehmer.ch\/arbeitswelt\/\",\"name\":\"Arbeitswelt - Forstunternehmer Schweiz\",\"isPartOf\":{\"@id\":\"https:\/\/forstunternehmer.ch\/#website\"},\"datePublished\":\"2025-01-24T15:39:38+00:00\",\"dateModified\":\"2025-12-23T09:21:57+00:00\",\"breadcrumb\":{\"@id\":\"https:\/\/forstunternehmer.ch\/arbeitswelt\/#breadcrumb\"},\"inLanguage\":\"fr-FR\",\"potentialAction\":[{\"@type\":\"ReadAction\",\"target\":[\"https:\/\/forstunternehmer.ch\/arbeitswelt\/\"]}]},{\"@type\":\"BreadcrumbList\",\"@id\":\"https:\/\/forstunternehmer.ch\/arbeitswelt\/#breadcrumb\",\"itemListElement\":[{\"@type\":\"ListItem\",\"position\":1,\"name\":\"Startseite\",\"item\":\"https:\/\/forstunternehmer.ch\/\"},{\"@type\":\"ListItem\",\"position\":2,\"name\":\"Arbeitswelt\"}]},{\"@type\":\"WebSite\",\"@id\":\"https:\/\/forstunternehmer.ch\/#website\",\"url\":\"https:\/\/forstunternehmer.ch\/\",\"name\":\"Forstunternehmer Schweiz\",\"description\":\"Die zuverl\u00e4ssigen Partner in der Holzkette\",\"publisher\":{\"@id\":\"https:\/\/forstunternehmer.ch\/#organization\"},\"potentialAction\":[{\"@type\":\"SearchAction\",\"target\":{\"@type\":\"EntryPoint\",\"urlTemplate\":\"https:\/\/forstunternehmer.ch\/?s={search_term_string}\"},\"query-input\":{\"@type\":\"PropertyValueSpecification\",\"valueRequired\":true,\"valueName\":\"search_term_string\"}}],\"inLanguage\":\"fr-FR\"},{\"@type\":\"Organization\",\"@id\":\"https:\/\/forstunternehmer.ch\/#organization\",\"name\":\"Forstunternehmer Schweiz\",\"url\":\"https:\/\/forstunternehmer.ch\/\",\"logo\":{\"@type\":\"ImageObject\",\"inLanguage\":\"fr-FR\",\"@id\":\"https:\/\/forstunternehmer.ch\/#\/schema\/logo\/image\/\",\"url\":\"https:\/\/forstunternehmer.ch\/wp-content\/uploads\/2024\/10\/01_Primary-Logo_Badgeversion_Forstunternehmer_DE_original_Ausgeruestet.png\",\"contentUrl\":\"https:\/\/forstunternehmer.ch\/wp-content\/uploads\/2024\/10\/01_Primary-Logo_Badgeversion_Forstunternehmer_DE_original_Ausgeruestet.png\",\"width\":2560,\"height\":2560,\"caption\":\"Forstunternehmer Schweiz\"},\"image\":{\"@id\":\"https:\/\/forstunternehmer.ch\/#\/schema\/logo\/image\/\"},\"sameAs\":[\"https:\/\/www.facebook.com\/ForstunternehmerSchweiz\",\"https:\/\/www.linkedin.com\/company\/forstunternehmer-schweiz\/\"]}]}<\/script>\n<!-- \/ Yoast SEO plugin. -->","yoast_head_json":{"title":"Monde du travail - Entrepreneurs Forestiers Suisse","robots":{"index":"index","follow":"follow","max-snippet":"max-snippet:-1","max-image-preview":"max-image-preview:large","max-video-preview":"max-video-preview:-1"},"canonical":"https:\/\/forstunternehmer.ch\/fr\/arbeitswelt\/","og_locale":"fr_FR","og_type":"article","og_title":"Arbeitswelt - Forstunternehmer Schweiz","og_description":"Publikationen Merkblatt &#8211; F\u00e4llen mit maschineller F\u00e4llhilfe Download Lohnempfehlungen 2026 Download DE Download F Empfehlungen f\u00fcr Anstellungsvertr\u00e4ge in der Schweizer Forstwirtschaft Download DE Download F SylvaTOP, Die Branchenl\u00f6sung f\u00fcr die Forstwirtschaft Mehr erfahren Tarife Die Richtlinien bilden f\u00fcr die Mitglieder FUS eine Hilfe bei der Offertstellung und Abrechnung von forstlichen Projekten und Auftr\u00e4gen. Mit dem [&hellip;]","og_url":"https:\/\/forstunternehmer.ch\/fr\/arbeitswelt\/","og_site_name":"Forstunternehmer Schweiz","article_publisher":"https:\/\/www.facebook.com\/ForstunternehmerSchweiz","article_modified_time":"2025-12-23T09:21:57+00:00","twitter_card":"summary_large_image","twitter_misc":{"Dur\u00e9e de lecture estim\u00e9e":"1 minute"},"schema":{"@context":"https:\/\/schema.org","@graph":[{"@type":"WebPage","@id":"https:\/\/forstunternehmer.ch\/arbeitswelt\/","url":"https:\/\/forstunternehmer.ch\/arbeitswelt\/","name":"Monde du travail - Entrepreneurs Forestiers Suisse","isPartOf":{"@id":"https:\/\/forstunternehmer.ch\/#website"},"datePublished":"2025-01-24T15:39:38+00:00","dateModified":"2025-12-23T09:21:57+00:00","breadcrumb":{"@id":"https:\/\/forstunternehmer.ch\/arbeitswelt\/#breadcrumb"},"inLanguage":"fr-FR","potentialAction":[{"@type":"ReadAction","target":["https:\/\/forstunternehmer.ch\/arbeitswelt\/"]}]},{"@type":"BreadcrumbList","@id":"https:\/\/forstunternehmer.ch\/arbeitswelt\/#breadcrumb","itemListElement":[{"@type":"ListItem","position":1,"name":"Startseite","item":"https:\/\/forstunternehmer.ch\/"},{"@type":"ListItem","position":2,"name":"Arbeitswelt"}]},{"@type":"WebSite","@id":"https:\/\/forstunternehmer.ch\/#website","url":"https:\/\/forstunternehmer.ch\/","name":"Entrepreneurs forestiers Suisse","description":"Les partenaires fiables de la cha\u00eene du bois","publisher":{"@id":"https:\/\/forstunternehmer.ch\/#organization"},"potentialAction":[{"@type":"SearchAction","target":{"@type":"EntryPoint","urlTemplate":"https:\/\/forstunternehmer.ch\/?s={search_term_string}"},"query-input":{"@type":"PropertyValueSpecification","valueRequired":true,"valueName":"search_term_string"}}],"inLanguage":"fr-FR"},{"@type":"Organization","@id":"https:\/\/forstunternehmer.ch\/#organization","name":"Entrepreneurs forestiers Suisse","url":"https:\/\/forstunternehmer.ch\/","logo":{"@type":"ImageObject","inLanguage":"fr-FR","@id":"https:\/\/forstunternehmer.ch\/#\/schema\/logo\/image\/","url":"https:\/\/forstunternehmer.ch\/wp-content\/uploads\/2024\/10\/01_Primary-Logo_Badgeversion_Forstunternehmer_DE_original_Ausgeruestet.png","contentUrl":"https:\/\/forstunternehmer.ch\/wp-content\/uploads\/2024\/10\/01_Primary-Logo_Badgeversion_Forstunternehmer_DE_original_Ausgeruestet.png","width":2560,"height":2560,"caption":"Forstunternehmer Schweiz"},"image":{"@id":"https:\/\/forstunternehmer.ch\/#\/schema\/logo\/image\/"},"sameAs":["https:\/\/www.facebook.com\/ForstunternehmerSchweiz","https:\/\/www.linkedin.com\/company\/forstunternehmer-schweiz\/"]}]}},"_links":{"self":[{"href":"https:\/\/forstunternehmer.ch\/fr\/wp-json\/wp\/v2\/pages\/1209","targetHints":{"allow":["GET"]}}],"collection":[{"href":"https:\/\/forstunternehmer.ch\/fr\/wp-json\/wp\/v2\/pages"}],"about":[{"href":"https:\/\/forstunternehmer.ch\/fr\/wp-json\/wp\/v2\/types\/page"}],"author":[{"embeddable":true,"href":"https:\/\/forstunternehmer.ch\/fr\/wp-json\/wp\/v2\/users\/1"}],"replies":[{"embeddable":true,"href":"https:\/\/forstunternehmer.ch\/fr\/wp-json\/wp\/v2\/comments?post=1209"}],"version-history":[{"count":106,"href":"https:\/\/forstunternehmer.ch\/fr\/wp-json\/wp\/v2\/pages\/1209\/revisions"}],"predecessor-version":[{"id":2255,"href":"https:\/\/forstunternehmer.ch\/fr\/wp-json\/wp\/v2\/pages\/1209\/revisions\/2255"}],"wp:attachment":[{"href":"https:\/\/forstunternehmer.ch\/fr\/wp-json\/wp\/v2\/media?parent=1209"}],"curies":[{"name":"wp","href":"https:\/\/api.w.org\/{rel}","templated":true}]}}