{"id":1419,"date":"2025-02-21T11:06:43","date_gmt":"2025-02-21T10:06:43","guid":{"rendered":"https:\/\/forstunternehmer.ch\/?page_id=1419"},"modified":"2026-03-24T15:04:58","modified_gmt":"2026-03-24T14:04:58","slug":"partner","status":"publish","type":"page","link":"https:\/\/forstunternehmer.ch\/fr\/partner\/","title":{"rendered":"Partenaire"},"content":{"rendered":"<div data-elementor-type=\"wp-page\" data-elementor-id=\"1419\" class=\"elementor elementor-1419\" data-elementor-post-type=\"page\">\n\t\t\t\t<div class=\"elementor-element elementor-element-4ab641c e-flex e-con-boxed e-con e-child\" data-id=\"4ab641c\" data-element_type=\"container\" data-settings=\"{&quot;background_background&quot;:&quot;classic&quot;}\">\n\t\t\t\t\t<div class=\"e-con-inner\">\n\t\t\t\t<div class=\"elementor-element elementor-element-7fc8abe elementor-widget__width-inherit elementor-widget-tablet__width-initial elementor-widget elementor-widget-heading\" data-id=\"7fc8abe\" data-element_type=\"widget\" data-widget_type=\"heading.default\">\n\t\t\t\t\t<h2 class=\"elementor-heading-title elementor-size-default\">150+ Partenaires actifs<\/h2>\t\t\t\t<\/div>\n\t\t\t\t<div class=\"elementor-element elementor-element-cc59756 elementor-align-center elementor-widget__width-inherit elementor-widget elementor-widget-button\" data-id=\"cc59756\" data-element_type=\"widget\" data-widget_type=\"button.default\">\n\t\t\t\t\t\t\t\t\t\t<a class=\"elementor-button elementor-button-link elementor-size-sm\" href=\"#partner\">\n\t\t\t\t\t\t<span class=\"elementor-button-content-wrapper\">\n\t\t\t\t\t\t\t\t\t<span class=\"elementor-button-text\">Devenir partenaire<\/span>\n\t\t\t\t\t<\/span>\n\t\t\t\t\t<\/a>\n\t\t\t\t\t\t\t\t<\/div>\n\t\t\t\t\t<\/div>\n\t\t\t\t<\/div>\n\t\t<div class=\"elementor-element elementor-element-133fe364 e-flex e-con-boxed e-con e-parent\" data-id=\"133fe364\" data-element_type=\"container\" data-settings=\"{&quot;background_background&quot;:&quot;classic&quot;}\">\n\t\t\t\t\t<div class=\"e-con-inner\">\n\t\t<div class=\"elementor-element elementor-element-6969838d animated-fast e-flex e-con-boxed elementor-invisible e-con e-child\" data-id=\"6969838d\" data-element_type=\"container\" data-settings=\"{&quot;animation&quot;:&quot;fadeInUp&quot;,&quot;animation_delay&quot;:500}\">\n\t\t\t\t\t<div class=\"e-con-inner\">\n\t\t<div class=\"elementor-element elementor-element-613b8db0 e-con-full e-flex e-con e-child\" data-id=\"613b8db0\" data-element_type=\"container\">\n\t\t\t\t<div class=\"elementor-element elementor-element-c9c24ed elementor-invisible elementor-widget elementor-widget-heading\" data-id=\"c9c24ed\" data-element_type=\"widget\" data-settings=\"{&quot;_animation&quot;:&quot;fadeInUp&quot;}\" data-widget_type=\"heading.default\">\n\t\t\t\t\t<h1 class=\"elementor-heading-title elementor-size-default\">Partenaire<\/h1>\t\t\t\t<\/div>\n\t\t\t\t<\/div>\n\t\t<div class=\"elementor-element elementor-element-150aae30 e-grid e-con-full e-con e-child\" data-id=\"150aae30\" data-element_type=\"container\">\n\t\t<div class=\"elementor-element elementor-element-6f040858 e-con-full e-flex e-con e-child\" data-id=\"6f040858\" data-element_type=\"container\" data-settings=\"{&quot;background_background&quot;:&quot;classic&quot;}\">\n\t\t\t\t<div class=\"elementor-element elementor-element-86354a8 elementor-widget elementor-widget-image\" data-id=\"86354a8\" data-element_type=\"widget\" data-widget_type=\"image.default\">\n\t\t\t\t\t\t\t\t\t\t\t\t\t\t\t\t<a href=\"https:\/\/www.intrass.ch\/de\/\" target=\"_blank\">\n\t\t\t\t\t\t\t<img fetchpriority=\"high\" decoding=\"async\" width=\"1200\" height=\"332\" src=\"https:\/\/forstunternehmer.ch\/wp-content\/uploads\/2025\/02\/Intrass-1.jpg\" class=\"attachment-full size-full wp-image-1482\" alt=\"\" srcset=\"https:\/\/forstunternehmer.ch\/wp-content\/uploads\/2025\/02\/Intrass-1.jpg 1200w, https:\/\/forstunternehmer.ch\/wp-content\/uploads\/2025\/02\/Intrass-1-300x83.jpg 300w, https:\/\/forstunternehmer.ch\/wp-content\/uploads\/2025\/02\/Intrass-1-1024x283.jpg 1024w, https:\/\/forstunternehmer.ch\/wp-content\/uploads\/2025\/02\/Intrass-1-768x212.jpg 768w, https:\/\/forstunternehmer.ch\/wp-content\/uploads\/2025\/02\/Intrass-1-18x5.jpg 18w\" sizes=\"(max-width: 1200px) 100vw, 1200px\" \/>\t\t\t\t\t\t\t\t<\/a>\n\t\t\t\t\t\t\t\t\t\t\t\t\t\t\t<\/div>\n\t\t\t\t<\/div>\n\t\t<div class=\"elementor-element elementor-element-5bb671 e-con-full e-flex e-con e-child\" data-id=\"5bb671\" data-element_type=\"container\" data-settings=\"{&quot;background_background&quot;:&quot;classic&quot;}\">\n\t\t\t\t<div class=\"elementor-element elementor-element-2097a963 elementor-widget elementor-widget-image\" data-id=\"2097a963\" data-element_type=\"widget\" data-widget_type=\"image.default\">\n\t\t\t\t\t\t\t\t\t\t\t\t\t\t\t\t<a href=\"https:\/\/www.vonatzigenag.ch\/\" target=\"_blank\">\n\t\t\t\t\t\t\t<img decoding=\"async\" width=\"225\" height=\"225\" src=\"https:\/\/forstunternehmer.ch\/wp-content\/uploads\/2025\/02\/AtzigenAG.png\" class=\"attachment-full size-full wp-image-1449\" alt=\"\" srcset=\"https:\/\/forstunternehmer.ch\/wp-content\/uploads\/2025\/02\/AtzigenAG.png 225w, https:\/\/forstunternehmer.ch\/wp-content\/uploads\/2025\/02\/AtzigenAG-150x150.png 150w, https:\/\/forstunternehmer.ch\/wp-content\/uploads\/2025\/02\/AtzigenAG-12x12.png 12w\" sizes=\"(max-width: 225px) 100vw, 225px\" \/>\t\t\t\t\t\t\t\t<\/a>\n\t\t\t\t\t\t\t\t\t\t\t\t\t\t\t<\/div>\n\t\t\t\t<\/div>\n\t\t<div class=\"elementor-element elementor-element-9701d6e e-con-full e-flex e-con e-child\" data-id=\"9701d6e\" data-element_type=\"container\" data-settings=\"{&quot;background_background&quot;:&quot;classic&quot;}\">\n\t\t\t\t<div class=\"elementor-element elementor-element-bd02fea elementor-widget elementor-widget-image\" data-id=\"bd02fea\" data-element_type=\"widget\" data-widget_type=\"image.default\">\n\t\t\t\t\t\t\t\t\t\t\t\t\t\t\t\t<a href=\"https:\/\/www.forst-live.de\/de\" target=\"_blank\">\n\t\t\t\t\t\t\t<img decoding=\"async\" width=\"414\" height=\"154\" src=\"https:\/\/forstunternehmer.ch\/wp-content\/uploads\/2025\/06\/forstlive_logo_hirsch_gruen.png\" class=\"attachment-full size-full wp-image-1955\" alt=\"\" srcset=\"https:\/\/forstunternehmer.ch\/wp-content\/uploads\/2025\/06\/forstlive_logo_hirsch_gruen.png 414w, https:\/\/forstunternehmer.ch\/wp-content\/uploads\/2025\/06\/forstlive_logo_hirsch_gruen-300x112.png 300w, https:\/\/forstunternehmer.ch\/wp-content\/uploads\/2025\/06\/forstlive_logo_hirsch_gruen-18x7.png 18w\" sizes=\"(max-width: 414px) 100vw, 414px\" \/>\t\t\t\t\t\t\t\t<\/a>\n\t\t\t\t\t\t\t\t\t\t\t\t\t\t\t<\/div>\n\t\t\t\t<\/div>\n\t\t<div class=\"elementor-element elementor-element-8f13c2f e-con-full e-flex e-con e-child\" data-id=\"8f13c2f\" data-element_type=\"container\" data-settings=\"{&quot;background_background&quot;:&quot;classic&quot;}\">\n\t\t\t\t<div class=\"elementor-element elementor-element-6201cd0 elementor-widget elementor-widget-image\" data-id=\"6201cd0\" data-element_type=\"widget\" data-widget_type=\"image.default\">\n\t\t\t\t\t\t\t\t\t\t\t\t\t\t\t\t<a href=\"https:\/\/www.blumer-lehmann.com\/\" target=\"_blank\">\n\t\t\t\t\t\t\t<img loading=\"lazy\" decoding=\"async\" width=\"640\" height=\"300\" src=\"https:\/\/forstunternehmer.ch\/wp-content\/uploads\/2025\/11\/GetAttachmentThumbnail-4.png\" class=\"attachment-full size-full wp-image-2168\" alt=\"\" srcset=\"https:\/\/forstunternehmer.ch\/wp-content\/uploads\/2025\/11\/GetAttachmentThumbnail-4.png 640w, https:\/\/forstunternehmer.ch\/wp-content\/uploads\/2025\/11\/GetAttachmentThumbnail-4-300x141.png 300w, https:\/\/forstunternehmer.ch\/wp-content\/uploads\/2025\/11\/GetAttachmentThumbnail-4-18x8.png 18w\" sizes=\"(max-width: 640px) 100vw, 640px\" \/>\t\t\t\t\t\t\t\t<\/a>\n\t\t\t\t\t\t\t\t\t\t\t\t\t\t\t<\/div>\n\t\t\t\t<\/div>\n\t\t<div class=\"elementor-element elementor-element-7fffe08 e-con-full e-flex e-con e-child\" data-id=\"7fffe08\" data-element_type=\"container\" data-settings=\"{&quot;background_background&quot;:&quot;classic&quot;}\">\n\t\t\t\t<div class=\"elementor-element elementor-element-abec6b6 elementor-widget elementor-widget-image\" data-id=\"abec6b6\" data-element_type=\"widget\" data-widget_type=\"image.default\">\n\t\t\t\t\t\t\t\t\t\t\t\t\t\t\t\t<a href=\"https:\/\/www.wfw.net\/\" target=\"_blank\">\n\t\t\t\t\t\t\t<img loading=\"lazy\" decoding=\"async\" width=\"800\" height=\"116\" src=\"https:\/\/forstunternehmer.ch\/wp-content\/uploads\/2025\/11\/WFW_Logo-lang_Wolf-1.webp\" class=\"attachment-full size-full wp-image-2186\" alt=\"\" srcset=\"https:\/\/forstunternehmer.ch\/wp-content\/uploads\/2025\/11\/WFW_Logo-lang_Wolf-1.webp 800w, https:\/\/forstunternehmer.ch\/wp-content\/uploads\/2025\/11\/WFW_Logo-lang_Wolf-1-300x44.webp 300w, https:\/\/forstunternehmer.ch\/wp-content\/uploads\/2025\/11\/WFW_Logo-lang_Wolf-1-768x111.webp 768w, https:\/\/forstunternehmer.ch\/wp-content\/uploads\/2025\/11\/WFW_Logo-lang_Wolf-1-18x3.webp 18w\" sizes=\"(max-width: 800px) 100vw, 800px\" \/>\t\t\t\t\t\t\t\t<\/a>\n\t\t\t\t\t\t\t\t\t\t\t\t\t\t\t<\/div>\n\t\t\t\t<\/div>\n\t\t<div class=\"elementor-element elementor-element-29021d5 e-con-full e-flex e-con e-child\" data-id=\"29021d5\" data-element_type=\"container\" data-settings=\"{&quot;background_background&quot;:&quot;classic&quot;}\">\n\t\t\t\t<div class=\"elementor-element elementor-element-af69cae elementor-widget elementor-widget-image\" data-id=\"af69cae\" data-element_type=\"widget\" data-widget_type=\"image.default\">\n\t\t\t\t\t\t\t\t\t\t\t\t\t\t\t\t<a href=\"https:\/\/www.mm-forsttechnik.at\/de\/index.php\" target=\"_blank\">\n\t\t\t\t\t\t\t<img loading=\"lazy\" decoding=\"async\" width=\"130\" height=\"112\" src=\"https:\/\/forstunternehmer.ch\/wp-content\/uploads\/2025\/11\/GetAttachmentThumbnail-5.png\" class=\"attachment-full size-full wp-image-2185\" alt=\"\" srcset=\"https:\/\/forstunternehmer.ch\/wp-content\/uploads\/2025\/11\/GetAttachmentThumbnail-5.png 130w, https:\/\/forstunternehmer.ch\/wp-content\/uploads\/2025\/11\/GetAttachmentThumbnail-5-14x12.png 14w\" sizes=\"(max-width: 130px) 100vw, 130px\" \/>\t\t\t\t\t\t\t\t<\/a>\n\t\t\t\t\t\t\t\t\t\t\t\t\t\t\t<\/div>\n\t\t\t\t<\/div>\n\t\t\t\t<\/div>\n\t\t\t\t\t<\/div>\n\t\t\t\t<\/div>\n\t\t<div class=\"elementor-element elementor-element-025d5c3 animated-fast e-con-full e-flex elementor-invisible e-con e-child\" data-id=\"025d5c3\" data-element_type=\"container\" data-settings=\"{&quot;animation&quot;:&quot;fadeInUp&quot;,&quot;animation_delay&quot;:500}\">\n\t\t<div class=\"elementor-element elementor-element-18f8359 e-con-full e-flex e-con e-child\" data-id=\"18f8359\" data-element_type=\"container\">\n\t\t\t\t<div class=\"elementor-element elementor-element-bfed014 elementor-invisible elementor-widget elementor-widget-heading\" data-id=\"bfed014\" data-element_type=\"widget\" data-settings=\"{&quot;_animation&quot;:&quot;fadeInUp&quot;}\" data-widget_type=\"heading.default\">\n\t\t\t\t\t<h2 class=\"elementor-heading-title elementor-size-default\">Supporters<\/h2>\t\t\t\t<\/div>\n\t\t\t\t<\/div>\n\t\t<div class=\"elementor-element elementor-element-17976d6 e-grid e-con-full e-con e-child\" data-id=\"17976d6\" data-element_type=\"container\">\n\t\t<div class=\"elementor-element elementor-element-c9b73ec e-con-full e-flex e-con e-child\" data-id=\"c9b73ec\" data-element_type=\"container\" data-settings=\"{&quot;background_background&quot;:&quot;classic&quot;}\">\n\t\t\t\t<div class=\"elementor-element elementor-element-0a5837a elementor-widget elementor-widget-image\" data-id=\"0a5837a\" data-element_type=\"widget\" data-widget_type=\"image.default\">\n\t\t\t\t\t\t\t\t\t\t\t\t\t\t\t\t<a href=\"https:\/\/www.latschbacher.com\/\" target=\"_blank\">\n\t\t\t\t\t\t\t<img loading=\"lazy\" decoding=\"async\" width=\"723\" height=\"237\" src=\"https:\/\/forstunternehmer.ch\/wp-content\/uploads\/2025\/02\/Latschbacher-Logo_4C_RGB-web1.png\" class=\"attachment-full size-full wp-image-1475\" alt=\"\" srcset=\"https:\/\/forstunternehmer.ch\/wp-content\/uploads\/2025\/02\/Latschbacher-Logo_4C_RGB-web1.png 723w, https:\/\/forstunternehmer.ch\/wp-content\/uploads\/2025\/02\/Latschbacher-Logo_4C_RGB-web1-300x98.png 300w, https:\/\/forstunternehmer.ch\/wp-content\/uploads\/2025\/02\/Latschbacher-Logo_4C_RGB-web1-18x6.png 18w\" sizes=\"(max-width: 723px) 100vw, 723px\" \/>\t\t\t\t\t\t\t\t<\/a>\n\t\t\t\t\t\t\t\t\t\t\t\t\t\t\t<\/div>\n\t\t\t\t<\/div>\n\t\t<div class=\"elementor-element elementor-element-c33a040 e-con-full e-flex e-con e-child\" data-id=\"c33a040\" data-element_type=\"container\" data-settings=\"{&quot;background_background&quot;:&quot;classic&quot;}\">\n\t\t\t\t<div class=\"elementor-element elementor-element-d123fa3 elementor-widget elementor-widget-image\" data-id=\"d123fa3\" data-element_type=\"widget\" data-widget_type=\"image.default\">\n\t\t\t\t\t\t\t\t\t\t\t\t\t\t\t\t<a href=\"https:\/\/www.wyssenseilbahnen.com\/\" target=\"_blank\">\n\t\t\t\t\t\t\t<img loading=\"lazy\" decoding=\"async\" width=\"200\" height=\"30\" src=\"https:\/\/forstunternehmer.ch\/wp-content\/uploads\/2025\/02\/cropped-wyssen_sb_4c-200x30-1.png\" class=\"attachment-full size-full wp-image-1532\" alt=\"\" srcset=\"https:\/\/forstunternehmer.ch\/wp-content\/uploads\/2025\/02\/cropped-wyssen_sb_4c-200x30-1.png 200w, https:\/\/forstunternehmer.ch\/wp-content\/uploads\/2025\/02\/cropped-wyssen_sb_4c-200x30-1-18x3.png 18w\" sizes=\"(max-width: 200px) 100vw, 200px\" \/>\t\t\t\t\t\t\t\t<\/a>\n\t\t\t\t\t\t\t\t\t\t\t\t\t\t\t<\/div>\n\t\t\t\t<\/div>\n\t\t<div class=\"elementor-element elementor-element-279beb8 e-con-full e-flex e-con e-child\" data-id=\"279beb8\" data-element_type=\"container\" data-settings=\"{&quot;background_background&quot;:&quot;classic&quot;}\">\n\t\t\t\t<div class=\"elementor-element elementor-element-fb907b8 elementor-widget elementor-widget-image\" data-id=\"fb907b8\" data-element_type=\"widget\" data-widget_type=\"image.default\">\n\t\t\t\t\t\t\t\t\t\t\t\t\t\t\t\t<a href=\"https:\/\/jenni-holz.ch\/\" target=\"_blank\">\n\t\t\t\t\t\t\t<img loading=\"lazy\" decoding=\"async\" width=\"2227\" height=\"1968\" src=\"https:\/\/forstunternehmer.ch\/wp-content\/uploads\/2025\/11\/GetAttachmentThumbnail-3-1.png\" class=\"attachment-full size-full wp-image-2180\" alt=\"\" srcset=\"https:\/\/forstunternehmer.ch\/wp-content\/uploads\/2025\/11\/GetAttachmentThumbnail-3-1.png 2227w, https:\/\/forstunternehmer.ch\/wp-content\/uploads\/2025\/11\/GetAttachmentThumbnail-3-1-300x265.png 300w, https:\/\/forstunternehmer.ch\/wp-content\/uploads\/2025\/11\/GetAttachmentThumbnail-3-1-1024x905.png 1024w, https:\/\/forstunternehmer.ch\/wp-content\/uploads\/2025\/11\/GetAttachmentThumbnail-3-1-768x679.png 768w, https:\/\/forstunternehmer.ch\/wp-content\/uploads\/2025\/11\/GetAttachmentThumbnail-3-1-1536x1357.png 1536w, https:\/\/forstunternehmer.ch\/wp-content\/uploads\/2025\/11\/GetAttachmentThumbnail-3-1-2048x1810.png 2048w, https:\/\/forstunternehmer.ch\/wp-content\/uploads\/2025\/11\/GetAttachmentThumbnail-3-1-14x12.png 14w\" sizes=\"(max-width: 2227px) 100vw, 2227px\" \/>\t\t\t\t\t\t\t\t<\/a>\n\t\t\t\t\t\t\t\t\t\t\t\t\t\t\t<\/div>\n\t\t\t\t<\/div>\n\t\t<div class=\"elementor-element elementor-element-b264e12 e-con-full e-flex e-con e-child\" data-id=\"b264e12\" data-element_type=\"container\" data-settings=\"{&quot;background_background&quot;:&quot;classic&quot;}\">\n\t\t\t\t<div class=\"elementor-element elementor-element-bfb2cc1 elementor-widget elementor-widget-image\" data-id=\"bfb2cc1\" data-element_type=\"widget\" data-widget_type=\"image.default\">\n\t\t\t\t\t\t\t\t\t\t\t\t\t\t\t\t<a href=\"https:\/\/meierforst.ch\/\" target=\"_blank\">\n\t\t\t\t\t\t\t<img loading=\"lazy\" decoding=\"async\" width=\"2560\" height=\"604\" src=\"https:\/\/forstunternehmer.ch\/wp-content\/uploads\/2025\/11\/GetAttachmentThumbnail-2-1-scaled.png\" class=\"attachment-full size-full wp-image-2179\" alt=\"\" srcset=\"https:\/\/forstunternehmer.ch\/wp-content\/uploads\/2025\/11\/GetAttachmentThumbnail-2-1-scaled.png 2560w, https:\/\/forstunternehmer.ch\/wp-content\/uploads\/2025\/11\/GetAttachmentThumbnail-2-1-300x71.png 300w, https:\/\/forstunternehmer.ch\/wp-content\/uploads\/2025\/11\/GetAttachmentThumbnail-2-1-1024x242.png 1024w, https:\/\/forstunternehmer.ch\/wp-content\/uploads\/2025\/11\/GetAttachmentThumbnail-2-1-768x181.png 768w, https:\/\/forstunternehmer.ch\/wp-content\/uploads\/2025\/11\/GetAttachmentThumbnail-2-1-1536x363.png 1536w, https:\/\/forstunternehmer.ch\/wp-content\/uploads\/2025\/11\/GetAttachmentThumbnail-2-1-2048x483.png 2048w, https:\/\/forstunternehmer.ch\/wp-content\/uploads\/2025\/11\/GetAttachmentThumbnail-2-1-18x4.png 18w\" sizes=\"(max-width: 2560px) 100vw, 2560px\" \/>\t\t\t\t\t\t\t\t<\/a>\n\t\t\t\t\t\t\t\t\t\t\t\t\t\t\t<\/div>\n\t\t\t\t<\/div>\n\t\t<div class=\"elementor-element elementor-element-dcb7128 e-con-full e-flex e-con e-child\" data-id=\"dcb7128\" data-element_type=\"container\" data-settings=\"{&quot;background_background&quot;:&quot;classic&quot;}\">\n\t\t\t\t<div class=\"elementor-element elementor-element-53fb04f elementor-widget elementor-widget-image\" data-id=\"53fb04f\" data-element_type=\"widget\" data-widget_type=\"image.default\">\n\t\t\t\t\t\t\t\t\t\t\t\t\t\t\t\t<a href=\"https:\/\/www.holztrans.ch\/\" target=\"_blank\">\n\t\t\t\t\t\t\t<img loading=\"lazy\" decoding=\"async\" width=\"2560\" height=\"817\" src=\"https:\/\/forstunternehmer.ch\/wp-content\/uploads\/2026\/03\/01_Primary-Logo_HT-Forst_Original-scaled-3.png\" class=\"attachment-full size-full wp-image-2277\" alt=\"\" srcset=\"https:\/\/forstunternehmer.ch\/wp-content\/uploads\/2026\/03\/01_Primary-Logo_HT-Forst_Original-scaled-3.png 2560w, https:\/\/forstunternehmer.ch\/wp-content\/uploads\/2026\/03\/01_Primary-Logo_HT-Forst_Original-scaled-3-300x96.png 300w, https:\/\/forstunternehmer.ch\/wp-content\/uploads\/2026\/03\/01_Primary-Logo_HT-Forst_Original-scaled-3-1024x327.png 1024w, https:\/\/forstunternehmer.ch\/wp-content\/uploads\/2026\/03\/01_Primary-Logo_HT-Forst_Original-scaled-3-768x245.png 768w, https:\/\/forstunternehmer.ch\/wp-content\/uploads\/2026\/03\/01_Primary-Logo_HT-Forst_Original-scaled-3-1536x490.png 1536w, https:\/\/forstunternehmer.ch\/wp-content\/uploads\/2026\/03\/01_Primary-Logo_HT-Forst_Original-scaled-3-2048x654.png 2048w, https:\/\/forstunternehmer.ch\/wp-content\/uploads\/2026\/03\/01_Primary-Logo_HT-Forst_Original-scaled-3-18x6.png 18w\" sizes=\"(max-width: 2560px) 100vw, 2560px\" \/>\t\t\t\t\t\t\t\t<\/a>\n\t\t\t\t\t\t\t\t\t\t\t\t\t\t\t<\/div>\n\t\t\t\t<\/div>\n\t\t<div class=\"elementor-element elementor-element-4ffe8b2 e-con-full e-flex e-con e-child\" data-id=\"4ffe8b2\" data-element_type=\"container\" data-settings=\"{&quot;background_background&quot;:&quot;classic&quot;}\">\n\t\t\t\t<div class=\"elementor-element elementor-element-c1f5cec elementor-widget elementor-widget-image\" data-id=\"c1f5cec\" data-element_type=\"widget\" data-widget_type=\"image.default\">\n\t\t\t\t\t\t\t\t\t\t\t\t\t\t\t\t<a href=\"https:\/\/www.faellag.ch\/\" target=\"_blank\">\n\t\t\t\t\t\t\t<img loading=\"lazy\" decoding=\"async\" width=\"360\" height=\"182\" src=\"https:\/\/forstunternehmer.ch\/wp-content\/uploads\/2025\/12\/Bildschirmfoto-2025-12-01-um-14.58.03.png\" class=\"attachment-full size-full wp-image-2196\" alt=\"\" srcset=\"https:\/\/forstunternehmer.ch\/wp-content\/uploads\/2025\/12\/Bildschirmfoto-2025-12-01-um-14.58.03.png 360w, https:\/\/forstunternehmer.ch\/wp-content\/uploads\/2025\/12\/Bildschirmfoto-2025-12-01-um-14.58.03-300x152.png 300w, https:\/\/forstunternehmer.ch\/wp-content\/uploads\/2025\/12\/Bildschirmfoto-2025-12-01-um-14.58.03-18x9.png 18w\" sizes=\"(max-width: 360px) 100vw, 360px\" \/>\t\t\t\t\t\t\t\t<\/a>\n\t\t\t\t\t\t\t\t\t\t\t\t\t\t\t<\/div>\n\t\t\t\t<\/div>\n\t\t\t\t<\/div>\n\t\t\t\t<\/div>\n\t\t<div class=\"elementor-element elementor-element-bc0f0d5 animated-fast e-con-full e-flex elementor-invisible e-con e-child\" data-id=\"bc0f0d5\" data-element_type=\"container\" data-settings=\"{&quot;animation&quot;:&quot;fadeInUp&quot;,&quot;animation_delay&quot;:500}\">\n\t\t<div class=\"elementor-element elementor-element-00a1fef e-con-full e-flex e-con e-child\" data-id=\"00a1fef\" data-element_type=\"container\">\n\t\t\t\t<div class=\"elementor-element elementor-element-945eb25 elementor-invisible elementor-widget elementor-widget-heading\" data-id=\"945eb25\" data-element_type=\"widget\" data-settings=\"{&quot;_animation&quot;:&quot;fadeInUp&quot;}\" data-widget_type=\"heading.default\">\n\t\t\t\t\t<h3 class=\"elementor-heading-title elementor-size-default\">Bienfaiteur<\/h3>\t\t\t\t<\/div>\n\t\t\t\t<\/div>\n\t\t<div class=\"elementor-element elementor-element-2de9177 e-grid e-con-full e-con e-child\" data-id=\"2de9177\" data-element_type=\"container\">\n\t\t<div class=\"elementor-element elementor-element-4fb629e e-con-full e-flex e-con e-child\" data-id=\"4fb629e\" data-element_type=\"container\" data-settings=\"{&quot;background_background&quot;:&quot;classic&quot;}\">\n\t\t\t\t<div class=\"elementor-element elementor-element-3d39bc7 elementor-widget elementor-widget-image\" data-id=\"3d39bc7\" data-element_type=\"widget\" data-widget_type=\"image.default\">\n\t\t\t\t\t\t\t\t\t\t\t\t\t\t\t\t<a href=\"https:\/\/www.rappoag.ch\/\" target=\"_blank\">\n\t\t\t\t\t\t\t<img decoding=\"async\" src=\"https:\/\/forstunternehmer.ch\/wp-content\/uploads\/elementor\/thumbs\/Gebr.RappoAG-r1z2ab157jfzufxlvp16c7km00mdj6d5calgu6n1m0.png\" title=\"Gebr.RappoAG\" alt=\"Gebr.RappoAG\" loading=\"lazy\" \/>\t\t\t\t\t\t\t\t<\/a>\n\t\t\t\t\t\t\t\t\t\t\t\t\t\t\t<\/div>\n\t\t\t\t<\/div>\n\t\t<div class=\"elementor-element elementor-element-4cb4ed5 e-con-full e-flex e-con e-child\" data-id=\"4cb4ed5\" data-element_type=\"container\" data-settings=\"{&quot;background_background&quot;:&quot;classic&quot;}\">\n\t\t\t\t<div class=\"elementor-element elementor-element-0eac0dd elementor-widget elementor-widget-image\" data-id=\"0eac0dd\" data-element_type=\"widget\" data-widget_type=\"image.default\">\n\t\t\t\t\t\t\t\t\t\t\t\t\t\t\t\t<a href=\"https:\/\/www.hbc-radiomatic.com\/ch\/startseite.html\" target=\"_blank\">\n\t\t\t\t\t\t\t<img decoding=\"async\" src=\"https:\/\/forstunternehmer.ch\/wp-content\/uploads\/elementor\/thumbs\/HBC-r1z29d6ydi5o8hardaelug40m595u2mt7n3zk8187c.jpg\" title=\"HBC\" alt=\"HBC\" loading=\"lazy\" \/>\t\t\t\t\t\t\t\t<\/a>\n\t\t\t\t\t\t\t\t\t\t\t\t\t\t\t<\/div>\n\t\t\t\t<\/div>\n\t\t<div class=\"elementor-element elementor-element-c3baf35 e-con-full e-flex e-con e-child\" data-id=\"c3baf35\" data-element_type=\"container\" data-settings=\"{&quot;background_background&quot;:&quot;classic&quot;}\">\n\t\t\t\t<div class=\"elementor-element elementor-element-b905a62 elementor-widget elementor-widget-image\" data-id=\"b905a62\" data-element_type=\"widget\" data-widget_type=\"image.default\">\n\t\t\t\t\t\t\t\t\t\t\t\t\t\t\t\t<a href=\"https:\/\/www.vonatzigenag.ch\/\" target=\"_blank\">\n\t\t\t\t\t\t\t<img decoding=\"async\" src=\"https:\/\/forstunternehmer.ch\/wp-content\/uploads\/elementor\/thumbs\/AtzigenAG-r1z290z1wnoy1jsicn4gg170w4xe20aatymobmjct0.png\" title=\"AtzigenAG\" alt=\"AtzigenAG\" loading=\"lazy\" \/>\t\t\t\t\t\t\t\t<\/a>\n\t\t\t\t\t\t\t\t\t\t\t\t\t\t\t<\/div>\n\t\t\t\t<\/div>\n\t\t<div class=\"elementor-element elementor-element-b76c3dd e-con-full e-flex e-con e-child\" data-id=\"b76c3dd\" data-element_type=\"container\" data-settings=\"{&quot;background_background&quot;:&quot;classic&quot;}\">\n\t\t\t\t<div class=\"elementor-element elementor-element-7d7f1ea elementor-widget elementor-widget-image\" data-id=\"7d7f1ea\" data-element_type=\"widget\" data-widget_type=\"image.default\">\n\t\t\t\t\t\t\t\t\t\t\t\t\t\t\t\t<a href=\"https:\/\/eu.felco.com\/de\" target=\"_blank\">\n\t\t\t\t\t\t\t<img decoding=\"async\" src=\"https:\/\/forstunternehmer.ch\/wp-content\/uploads\/elementor\/thumbs\/Felco-r1z28vc0rnh83w0p9kop12m9btp6rtnwt6prfyrpuc.jpeg\" title=\"Felco\" alt=\"Felco\" loading=\"lazy\" \/>\t\t\t\t\t\t\t\t<\/a>\n\t\t\t\t\t\t\t\t\t\t\t\t\t\t\t<\/div>\n\t\t\t\t<\/div>\n\t\t<div class=\"elementor-element elementor-element-92ec120 e-con-full e-flex e-con e-child\" data-id=\"92ec120\" data-element_type=\"container\" data-settings=\"{&quot;background_background&quot;:&quot;classic&quot;}\">\n\t\t\t\t<div class=\"elementor-element elementor-element-e9859e3 elementor-widget elementor-widget-image\" data-id=\"e9859e3\" data-element_type=\"widget\" data-widget_type=\"image.default\">\n\t\t\t\t\t\t\t\t\t\t\t\t\t\t\t\t<a href=\"https:\/\/www.herzog-forsttechnik.ch\/\" target=\"_blank\">\n\t\t\t\t\t\t\t<img decoding=\"async\" src=\"https:\/\/forstunternehmer.ch\/wp-content\/uploads\/elementor\/thumbs\/HerzogForsttechnik-r1z28qmtthashu7j10nk6lsycwccpc594jgc1kynvg.png\" title=\"HerzogTechnique foresti\u00e8re\" alt=\"HerzogForsttechnik\" loading=\"lazy\" \/>\t\t\t\t\t\t\t\t<\/a>\n\t\t\t\t\t\t\t\t\t\t\t\t\t\t\t<\/div>\n\t\t\t\t<\/div>\n\t\t<div class=\"elementor-element elementor-element-8cc5791 e-con-full e-flex e-con e-child\" data-id=\"8cc5791\" data-element_type=\"container\" data-settings=\"{&quot;background_background&quot;:&quot;classic&quot;}\">\n\t\t\t\t<div class=\"elementor-element elementor-element-b4794ee elementor-widget elementor-widget-image\" data-id=\"b4794ee\" data-element_type=\"widget\" data-widget_type=\"image.default\">\n\t\t\t\t\t\t\t\t\t\t\t\t\t\t\t\t<a href=\"https:\/\/www.husqvarna.com\/ch-de\/\" target=\"_blank\">\n\t\t\t\t\t\t\t<img decoding=\"async\" src=\"https:\/\/forstunternehmer.ch\/wp-content\/uploads\/elementor\/thumbs\/Husqvarna-r1z28tgcdzengo3fkjvfw33c51ygcfgg4xesheuhdm.png\" title=\"Husqvarna\" alt=\"Husqvarna\" loading=\"lazy\" \/>\t\t\t\t\t\t\t\t<\/a>\n\t\t\t\t\t\t\t\t\t\t\t\t\t\t\t<\/div>\n\t\t\t\t<\/div>\n\t\t<div class=\"elementor-element elementor-element-a0c352a e-con-full e-flex e-con e-child\" data-id=\"a0c352a\" data-element_type=\"container\" data-settings=\"{&quot;background_background&quot;:&quot;classic&quot;}\">\n\t\t\t\t<div class=\"elementor-element elementor-element-a4ed200 elementor-widget elementor-widget-image\" data-id=\"a4ed200\" data-element_type=\"widget\" data-widget_type=\"image.default\">\n\t\t\t\t\t\t\t\t\t\t\t\t\t\t\t\t<a href=\"https:\/\/www.intrass.ch\/de\/\" target=\"_blank\">\n\t\t\t\t\t\t\t<img decoding=\"async\" src=\"https:\/\/forstunternehmer.ch\/wp-content\/uploads\/elementor\/thumbs\/Intrass-r1z27pz4exwlx1orz2t3zd1z6vd1d53pzi0ebsh0pq.jpg\" title=\"Microsoft Word - 840 1 FR avec prix\" alt=\"Microsoft Word - 840 1 DE mit Preis\" loading=\"lazy\" \/>\t\t\t\t\t\t\t\t<\/a>\n\t\t\t\t\t\t\t\t\t\t\t\t\t\t\t<\/div>\n\t\t\t\t<\/div>\n\t\t<div class=\"elementor-element elementor-element-1ba917a e-con-full e-flex e-con e-child\" data-id=\"1ba917a\" data-element_type=\"container\" data-settings=\"{&quot;background_background&quot;:&quot;classic&quot;}\">\n\t\t\t\t<div class=\"elementor-element elementor-element-cc396f2 elementor-widget elementor-widget-image\" data-id=\"cc396f2\" data-element_type=\"widget\" data-widget_type=\"image.default\">\n\t\t\t\t\t\t\t\t\t\t\t\t\t\t\t\t<a href=\"https:\/\/www.jakob.com\/ch\/de\" target=\"_blank\">\n\t\t\t\t\t\t\t<img decoding=\"async\" src=\"https:\/\/forstunternehmer.ch\/wp-content\/uploads\/elementor\/thumbs\/JakobeAG-r1z27je933nlnryc1hypzwpr169gv9dlmlfzyuqs3o.jpg\" title=\"JakobeAG\" alt=\"JakobeAG\" loading=\"lazy\" \/>\t\t\t\t\t\t\t\t<\/a>\n\t\t\t\t\t\t\t\t\t\t\t\t\t\t\t<\/div>\n\t\t\t\t<\/div>\n\t\t<div class=\"elementor-element elementor-element-9d60f2d e-con-full e-flex e-con e-child\" data-id=\"9d60f2d\" data-element_type=\"container\" data-settings=\"{&quot;background_background&quot;:&quot;classic&quot;}\">\n\t\t\t\t<div class=\"elementor-element elementor-element-04d8719 elementor-widget elementor-widget-image\" data-id=\"04d8719\" data-element_type=\"widget\" data-widget_type=\"image.default\">\n\t\t\t\t\t\t\t\t\t\t\t\t\t\t\t\t<a href=\"https:\/\/www.seilerei.ch\/\" target=\"_blank\">\n\t\t\t\t\t\t\t<img decoding=\"async\" src=\"https:\/\/forstunternehmer.ch\/wp-content\/uploads\/elementor\/thumbs\/KuertCo-r1z27dr7y3fvq46iyfiyky4zgv19l2r7ltj336z50u.png\" title=\"KuertCo\" alt=\"KuertCo\" loading=\"lazy\" \/>\t\t\t\t\t\t\t\t<\/a>\n\t\t\t\t\t\t\t\t\t\t\t\t\t\t\t<\/div>\n\t\t\t\t<\/div>\n\t\t<div class=\"elementor-element elementor-element-1fc2493 e-con-full e-flex e-con e-child\" data-id=\"1fc2493\" data-element_type=\"container\" data-settings=\"{&quot;background_background&quot;:&quot;classic&quot;}\">\n\t\t\t\t<div class=\"elementor-element elementor-element-d0802d5 elementor-widget elementor-widget-image\" data-id=\"d0802d5\" data-element_type=\"widget\" data-widget_type=\"image.default\">\n\t\t\t\t\t\t\t\t\t\t\t\t\t\t\t\t<a href=\"https:\/\/www.lehmann-trub.com\/\" target=\"_blank\">\n\t\t\t\t\t\t\t<img decoding=\"async\" src=\"https:\/\/forstunternehmer.ch\/wp-content\/uploads\/elementor\/thumbs\/LehmanBruno-r1z2768iff5l58hg6c9y101aps2bvhxcwsb78zaaz6.png\" title=\"LehmanBruno\" alt=\"LehmanBruno\" loading=\"lazy\" \/>\t\t\t\t\t\t\t\t<\/a>\n\t\t\t\t\t\t\t\t\t\t\t\t\t\t\t<\/div>\n\t\t\t\t<\/div>\n\t\t<div class=\"elementor-element elementor-element-68f6c6d e-con-full e-flex e-con e-child\" data-id=\"68f6c6d\" data-element_type=\"container\" data-settings=\"{&quot;background_background&quot;:&quot;classic&quot;}\">\n\t\t\t\t<div class=\"elementor-element elementor-element-c00532f elementor-widget elementor-widget-image\" data-id=\"c00532f\" data-element_type=\"widget\" data-widget_type=\"image.default\">\n\t\t\t\t\t\t\t\t\t\t\t\t\t\t\t\t<a href=\"https:\/\/www.rotex-helicopter.ch\/\" target=\"_blank\">\n\t\t\t\t\t\t\t<img decoding=\"async\" src=\"https:\/\/forstunternehmer.ch\/wp-content\/uploads\/elementor\/thumbs\/RotexHelicopter-r1z26t2rrqnkmp0kb6l623cuedv6vqh46z6ej3tsz0.png\" title=\"RotexHelicopter\" alt=\"RotexHelicopter\" loading=\"lazy\" \/>\t\t\t\t\t\t\t\t<\/a>\n\t\t\t\t\t\t\t\t\t\t\t\t\t\t\t<\/div>\n\t\t\t\t<\/div>\n\t\t<div class=\"elementor-element elementor-element-54babf9 e-con-full e-flex e-con e-child\" data-id=\"54babf9\" data-element_type=\"container\" data-settings=\"{&quot;background_background&quot;:&quot;classic&quot;}\">\n\t\t\t\t<div class=\"elementor-element elementor-element-b634805 elementor-widget elementor-widget-image\" data-id=\"b634805\" data-element_type=\"widget\" data-widget_type=\"image.default\">\n\t\t\t\t\t\t\t\t\t\t\t\t\t\t\t\t<a href=\"https:\/\/www.walser-gruppe.com\/de\/at\/\" target=\"_blank\">\n\t\t\t\t\t\t\t<img decoding=\"async\" src=\"https:\/\/forstunternehmer.ch\/wp-content\/uploads\/elementor\/thumbs\/walser-r1z268ebldv9j9ulnxndj8kpbwp46e70s4tpz0oh0s.png\" title=\"walser\" alt=\"walser\" loading=\"lazy\" \/>\t\t\t\t\t\t\t\t<\/a>\n\t\t\t\t\t\t\t\t\t\t\t\t\t\t\t<\/div>\n\t\t\t\t<\/div>\n\t\t<div class=\"elementor-element elementor-element-7451a0e e-con-full e-flex e-con e-child\" data-id=\"7451a0e\" data-element_type=\"container\" data-settings=\"{&quot;background_background&quot;:&quot;classic&quot;}\">\n\t\t\t\t<div class=\"elementor-element elementor-element-5445f4b elementor-widget elementor-widget-image\" data-id=\"5445f4b\" data-element_type=\"widget\" data-widget_type=\"image.default\">\n\t\t\t\t\t\t\t\t\t\t\t\t\t\t\t\t<a href=\"https:\/\/www.wyssenseilbahnen.com\/\" target=\"_blank\">\n\t\t\t\t\t\t\t<img decoding=\"async\" src=\"https:\/\/forstunternehmer.ch\/wp-content\/uploads\/elementor\/thumbs\/Wyssen-r1z26km828bzq7cuokxixnhp1x0vygjj5tb17m6c72.png\" title=\"Wyssen\" alt=\"Wyssen\" loading=\"lazy\" \/>\t\t\t\t\t\t\t\t<\/a>\n\t\t\t\t\t\t\t\t\t\t\t\t\t\t\t<\/div>\n\t\t\t\t<\/div>\n\t\t<div class=\"elementor-element elementor-element-1c299b7 e-con-full e-flex e-con e-child\" data-id=\"1c299b7\" data-element_type=\"container\" data-settings=\"{&quot;background_background&quot;:&quot;classic&quot;}\">\n\t\t\t\t<div class=\"elementor-element elementor-element-299b1f2 elementor-widget elementor-widget-image\" data-id=\"299b1f2\" data-element_type=\"widget\" data-widget_type=\"image.default\">\n\t\t\t\t\t\t\t\t\t\t\t\t\t\t\t\t<a href=\"https:\/\/motorex.com\/de-ch\" target=\"_blank\">\n\t\t\t\t\t\t\t<img decoding=\"async\" src=\"https:\/\/forstunternehmer.ch\/wp-content\/uploads\/elementor\/thumbs\/MotorexNegRGB-r7fdtcrbimd8xun29eynjx6foodd5kzm125act6tde.jpg\" title=\"MotorexNegRGB\" alt=\"MotorexNegRGB\" loading=\"lazy\" \/>\t\t\t\t\t\t\t\t<\/a>\n\t\t\t\t\t\t\t\t\t\t\t\t\t\t\t<\/div>\n\t\t\t\t<\/div>\n\t\t<div class=\"elementor-element elementor-element-2b05aaa e-con-full e-flex e-con e-child\" data-id=\"2b05aaa\" data-element_type=\"container\" data-settings=\"{&quot;background_background&quot;:&quot;classic&quot;}\">\n\t\t\t\t<div class=\"elementor-element elementor-element-75107b8 elementor-widget elementor-widget-image\" data-id=\"75107b8\" data-element_type=\"widget\" data-widget_type=\"image.default\">\n\t\t\t\t\t\t\t\t\t\t\t\t\t\t\t\t<a href=\"https:\/\/www.robert-aebi.ch\/de\/\" target=\"_blank\">\n\t\t\t\t\t\t\t<img decoding=\"async\" src=\"https:\/\/forstunternehmer.ch\/wp-content\/uploads\/elementor\/thumbs\/RobertAebi-r1z26znn3kwkvyr08rfk1jp2k2yrdm78jvqsw1k1na.png\" title=\"RobertAebi\" alt=\"RobertAebi\" loading=\"lazy\" \/>\t\t\t\t\t\t\t\t<\/a>\n\t\t\t\t\t\t\t\t\t\t\t\t\t\t\t<\/div>\n\t\t\t\t<\/div>\n\t\t<div class=\"elementor-element elementor-element-0f7dac2 e-con-full e-flex e-con e-child\" data-id=\"0f7dac2\" data-element_type=\"container\" data-settings=\"{&quot;background_background&quot;:&quot;classic&quot;}\">\n\t\t\t\t<div class=\"elementor-element elementor-element-93bc9c7 elementor-widget elementor-widget-image\" data-id=\"93bc9c7\" data-element_type=\"widget\" data-widget_type=\"image.default\">\n\t\t\t\t\t\t\t\t\t\t\t\t\t\t\t\t<a href=\"https:\/\/www.swissgrid.ch\/de\/home.html\" target=\"_blank\">\n\t\t\t\t\t\t\t<img decoding=\"async\" src=\"https:\/\/forstunternehmer.ch\/wp-content\/uploads\/elementor\/thumbs\/swissgrid-ag-logo-r1z26jodveapele7u2iwd5q8gj5iqrfstonjqc7qgw.png\" title=\"swissgrid-ag-logo\" alt=\"swissgrid-ag-logo\" loading=\"lazy\" \/>\t\t\t\t\t\t\t\t<\/a>\n\t\t\t\t\t\t\t\t\t\t\t\t\t\t\t<\/div>\n\t\t\t\t<\/div>\n\t\t<div class=\"elementor-element elementor-element-e7a4056 e-con-full e-flex e-con e-child\" data-id=\"e7a4056\" data-element_type=\"container\" data-settings=\"{&quot;background_background&quot;:&quot;classic&quot;}\">\n\t\t\t\t<div class=\"elementor-element elementor-element-667359c elementor-widget elementor-widget-image\" data-id=\"667359c\" data-element_type=\"widget\" data-widget_type=\"image.default\">\n\t\t\t\t\t\t\t\t\t\t\t\t\t\t\t\t<a href=\"https:\/\/www.emme-forstbaumschulen.ch\/\" target=\"_blank\">\n\t\t\t\t\t\t\t<img decoding=\"async\" src=\"https:\/\/forstunternehmer.ch\/wp-content\/uploads\/elementor\/thumbs\/EmmeForstbaumschulen-r1z2a2kli14exy9w93dj7rpgnjs2lwfkb4q3iozl7o.png\" title=\"P\u00e9pini\u00e8res foresti\u00e8res Emme\" alt=\"EmmeForstbaumschulen\" loading=\"lazy\" \/>\t\t\t\t\t\t\t\t<\/a>\n\t\t\t\t\t\t\t\t\t\t\t\t\t\t\t<\/div>\n\t\t\t\t<\/div>\n\t\t<div class=\"elementor-element elementor-element-b1ad613 e-con-full e-flex e-con e-child\" data-id=\"b1ad613\" data-element_type=\"container\" data-settings=\"{&quot;background_background&quot;:&quot;classic&quot;}\">\n\t\t\t\t<div class=\"elementor-element elementor-element-47dbca1 elementor-widget elementor-widget-image\" data-id=\"47dbca1\" data-element_type=\"widget\" data-widget_type=\"image.default\">\n\t\t\t\t\t\t\t\t\t\t\t\t\t\t\t\t<a href=\"https:\/\/www.riehen.ch\/verwaltung\/abteilungen\/27_forst\" target=\"_blank\">\n\t\t\t\t\t\t\t<img decoding=\"async\" src=\"https:\/\/forstunternehmer.ch\/wp-content\/uploads\/elementor\/thumbs\/s119-r5cmuzg9menq7s2fjfpjwbxgnvt3xlgg1g4ievs6ji.jpg\" title=\"s119\" alt=\"s119\" loading=\"lazy\" \/>\t\t\t\t\t\t\t\t<\/a>\n\t\t\t\t\t\t\t\t\t\t\t\t\t\t\t<\/div>\n\t\t\t\t<\/div>\n\t\t\t\t<\/div>\n\t\t\t\t<\/div>\n\t\t\t\t\t<\/div>\n\t\t\t\t<\/div>\n\t\t<section class=\"elementor-element elementor-element-c825220 e-flex e-con-boxed e-con e-parent\" data-id=\"c825220\" data-element_type=\"container\" data-settings=\"{&quot;background_background&quot;:&quot;classic&quot;}\">\n\t\t\t\t\t<div class=\"e-con-inner\">\n\t\t<div class=\"elementor-element elementor-element-e8dda77 animated-fast e-flex e-con-boxed elementor-invisible e-con e-child\" data-id=\"e8dda77\" data-element_type=\"container\" data-settings=\"{&quot;animation&quot;:&quot;fadeIn&quot;,&quot;animation_delay&quot;:500}\">\n\t\t\t\t\t<div class=\"e-con-inner\">\n\t\t\t\t<div class=\"elementor-element elementor-element-10750a6 elementor-invisible elementor-widget elementor-widget-heading\" data-id=\"10750a6\" data-element_type=\"widget\" data-settings=\"{&quot;_animation&quot;:&quot;fadeInUp&quot;}\" data-widget_type=\"heading.default\">\n\t\t\t\t\t<h2 class=\"elementor-heading-title elementor-size-default\">Contact<\/h2>\t\t\t\t<\/div>\n\t\t\t\t\t<\/div>\n\t\t\t\t<\/div>\n\t\t<div class=\"elementor-element elementor-element-f0f73e1 e-con-full e-flex e-con e-child\" data-id=\"f0f73e1\" data-element_type=\"container\">\n\t\t\t\t<div class=\"elementor-element elementor-element-903190e elementor-widget__width-initial elementor-widget-mobile__width-inherit elementor-widget elementor-widget-text-editor\" data-id=\"903190e\" data-element_type=\"widget\" data-widget_type=\"text-editor.default\">\n\t\t\t\t\t\t\t\t\t<p class=\"font-claude-response-body break-words whitespace-normal leading-[1.7]\">Vous avez des questions sur l'affiliation, le concept de partenariat, le droit du travail, la certification ou les solutions sectorielles ? Nous sommes \u00e0 votre disposition.<\/p><p class=\"font-claude-response-body break-words whitespace-normal leading-[1.7]\">Ecrivez-nous : <a href=\"mailto:info@forstunternehmer.ch\" target=\"_blank\" rel=\"noopener\"><strong>info@forstunternehmer.ch<\/strong><\/a><\/p>\t\t\t\t\t\t\t\t<\/div>\n\t\t\t\t<div class=\"elementor-element elementor-element-38abbab elementor-widget__width-initial animated-fast elementor-invisible elementor-widget elementor-widget-google_maps\" data-id=\"38abbab\" data-element_type=\"widget\" data-settings=\"{&quot;_animation&quot;:&quot;fadeIn&quot;,&quot;_animation_delay&quot;:500}\" data-widget_type=\"google_maps.default\">\n\t\t\t\t\t\t\t<div class=\"elementor-custom-embed\">\n\t\t\t<iframe loading=\"lazy\"\n\t\t\t\t\tsrc=\"https:\/\/maps.google.com\/maps?q=Helvetiastrasse%2017%203000%20Bern&#038;t=m&#038;z=15&#038;output=embed&#038;iwloc=near\"\n\t\t\t\t\ttitle=\"Helvetiastrasse 17 3000 Berne\"\n\t\t\t\t\taria-label=\"Helvetiastrasse 17 3000 Berne\"\n\t\t\t><\/iframe>\n\t\t<\/div>\n\t\t\t\t\t\t<\/div>\n\t\t\t\t<\/div>\n\t\t\t\t\t<\/div>\n\t\t\t\t<\/section>\n\t\t\t\t<\/div>","protected":false},"excerpt":{"rendered":"<p>150+ Aktive Partner Partner werden Partner Unterst\u00fctzer G\u00f6nner Kontakt Haben Sie Fragen zu Mitgliedschaft, Partnerkonzept, Arbeitsrecht, Zertifizierung oder Branchenl\u00f6sungen? Wir sind gerne f\u00fcr Sie da. Schreiben Sie uns an: info@forstunternehmer.ch<\/p>","protected":false},"author":1,"featured_media":0,"parent":0,"menu_order":0,"comment_status":"closed","ping_status":"closed","template":"","meta":{"_acf_changed":false,"footnotes":""},"class_list":["post-1419","page","type-page","status-publish","hentry"],"acf":[],"yoast_head":"<!-- This site is optimized with the Yoast SEO plugin v26.8 - https:\/\/yoast.com\/product\/yoast-seo-wordpress\/ -->\n<title>Sponsoren Forstunternehmer Schweiz | Partner der Waldwirtschaft<\/title>\n<meta name=\"description\" content=\"Lernen Sie die Sponsoren der Forstunternehmer Schweiz kennen. Unsere Partner unterst\u00fctzen nachhaltige Forstwirtschaft und innovative Waldl\u00f6sungen.\" \/>\n<meta name=\"robots\" content=\"index, follow, max-snippet:-1, max-image-preview:large, max-video-preview:-1\" \/>\n<link rel=\"canonical\" href=\"https:\/\/forstunternehmer.ch\/fr\/partner\/\" \/>\n<meta property=\"og:locale\" content=\"fr_FR\" \/>\n<meta property=\"og:type\" content=\"article\" \/>\n<meta property=\"og:title\" content=\"Sponsoren Forstunternehmer Schweiz | Partner der Waldwirtschaft\" \/>\n<meta property=\"og:description\" content=\"Lernen Sie die Sponsoren der Forstunternehmer Schweiz kennen. Unsere Partner unterst\u00fctzen nachhaltige Forstwirtschaft und innovative Waldl\u00f6sungen.\" \/>\n<meta property=\"og:url\" content=\"https:\/\/forstunternehmer.ch\/fr\/partner\/\" \/>\n<meta property=\"og:site_name\" content=\"Forstunternehmer Schweiz\" \/>\n<meta property=\"article:publisher\" content=\"https:\/\/www.facebook.com\/ForstunternehmerSchweiz\" \/>\n<meta property=\"article:modified_time\" content=\"2026-03-24T14:04:58+00:00\" \/>\n<meta property=\"og:image\" content=\"https:\/\/forstunternehmer.ch\/wp-content\/uploads\/2025\/02\/Intrass-1.jpg\" \/>\n\t<meta property=\"og:image:width\" content=\"1200\" \/>\n\t<meta property=\"og:image:height\" content=\"332\" \/>\n\t<meta property=\"og:image:type\" content=\"image\/jpeg\" \/>\n<meta name=\"twitter:card\" content=\"summary_large_image\" \/>\n<meta name=\"twitter:label1\" content=\"Dur\u00e9e de lecture estim\u00e9e\" \/>\n\t<meta name=\"twitter:data1\" content=\"7 minutes\" \/>\n<script type=\"application\/ld+json\" class=\"yoast-schema-graph\">{\"@context\":\"https:\/\/schema.org\",\"@graph\":[{\"@type\":\"WebPage\",\"@id\":\"https:\/\/forstunternehmer.ch\/partner\/\",\"url\":\"https:\/\/forstunternehmer.ch\/partner\/\",\"name\":\"Sponsoren Forstunternehmer Schweiz | Partner der Waldwirtschaft\",\"isPartOf\":{\"@id\":\"https:\/\/forstunternehmer.ch\/#website\"},\"primaryImageOfPage\":{\"@id\":\"https:\/\/forstunternehmer.ch\/partner\/#primaryimage\"},\"image\":{\"@id\":\"https:\/\/forstunternehmer.ch\/partner\/#primaryimage\"},\"thumbnailUrl\":\"https:\/\/forstunternehmer.ch\/wp-content\/uploads\/2025\/02\/Intrass-1.jpg\",\"datePublished\":\"2025-02-21T10:06:43+00:00\",\"dateModified\":\"2026-03-24T14:04:58+00:00\",\"description\":\"Lernen Sie die Sponsoren der Forstunternehmer Schweiz kennen. Unsere Partner unterst\u00fctzen nachhaltige Forstwirtschaft und innovative Waldl\u00f6sungen.\",\"breadcrumb\":{\"@id\":\"https:\/\/forstunternehmer.ch\/partner\/#breadcrumb\"},\"inLanguage\":\"fr-FR\",\"potentialAction\":[{\"@type\":\"ReadAction\",\"target\":[\"https:\/\/forstunternehmer.ch\/partner\/\"]}]},{\"@type\":\"ImageObject\",\"inLanguage\":\"fr-FR\",\"@id\":\"https:\/\/forstunternehmer.ch\/partner\/#primaryimage\",\"url\":\"https:\/\/forstunternehmer.ch\/wp-content\/uploads\/2025\/02\/Intrass-1.jpg\",\"contentUrl\":\"https:\/\/forstunternehmer.ch\/wp-content\/uploads\/2025\/02\/Intrass-1.jpg\"},{\"@type\":\"BreadcrumbList\",\"@id\":\"https:\/\/forstunternehmer.ch\/partner\/#breadcrumb\",\"itemListElement\":[{\"@type\":\"ListItem\",\"position\":1,\"name\":\"Startseite\",\"item\":\"https:\/\/forstunternehmer.ch\/\"},{\"@type\":\"ListItem\",\"position\":2,\"name\":\"Partner\"}]},{\"@type\":\"WebSite\",\"@id\":\"https:\/\/forstunternehmer.ch\/#website\",\"url\":\"https:\/\/forstunternehmer.ch\/\",\"name\":\"Forstunternehmer Schweiz\",\"description\":\"Die zuverl\u00e4ssigen Partner in der Holzkette\",\"publisher\":{\"@id\":\"https:\/\/forstunternehmer.ch\/#organization\"},\"potentialAction\":[{\"@type\":\"SearchAction\",\"target\":{\"@type\":\"EntryPoint\",\"urlTemplate\":\"https:\/\/forstunternehmer.ch\/?s={search_term_string}\"},\"query-input\":{\"@type\":\"PropertyValueSpecification\",\"valueRequired\":true,\"valueName\":\"search_term_string\"}}],\"inLanguage\":\"fr-FR\"},{\"@type\":\"Organization\",\"@id\":\"https:\/\/forstunternehmer.ch\/#organization\",\"name\":\"Forstunternehmer Schweiz\",\"url\":\"https:\/\/forstunternehmer.ch\/\",\"logo\":{\"@type\":\"ImageObject\",\"inLanguage\":\"fr-FR\",\"@id\":\"https:\/\/forstunternehmer.ch\/#\/schema\/logo\/image\/\",\"url\":\"https:\/\/forstunternehmer.ch\/wp-content\/uploads\/2024\/10\/01_Primary-Logo_Badgeversion_Forstunternehmer_DE_original_Ausgeruestet.png\",\"contentUrl\":\"https:\/\/forstunternehmer.ch\/wp-content\/uploads\/2024\/10\/01_Primary-Logo_Badgeversion_Forstunternehmer_DE_original_Ausgeruestet.png\",\"width\":2560,\"height\":2560,\"caption\":\"Forstunternehmer Schweiz\"},\"image\":{\"@id\":\"https:\/\/forstunternehmer.ch\/#\/schema\/logo\/image\/\"},\"sameAs\":[\"https:\/\/www.facebook.com\/ForstunternehmerSchweiz\",\"https:\/\/www.linkedin.com\/company\/forstunternehmer-schweiz\/\"]}]}<\/script>\n<!-- \/ Yoast SEO plugin. -->","yoast_head_json":{"title":"Sponsors Entrepreneurs Forestiers Suisse | Partenaires de l'\u00e9conomie foresti\u00e8re","description":"Faites connaissance avec les sponsors d'Entrepreneurs Forestiers Suisse. Nos partenaires soutiennent la sylviculture durable et les solutions foresti\u00e8res innovantes.","robots":{"index":"index","follow":"follow","max-snippet":"max-snippet:-1","max-image-preview":"max-image-preview:large","max-video-preview":"max-video-preview:-1"},"canonical":"https:\/\/forstunternehmer.ch\/fr\/partner\/","og_locale":"fr_FR","og_type":"article","og_title":"Sponsoren Forstunternehmer Schweiz | Partner der Waldwirtschaft","og_description":"Lernen Sie die Sponsoren der Forstunternehmer Schweiz kennen. Unsere Partner unterst\u00fctzen nachhaltige Forstwirtschaft und innovative Waldl\u00f6sungen.","og_url":"https:\/\/forstunternehmer.ch\/fr\/partner\/","og_site_name":"Forstunternehmer Schweiz","article_publisher":"https:\/\/www.facebook.com\/ForstunternehmerSchweiz","article_modified_time":"2026-03-24T14:04:58+00:00","og_image":[{"width":1200,"height":332,"url":"https:\/\/forstunternehmer.ch\/wp-content\/uploads\/2025\/02\/Intrass-1.jpg","type":"image\/jpeg"}],"twitter_card":"summary_large_image","twitter_misc":{"Dur\u00e9e de lecture estim\u00e9e":"7 minutes"},"schema":{"@context":"https:\/\/schema.org","@graph":[{"@type":"WebPage","@id":"https:\/\/forstunternehmer.ch\/partner\/","url":"https:\/\/forstunternehmer.ch\/partner\/","name":"Sponsors Entrepreneurs Forestiers Suisse | Partenaires de l'\u00e9conomie foresti\u00e8re","isPartOf":{"@id":"https:\/\/forstunternehmer.ch\/#website"},"primaryImageOfPage":{"@id":"https:\/\/forstunternehmer.ch\/partner\/#primaryimage"},"image":{"@id":"https:\/\/forstunternehmer.ch\/partner\/#primaryimage"},"thumbnailUrl":"https:\/\/forstunternehmer.ch\/wp-content\/uploads\/2025\/02\/Intrass-1.jpg","datePublished":"2025-02-21T10:06:43+00:00","dateModified":"2026-03-24T14:04:58+00:00","description":"Faites connaissance avec les sponsors d'Entrepreneurs Forestiers Suisse. Nos partenaires soutiennent la sylviculture durable et les solutions foresti\u00e8res innovantes.","breadcrumb":{"@id":"https:\/\/forstunternehmer.ch\/partner\/#breadcrumb"},"inLanguage":"fr-FR","potentialAction":[{"@type":"ReadAction","target":["https:\/\/forstunternehmer.ch\/partner\/"]}]},{"@type":"ImageObject","inLanguage":"fr-FR","@id":"https:\/\/forstunternehmer.ch\/partner\/#primaryimage","url":"https:\/\/forstunternehmer.ch\/wp-content\/uploads\/2025\/02\/Intrass-1.jpg","contentUrl":"https:\/\/forstunternehmer.ch\/wp-content\/uploads\/2025\/02\/Intrass-1.jpg"},{"@type":"BreadcrumbList","@id":"https:\/\/forstunternehmer.ch\/partner\/#breadcrumb","itemListElement":[{"@type":"ListItem","position":1,"name":"Startseite","item":"https:\/\/forstunternehmer.ch\/"},{"@type":"ListItem","position":2,"name":"Partner"}]},{"@type":"WebSite","@id":"https:\/\/forstunternehmer.ch\/#website","url":"https:\/\/forstunternehmer.ch\/","name":"Entrepreneurs forestiers Suisse","description":"Les partenaires fiables de la cha\u00eene du bois","publisher":{"@id":"https:\/\/forstunternehmer.ch\/#organization"},"potentialAction":[{"@type":"SearchAction","target":{"@type":"EntryPoint","urlTemplate":"https:\/\/forstunternehmer.ch\/?s={search_term_string}"},"query-input":{"@type":"PropertyValueSpecification","valueRequired":true,"valueName":"search_term_string"}}],"inLanguage":"fr-FR"},{"@type":"Organization","@id":"https:\/\/forstunternehmer.ch\/#organization","name":"Entrepreneurs forestiers Suisse","url":"https:\/\/forstunternehmer.ch\/","logo":{"@type":"ImageObject","inLanguage":"fr-FR","@id":"https:\/\/forstunternehmer.ch\/#\/schema\/logo\/image\/","url":"https:\/\/forstunternehmer.ch\/wp-content\/uploads\/2024\/10\/01_Primary-Logo_Badgeversion_Forstunternehmer_DE_original_Ausgeruestet.png","contentUrl":"https:\/\/forstunternehmer.ch\/wp-content\/uploads\/2024\/10\/01_Primary-Logo_Badgeversion_Forstunternehmer_DE_original_Ausgeruestet.png","width":2560,"height":2560,"caption":"Forstunternehmer Schweiz"},"image":{"@id":"https:\/\/forstunternehmer.ch\/#\/schema\/logo\/image\/"},"sameAs":["https:\/\/www.facebook.com\/ForstunternehmerSchweiz","https:\/\/www.linkedin.com\/company\/forstunternehmer-schweiz\/"]}]}},"_links":{"self":[{"href":"https:\/\/forstunternehmer.ch\/fr\/wp-json\/wp\/v2\/pages\/1419","targetHints":{"allow":["GET"]}}],"collection":[{"href":"https:\/\/forstunternehmer.ch\/fr\/wp-json\/wp\/v2\/pages"}],"about":[{"href":"https:\/\/forstunternehmer.ch\/fr\/wp-json\/wp\/v2\/types\/page"}],"author":[{"embeddable":true,"href":"https:\/\/forstunternehmer.ch\/fr\/wp-json\/wp\/v2\/users\/1"}],"replies":[{"embeddable":true,"href":"https:\/\/forstunternehmer.ch\/fr\/wp-json\/wp\/v2\/comments?post=1419"}],"version-history":[{"count":128,"href":"https:\/\/forstunternehmer.ch\/fr\/wp-json\/wp\/v2\/pages\/1419\/revisions"}],"predecessor-version":[{"id":2280,"href":"https:\/\/forstunternehmer.ch\/fr\/wp-json\/wp\/v2\/pages\/1419\/revisions\/2280"}],"wp:attachment":[{"href":"https:\/\/forstunternehmer.ch\/fr\/wp-json\/wp\/v2\/media?parent=1419"}],"curies":[{"name":"wp","href":"https:\/\/api.w.org\/{rel}","templated":true}]}}