{"id":1625,"date":"2025-03-17T17:14:22","date_gmt":"2025-03-17T16:14:22","guid":{"rendered":"https:\/\/forstunternehmer.ch\/?page_id=1625"},"modified":"2025-06-24T11:19:07","modified_gmt":"2025-06-24T09:19:07","slug":"impressum-datenschutz","status":"publish","type":"page","link":"https:\/\/forstunternehmer.ch\/fr\/impressum-datenschutz\/","title":{"rendered":"Mentions l\u00e9gales &amp; protection des donn\u00e9es"},"content":{"rendered":"<div data-elementor-type=\"wp-page\" data-elementor-id=\"1625\" class=\"elementor elementor-1625\" data-elementor-post-type=\"page\">\n\t\t\t\t<div class=\"elementor-element elementor-element-6cd937d e-flex e-con-boxed e-con e-parent\" data-id=\"6cd937d\" data-element_type=\"container\">\n\t\t\t\t\t<div class=\"e-con-inner\">\n\t\t\t\t<div class=\"elementor-element elementor-element-4bc8b24 elementor-widget__width-initial elementor-widget-mobile__width-inherit elementor-widget elementor-widget-text-editor\" data-id=\"4bc8b24\" data-element_type=\"widget\" data-widget_type=\"text-editor.default\">\n\t\t\t\t\t\t\t\t\t<h1 id=\"jsectionimpressum\">Mentions l\u00e9gales<\/h1><h2 id=\"jsectionverantwortlichfrdeninhalt\">Responsable du contenu<\/h2><p>Entrepreneurs forestiers Suisse<br \/>17, rue de l'Helv\u00e9tie<br \/>3000 Berne<br \/>Suisse<br \/>Courrier \u00e9lectronique :\u00a0<a href=\"mailto:info@forstunternehmer.ch\" target=\"_blank\" rel=\"noopener noreferrer\">info@forstunternehmer.ch<\/a><br \/>T\u00e9l. : +41 31 350 89 86<\/p><div id=\"jmdcontent\" lang=\"de\" data-jid=\"722651\" data-jtype=\"policy\"><h1 id=\"jsectiondatenschutzerklrung\">D\u00e9claration de confidentialit\u00e9<\/h1><p>Nous nous r\u00e9jouissons de votre visite sur notre site Internet forstunternehmer.ch et de l'int\u00e9r\u00eat que vous portez \u00e0 notre entreprise.<\/p><p>La protection de vos donn\u00e9es personnelles, comme par exemple votre date de naissance, votre nom, votre num\u00e9ro de t\u00e9l\u00e9phone, votre adresse, etc.<\/p><p>La pr\u00e9sente d\u00e9claration de protection des donn\u00e9es a pour but de vous informer sur le traitement des donn\u00e9es personnelles que nous recueillons aupr\u00e8s de vous lorsque vous visitez notre site. Notre pratique en mati\u00e8re de protection des donn\u00e9es est conforme aux dispositions l\u00e9gales de la loi f\u00e9d\u00e9rale sur la protection des donn\u00e9es (LPD) de la Suisse. La d\u00e9claration de protection des donn\u00e9es ci-apr\u00e8s sert \u00e0 remplir les obligations d'information d\u00e9coulant de la LPD. Celles-ci se trouvent par exemple aux articles 19 et suivants. LPD.<\/p><h2 id=\"jsectionanameresponsibleentityainhaber\"><a name=\"responsible-entity\"><\/a>Propri\u00e9taire<\/h2><p>Le responsable des donn\u00e9es au sens de l'art. 5, let. j, LPD est une personne priv\u00e9e ou l'organe f\u00e9d\u00e9ral qui d\u00e9cide de la finalit\u00e9 et des moyens du traitement.<\/p><p>En ce qui concerne notre site Internet, le propri\u00e9taire :<\/p><p>Entrepreneurs forestiers Suisse<br \/>17, rue de l'Helv\u00e9tie<br \/>3000 Berne<br \/>Suisse<br \/>Courrier \u00e9lectronique :\u00a0<a href=\"mailto:info@forstunternehmer.ch\" target=\"_blank\" rel=\"noopener noreferrer\">info@forstunternehmer.ch<\/a><br \/>T\u00e9l. : +41 31 350 89 86<\/p><h2 id=\"jsectionbereitstellungderwebsiteunderstellungvonlogfiles\">Mise \u00e0 disposition du site web et cr\u00e9ation de fichiers journaux<\/h2><p>\u00c0 chaque fois que vous consultez notre site Internet, notre syst\u00e8me collecte automatiquement des donn\u00e9es et des informations sur l'appareil qui consulte le site (par exemple, un ordinateur, un t\u00e9l\u00e9phone portable, une tablette, etc.)<\/p><h4 id=\"jsectionwelchepersonenbezogenendatenwerdenerhobenundinwelchemumfangwerdendiesebearbeitet\">Quelles donn\u00e9es personnelles sont collect\u00e9es et dans quelle mesure sont-elles trait\u00e9es ?<\/h4><p>(1) Informations sur le type de navigateur et la version utilis\u00e9e ;<br \/>(2) Le syst\u00e8me d'exploitation de l'appareil de consultation ;<br \/>(3) Nom d'h\u00f4te de l'ordinateur qui acc\u00e8de au site ;<br \/>(4) L'adresse IP de l'appareil de consultation ;<br \/>(5) Date et heure de l'acc\u00e8s ;<br \/>(6) Sites et ressources (images, fichiers, autres contenus de pages) consult\u00e9s sur notre site Internet ;<br \/>(7) Sites web \u00e0 partir desquels le syst\u00e8me de l'utilisateur a acc\u00e9d\u00e9 \u00e0 notre site web (suivi du r\u00e9f\u00e9rent) ;<br \/>(8) Message indiquant si l'appel a \u00e9t\u00e9 effectu\u00e9 avec succ\u00e8s ;<br \/>(9) Quantit\u00e9 de donn\u00e9es transmises<\/p><p>Ces donn\u00e9es sont enregistr\u00e9es dans les fichiers journaux de notre syst\u00e8me. Un enregistrement de ces donn\u00e9es avec les donn\u00e9es personnelles d'un utilisateur concret n'a pas lieu, de sorte qu'une identification des visiteurs individuels du site n'a pas lieu.<\/p><h4 id=\"jsectionrechtsgrundlagefrdiebearbeitungpersonenbezogenerdaten\">Base juridique pour le traitement des donn\u00e9es \u00e0 caract\u00e8re personnel<\/h4><p>Le traitement des donn\u00e9es \u00e0 caract\u00e8re personnel est effectu\u00e9 selon le principe de la l\u00e9galit\u00e9 (art. 6, al. 1, LPD) et de la bonne foi (art. 6, al. 2, LPD ou art. 2 CC).<\/p><h4 id=\"jsectionzweckderdatenbearbeitung\">Finalit\u00e9 du traitement des donn\u00e9es<\/h4><p>L'enregistrement temporaire (automatis\u00e9) des donn\u00e9es est n\u00e9cessaire au d\u00e9roulement d'une visite sur le site web, afin de permettre la livraison du site web. L'enregistrement et le traitement des donn\u00e9es \u00e0 caract\u00e8re personnel ont en outre lieu pour maintenir la compatibilit\u00e9 de notre site Internet pour autant que possible tous les visiteurs et pour lutter contre les abus et \u00e9liminer les perturbations. Pour ce faire, il est n\u00e9cessaire d'enregistrer les donn\u00e9es techniques de l'ordinateur qui consulte le site afin de pouvoir r\u00e9agir le plus t\u00f4t possible aux erreurs d'affichage, aux attaques contre nos syst\u00e8mes informatiques et\/ou aux erreurs de fonctionnalit\u00e9 de notre site Internet. En outre, les donn\u00e9es nous servent \u00e0 optimiser le site Internet et \u00e0 garantir de mani\u00e8re g\u00e9n\u00e9rale la s\u00e9curit\u00e9 de nos syst\u00e8mes informatiques.<\/p><h4 id=\"jsectiondauerderspeicherung\">Dur\u00e9e de conservation<\/h4><p>La suppression des donn\u00e9es techniques susmentionn\u00e9es a lieu d\u00e8s qu'elles ne sont plus n\u00e9cessaires pour garantir la compatibilit\u00e9 du site Internet pour tous les visiteurs, et au plus tard 3 mois apr\u00e8s la consultation de notre site Internet.<\/p><h4 id=\"jsectioneinschrnkungswiderspruchsberichtigungsundlschungsmglichkeit\">Possibilit\u00e9 de limitation, d'opposition, de rectification et d'effacement<\/h4><p>Vous pouvez \u00e0 tout moment demander la rectification ou la suppression de vos donn\u00e9es. Vous trouverez les droits dont vous disposez et la mani\u00e8re de les faire valoir dans la partie inf\u00e9rieure de la pr\u00e9sente d\u00e9claration de confidentialit\u00e9.<\/p><h2 id=\"jsectionbesonderefunktionenderinternetseite\">Fonctions particuli\u00e8res du site Internet<\/h2><p>Notre site vous propose diff\u00e9rentes fonctions dont l'utilisation implique la collecte, le traitement et l'enregistrement de donn\u00e9es personnelles. Nous expliquons ci-apr\u00e8s ce qu'il advient de ces donn\u00e9es :<\/p><h3 id=\"jsectionkontaktformulare\">Formulaire(s) de contact<\/h3><ul><li><h4 id=\"jsectionwelchepersonenbezogenendatenwerdenerhobenundinwelchemumfangwerdendiesebearbeitet-1\">Quelles donn\u00e9es personnelles sont collect\u00e9es et dans quelle mesure sont-elles trait\u00e9es ?<\/h4><p>Les donn\u00e9es que vous avez saisies dans le masque de saisie de nos formulaires de contact.<\/p><\/li><li><h4 id=\"jsectionrechtsgrundlagefrdiebearbeitungpersonenbezogenerdaten-1\">Base juridique pour le traitement des donn\u00e9es \u00e0 caract\u00e8re personnel<\/h4><p>Le traitement des donn\u00e9es \u00e0 caract\u00e8re personnel est effectu\u00e9 selon le principe de la l\u00e9galit\u00e9 (art. 6, al. 1, LPD) et de la bonne foi (art. 6, al. 2, LPD ou art. 2 CC).<\/p><\/li><li><h4 id=\"jsectionzweckderdatenbearbeitung-1\">Finalit\u00e9 du traitement des donn\u00e9es<\/h4><p>Les donn\u00e9es recueillies via notre formulaire de contact ou nos formulaires de contact ne seront utilis\u00e9es que pour le traitement de la demande de contact concr\u00e8te re\u00e7ue via le formulaire de contact. Veuillez noter que pour r\u00e9pondre \u00e0 votre demande de contact, nous pouvons \u00e9galement vous envoyer des e-mails \u00e0 l'adresse indiqu\u00e9e. Cela a pour but de vous permettre de recevoir une confirmation de notre part que votre demande nous a \u00e9t\u00e9 correctement transmise. L'envoi de cet e-mail de confirmation n'est toutefois pas obligatoire pour nous et ne sert qu'\u00e0 vous informer.<\/p><\/li><li><h4 id=\"jsectiondauerderspeicherung-2\">Dur\u00e9e de conservation<\/h4><p>Apr\u00e8s le traitement de votre demande, les donn\u00e9es collect\u00e9es sont imm\u00e9diatement effac\u00e9es, sauf si des d\u00e9lais de conservation l\u00e9gaux s'appliquent.<\/p><\/li><li><h4 id=\"jsectioneinschrnkungswiderspruchsberichtigungsundlschungsmglichkeit-1\">Possibilit\u00e9 de limitation, d'opposition, de rectification et d'effacement<\/h4><p>Vous pouvez \u00e0 tout moment demander la rectification ou la suppression de vos donn\u00e9es. Vous trouverez les droits dont vous disposez et la mani\u00e8re de les faire valoir dans la partie inf\u00e9rieure de la pr\u00e9sente d\u00e9claration de confidentialit\u00e9.<\/p><\/li><li><h4 id=\"jsectionerforderlichkeitderangabepersonenbezogenerdaten\">N\u00e9cessit\u00e9 de fournir des donn\u00e9es \u00e0 caract\u00e8re personnel<\/h4><p>L'utilisation des formulaires de contact se fait sur une base volontaire. Vous n'\u00eates pas oblig\u00e9 de nous contacter via le formulaire de contact, vous pouvez \u00e9galement utiliser les autres possibilit\u00e9s de contact indiqu\u00e9es sur notre site. Si vous souhaitez utiliser notre formulaire de contact, vous devez remplir les champs marqu\u00e9s comme obligatoires. Si vous ne remplissez pas les donn\u00e9es n\u00e9cessaires du formulaire de contact, soit vous ne pouvez pas envoyer votre demande, soit nous ne pouvons pas traiter votre demande faute de donn\u00e9es.<\/p><\/li><\/ul><h2 id=\"jsectionweitergabevonangabenandritte\">Transmission d'informations \u00e0 des tiers<\/h2><p>Le traitement des donn\u00e9es \u00e0 caract\u00e8re personnel est effectu\u00e9 selon le principe de la l\u00e9galit\u00e9 (art. 6, al. 1, LPD) et de la bonne foi (art. 6, al. 2, LPD ou art. 2 CC).<\/p><p>La transmission de donn\u00e9es \u00e0 des tiers d\u00e9pend de l'\u00e9tendue des activit\u00e9s ou des offres de notre site web ou de notre mod\u00e8le d'entreprise d\u00e9crites ci-apr\u00e8s.<\/p><p>En principe, nous ne conservons vos donn\u00e9es qu'aussi longtemps que n\u00e9cessaire et les traitons de mani\u00e8re confidentielle. Les exceptions \u00e0 cette r\u00e8gle sont la transmission de donn\u00e9es personnelles \u00e0 des prestataires de services de recouvrement, \u00e0 des organismes publics et \u00e0 des autorit\u00e9s ainsi qu'\u00e0 des personnes priv\u00e9es qui y ont droit en vertu de dispositions l\u00e9gales, de d\u00e9cisions judiciaires ou d'ordres des autorit\u00e9s, ainsi que la transmission \u00e0 des autorit\u00e9s dans le but d'engager des proc\u00e9dures juridiques ou \u00e0 des fins de poursuites p\u00e9nales, si nos droits prot\u00e9g\u00e9s par la loi sont attaqu\u00e9s.<\/p><h2 id=\"jsectionstatistischeauswertungderbesuchedieserinternetseitewebtracker\">Evaluation statistique des visites de ce site Internet - Webtracker<\/h2><p>Nous collectons, traitons et enregistrons les donn\u00e9es suivantes lors de l'appel de ce site Internet ou de fichiers individuels du site Internet : Adresse IP, site web \u00e0 partir duquel le fichier a \u00e9t\u00e9 appel\u00e9, nom du fichier, date et heure de l'appel, quantit\u00e9 de donn\u00e9es transmises et message sur le succ\u00e8s de l'appel (dit web-log). Nous utilisons ces donn\u00e9es d'acc\u00e8s exclusivement sous une forme non personnalis\u00e9e pour l'am\u00e9lioration constante de notre offre Internet et \u00e0 des fins statistiques.<\/p><p>Le traitement d'\u00e9ventuelles donn\u00e9es personnelles s'effectue selon le principe de la l\u00e9galit\u00e9 (art. 6, al. 1 LPD) et de la bonne foi (art. 6, al. 2 LPD ou art. 2 CC). Nous utilisons en outre les webtrackers suivants pour \u00e9valuer les visites de ce site Internet :<\/p><ul><li><h3 id=\"jsectionanametracker102agoogle\"><a name=\"tracker-102\"><\/a>Google<\/h3><p>Nous utilisons sur notre site le service Google de l'entreprise Google Ireland Limited, Gordon House, Barrow Street, 4 Dublin, Irlande, e-mail :\u00a0<a href=\"mailto:support-deutschland@google.com\" target=\"_blank\" rel=\"noopener noreferrer\">support-deutschland@google.com<\/a>, site web :\u00a0<a href=\"https:\/\/www.google.com\/\" target=\"_blank\" rel=\"noopener noreferrer\">https:\/\/www.google.com\/<\/a>. Selon les estimations des autorit\u00e9s suisses, le traitement a lieu dans des pays tiers s\u00fbrs. Vous trouverez la liste des pays de la Suisse ainsi que des informations compl\u00e9mentaires sous le lien suivant :\u00a0<a href=\"https:\/\/www.edoeb.admin.ch\/edoeb\/de\/home\/datenschutz\/handel-und-wirtschaft\/uebermittlung-ins-ausland.html\" target=\"_blank\" rel=\"noopener noreferrer\">https:\/\/www.edoeb.admin.ch\/edoeb\/de\/home\/datenschutz\/handel-und-wirtschaft\/uebermittlung-ins-ausland.html<\/a>.<\/p><p>La base juridique pour la transmission des donn\u00e9es personnelles est votre consentement conform\u00e9ment \u00e0 l'article 6, paragraphe 6, de la LPD ou \u00e0 l'article 31, paragraphe 1, de la LPD, que vous avez donn\u00e9 sur notre site Internet.<\/p><p>Nous utilisons Google pour pouvoir t\u00e9l\u00e9charger d'autres services de Google sur le site Internet. Le service est utilis\u00e9 pour pouvoir mettre \u00e0 disposition d'autres services Google, comme par exemple le traitement de donn\u00e9es n\u00e9cessaire lors de la mise \u00e0 disposition de flux et de polices de caract\u00e8res et de contenus pertinents de la recherche Google. Il est techniquement n\u00e9cessaire pour pouvoir \u00e9changer entre les services Google les informations dont Google dispose d\u00e9j\u00e0 sur le visiteur du site et pour pouvoir mettre \u00e0 disposition du visiteur du site des contenus individuels adapt\u00e9s \u00e0 son compte Google.<\/p><p>Pour le traitement lui-m\u00eame, le service ou nous collectons les donn\u00e9es suivantes : Donn\u00e9es d'arri\u00e8re-plan enregistr\u00e9es dans le compte d'utilisateur Google ou aupr\u00e8s d'autres services Google concernant le visiteur de la page, donn\u00e9es d'arri\u00e8re-plan pour la mise \u00e0 disposition de services Google comme par exemple les donn\u00e9es de streaming ou les donn\u00e9es publicitaires, donn\u00e9es sur l'utilisation de la recherche Google par l'utilisateur de la page, indications sur le terminal utilis\u00e9, sur l'adresse IP et sur le navigateur de l'utilisateur et autres donn\u00e9es des services Google pour la mise \u00e0 disposition des services Google se rapportant \u00e0 notre site web.<\/p><p>Si le service est activ\u00e9 sur notre site web, ce dernier se connecte aux serveurs de l'entreprise Google Ireland Limited et transmet les donn\u00e9es n\u00e9cessaires. Dans le cadre du traitement des commandes, il peut \u00e9galement y avoir une transmission de donn\u00e9es personnelles aux serveurs de l'entreprise Google LLC, 1600 Amphitheatre Parkway, 94043 Mountain View, \u00c9tats-Unis. Lors de l'utilisation du service Google sur notre site web, Google transmet et traite le cas \u00e9ch\u00e9ant des informations provenant d'autres services Google afin de fournir des services d'arri\u00e8re-plan pour l'affichage et le traitement des donn\u00e9es des services mis \u00e0 disposition par Google. \u00c0 cet effet, une transmission de donn\u00e9es aux services Google Apis, Doubleclick, Google Cloud, et Google Ads et Google Fonts a \u00e9galement lieu le cas \u00e9ch\u00e9ant conform\u00e9ment \u00e0 la d\u00e9claration de confidentialit\u00e9 de Google. Vous pouvez consulter la certification du fournisseur dans le cadre de l'EU-US Data Privacy Framework sous\u00a0<a href=\"https:\/\/www.dataprivacyframework.gov\/list\" target=\"_blank\" rel=\"noopener noreferrer\">https:\/\/www.dataprivacyframework.gov\/list<\/a>\u00a0pour les consulter.<\/p><p>Vous pouvez r\u00e9voquer le traitement de vos donn\u00e9es \u00e0 tout moment. Vous trouverez de plus amples informations sur la r\u00e9vocation de votre consentement soit avec le consentement lui-m\u00eame, soit \u00e0 la fin de la pr\u00e9sente d\u00e9claration de protection des donn\u00e9es.<\/p><p>Pour plus d'informations sur le traitement des donn\u00e9es transmises, veuillez consulter la d\u00e9claration de confidentialit\u00e9 du fournisseur \u00e0 l'adresse suivante\u00a0<a href=\"https:\/\/policies.google.com\/privacy\" target=\"_blank\" rel=\"noopener noreferrer\">https:\/\/policies.google.com\/privacy<\/a>.<\/p><p>Le fournisseur propose sur\u00a0<a href=\"https:\/\/support.google.com\/My-Ad-Center-Help\/answer\/12155451?hl=de\" target=\"_blank\" rel=\"noopener noreferrer\">https:\/\/support.google.com\/My-Ad-Center-Help\/answer\/12155451?hl=de<\/a>\u00a0propose en outre une possibilit\u00e9 d'opt-out.<\/p><\/li><li><h3 id=\"jsectionanametracker107agooglemaps\"><a name=\"tracker-107\"><\/a>Google Maps<\/h3><p>Nous utilisons sur notre site le service Google Maps de l'entreprise Google Ireland Limited, Gordon House, Barrow Street, 4 Dublin, Irlande, e-mail :\u00a0<a href=\"mailto:support-deutschland@google.com\" target=\"_blank\" rel=\"noopener noreferrer\">support-deutschland@google.com<\/a>, site web :\u00a0<a href=\"https:\/\/www.google.com\/\" target=\"_blank\" rel=\"noopener noreferrer\">https:\/\/www.google.com\/<\/a>. Selon les estimations des autorit\u00e9s suisses, le traitement a lieu dans des pays tiers s\u00fbrs. Vous trouverez la liste des pays de la Suisse ainsi que des informations compl\u00e9mentaires sous le lien suivant :\u00a0<a href=\"https:\/\/www.edoeb.admin.ch\/edoeb\/de\/home\/datenschutz\/handel-und-wirtschaft\/uebermittlung-ins-ausland.html\" target=\"_blank\" rel=\"noopener noreferrer\">https:\/\/www.edoeb.admin.ch\/edoeb\/de\/home\/datenschutz\/handel-und-wirtschaft\/uebermittlung-ins-ausland.html<\/a>.<\/p><p>La base juridique pour la transmission des donn\u00e9es personnelles est votre consentement conform\u00e9ment \u00e0 l'article 6, paragraphe 6, de la LPD ou \u00e0 l'article 31, paragraphe 1, de la LPD, que vous avez donn\u00e9 sur notre site Internet.<\/p><p>En notre nom, Google utilisera les informations obtenues via Google Maps pour vous montrer la carte. Google Maps vous permet de nous trouver plus rapidement et plus pr\u00e9cis\u00e9ment qu'avec un simple plan d'acc\u00e8s non interactif. Les donn\u00e9es correspondantes sont \u00e9galement utilis\u00e9es pour attribuer les visiteurs du site qui affichent notre carte Google Maps, le cas \u00e9ch\u00e9ant \u00e0 l'aide de l'identifiant publicitaire de Google, et pour les associer \u00e0 des visites physiques et \u00e0 des consultations d'autres informations de contact r\u00e9pertori\u00e9es par Google. De cette mani\u00e8re, Google peut faire une estimation des flux de visiteurs attendus.<\/p><p>Pour le traitement lui-m\u00eame, le service ou nous collectons les donn\u00e9es suivantes : Donn\u00e9es n\u00e9cessaires \u00e0 la visualisation et \u00e0 la repr\u00e9sentation des donn\u00e9es de localisation sous forme de carte, comme notamment l'adresse IP, les informations des services d'arri\u00e8re-plan de Google comme Google Apis, les termes de recherche, l'adresse IP, les coordonn\u00e9es, en cas d'utilisation du planificateur d'itin\u00e9raire, le lieu de d\u00e9part et le lieu de destination, les donn\u00e9es de localisation, l'identifiant publicitaire Google, l'identifiant publicitaire Android.<\/p><p>Nous avons conclu un contrat de traitement conjoint avec Google en ce qui concerne Google Maps. Vous en trouverez le contenu sous\u00a0<a href=\"https:\/\/privacy.google.com\/intl\/de\/businesses\/mapscontrollerterms\/\" target=\"_blank\" rel=\"noopener noreferrer\">https:\/\/privacy.google.com\/intl\/de\/businesses\/mapscontrollerterms\/<\/a>. Si le service est activ\u00e9 sur notre site web, ce dernier \u00e9tablit une connexion avec les serveurs de l'entreprise Google Ireland Limited et transmet les donn\u00e9es n\u00e9cessaires. Dans le cadre du traitement des commandes, il peut \u00e9galement y avoir une transmission de donn\u00e9es personnelles aux serveurs de l'entreprise Google LLC, 1600 Amphitheatre Parkway, 94043 Mountain View, \u00c9tats-Unis. Lors de l'utilisation du service Google sur notre site web, Google transmet et traite le cas \u00e9ch\u00e9ant des informations provenant d'autres services Google afin de fournir des services d'arri\u00e8re-plan pour l'affichage et le traitement des donn\u00e9es des services mis \u00e0 disposition par Google. \u00c0 cet effet, un traitement des donn\u00e9es est \u00e9galement effectu\u00e9, le cas \u00e9ch\u00e9ant, par les services Google Apis, Google Cloud et Google Fonts conform\u00e9ment \u00e0 la d\u00e9claration de confidentialit\u00e9 de Google sous la responsabilit\u00e9 de Google en mati\u00e8re de protection des donn\u00e9es. La certification du fournisseur dans le cadre de l'EU-US Data Privacy Framework peut \u00eatre consult\u00e9e sous\u00a0<a href=\"https:\/\/www.dataprivacyframework.gov\/list\" target=\"_blank\" rel=\"noopener noreferrer\">https:\/\/www.dataprivacyframework.gov\/list<\/a>\u00a0pour les consulter.<\/p><p>Vous pouvez r\u00e9voquer le traitement de vos donn\u00e9es \u00e0 tout moment. Vous trouverez de plus amples informations sur la r\u00e9vocation de votre consentement soit avec le consentement lui-m\u00eame, soit \u00e0 la fin de la pr\u00e9sente d\u00e9claration de protection des donn\u00e9es.<\/p><p>Pour plus d'informations sur le traitement des donn\u00e9es transmises, veuillez consulter la d\u00e9claration de confidentialit\u00e9 du fournisseur \u00e0 l'adresse suivante\u00a0<a href=\"https:\/\/policies.google.com\/privacy\" target=\"_blank\" rel=\"noopener noreferrer\">https:\/\/policies.google.com\/privacy<\/a>.<\/p><p>Le fournisseur propose sur\u00a0<a href=\"https:\/\/support.google.com\/My-Ad-Center-Help\/answer\/12155451?hl=de\" target=\"_blank\" rel=\"noopener noreferrer\">https:\/\/support.google.com\/My-Ad-Center-Help\/answer\/12155451?hl=de<\/a>\u00a0propose en outre une possibilit\u00e9 d'opt-out.<\/p><\/li><li><h3 id=\"jsectionanametracker116agstatic\"><a name=\"tracker-116\"><\/a>Gstatic<\/h3><p>Nous utilisons sur notre site le service Gstatic de l'entreprise Google Ireland Limited, Gordon House, Barrow Street, 4 Dublin, Irlande, e-mail :\u00a0<a href=\"mailto:support-deutschland@google.com\" target=\"_blank\" rel=\"noopener noreferrer\">support-deutschland@google.com<\/a>, site web :\u00a0<a href=\"https:\/\/www.google.com\/\" target=\"_blank\" rel=\"noopener noreferrer\">https:\/\/www.google.com\/<\/a>. Selon les estimations des autorit\u00e9s suisses, le traitement a lieu dans des pays tiers s\u00fbrs. Vous trouverez la liste des pays de la Suisse ainsi que des informations compl\u00e9mentaires sous le lien suivant :\u00a0<a href=\"https:\/\/www.edoeb.admin.ch\/edoeb\/de\/home\/datenschutz\/handel-und-wirtschaft\/uebermittlung-ins-ausland.html\" target=\"_blank\" rel=\"noopener noreferrer\">https:\/\/www.edoeb.admin.ch\/edoeb\/de\/home\/datenschutz\/handel-und-wirtschaft\/uebermittlung-ins-ausland.html<\/a>.<\/p><p>La base juridique pour la transmission des donn\u00e9es personnelles est votre consentement conform\u00e9ment \u00e0 l'article 6, paragraphe 6, de la LPD ou \u00e0 l'article 31, paragraphe 1, de la LPD, que vous avez donn\u00e9 sur notre site Internet.<\/p><p>Gstatic est un service d'arri\u00e8re-plan utilis\u00e9 par Google pour r\u00e9cup\u00e9rer des contenus statiques afin de r\u00e9duire l'utilisation de la bande passante et de pr\u00e9charger les fichiers de catalogue n\u00e9cessaires. Le service charge notamment des donn\u00e9es d'arri\u00e8re-plan pour Google Fonts et Google Maps.<\/p><p>Dans le cadre du traitement des commandes, il peut \u00e9galement y avoir une transmission de donn\u00e9es personnelles aux serveurs de l'entreprise Google LLC, 1600 Amphitheatre Parkway, 94043 Mountain View, \u00c9tats-Unis. La certification du fournisseur dans le cadre de l'EU-US Data Privacy Framework peut \u00eatre consult\u00e9e sous\u00a0<a href=\"https:\/\/www.dataprivacyframework.gov\/list\" target=\"_blank\" rel=\"noopener noreferrer\">https:\/\/www.dataprivacyframework.gov\/list<\/a>\u00a0pour les consulter.<\/p><p>Vous pouvez r\u00e9voquer le traitement de vos donn\u00e9es \u00e0 tout moment. Vous trouverez de plus amples informations sur la r\u00e9vocation de votre consentement soit avec le consentement lui-m\u00eame, soit \u00e0 la fin de la pr\u00e9sente d\u00e9claration de protection des donn\u00e9es.<\/p><p>Pour plus d'informations sur le traitement des donn\u00e9es transmises, veuillez consulter la d\u00e9claration de confidentialit\u00e9 du fournisseur \u00e0 l'adresse suivante\u00a0<a href=\"https:\/\/policies.google.com\/privacy\" target=\"_blank\" rel=\"noopener noreferrer\">https:\/\/policies.google.com\/privacy<\/a>.<\/p><p>Le fournisseur propose sur\u00a0<a href=\"https:\/\/support.google.com\/My-Ad-Center-Help\/answer\/12155451?hl=de\" target=\"_blank\" rel=\"noopener noreferrer\">https:\/\/support.google.com\/My-Ad-Center-Help\/answer\/12155451?hl=de<\/a>\u00a0propose en outre une possibilit\u00e9 d'opt-out.<\/p><\/li><\/ul><h2 id=\"jsectioneinbindungexternerwebservicesundbearbeitungvondatenausserhalbdereu\">Int\u00e9gration de services web externes et traitement de donn\u00e9es en dehors de l'UE<\/h2><p>Sur notre site Internet, nous utilisons des contenus actifs de fournisseurs externes, appel\u00e9s services web. En appelant notre site Internet, ces fournisseurs externes re\u00e7oivent \u00e9ventuellement des informations personnelles sur votre visite de notre site Internet. Le cas \u00e9ch\u00e9ant, un traitement des donn\u00e9es en dehors de la Suisse est possible. Vous pouvez emp\u00eacher cela en installant un plug-in de navigateur correspondant ou en d\u00e9sactivant l'ex\u00e9cution de scripts dans votre navigateur. Cela peut limiter les fonctions des pages Internet que vous visitez.<\/p><p>Nous utilisons les services web externes suivants :<\/p><ul><li><h3 id=\"jsectionanametracker111agooglecloudapis\"><a name=\"tracker-111\"><\/a>API Google Cloud<\/h3><p>Nous utilisons sur notre site le service Google Cloud APIs de l'entreprise Google Ireland Limited, Gordon House, Barrow Street, 4 Dublin, Irlande, e-mail :\u00a0<a href=\"mailto:support-deutschland@google.com\" target=\"_blank\" rel=\"noopener noreferrer\">support-deutschland@google.com<\/a>, site web :\u00a0<a href=\"https:\/\/www.google.com\/\" target=\"_blank\" rel=\"noopener noreferrer\">https:\/\/www.google.com\/<\/a>. Selon les estimations des autorit\u00e9s suisses, le traitement a lieu dans des pays tiers s\u00fbrs. Vous trouverez la liste des pays de la Suisse ainsi que des informations compl\u00e9mentaires sous le lien suivant :\u00a0<a href=\"https:\/\/www.edoeb.admin.ch\/edoeb\/de\/home\/datenschutz\/handel-und-wirtschaft\/uebermittlung-ins-ausland.html\" target=\"_blank\" rel=\"noopener noreferrer\">https:\/\/www.edoeb.admin.ch\/edoeb\/de\/home\/datenschutz\/handel-und-wirtschaft\/uebermittlung-ins-ausland.html<\/a>.<\/p><p>La base juridique pour la transmission des donn\u00e9es personnelles est votre consentement conform\u00e9ment \u00e0 l'article 6, paragraphe 6, de la LPD ou \u00e0 l'article 31, paragraphe 1, de la LPD, que vous avez donn\u00e9 sur notre site Internet.<\/p><p>Nous utilisons les API Google pour pouvoir charger d'autres services de Google sur le site Internet. Google Apis est un ensemble d'interfaces permettant la communication entre les diff\u00e9rents services Google utilis\u00e9s sur votre site Internet. Ce service est notamment utilis\u00e9 pour afficher les polices Google Fonts et pour mettre \u00e0 disposition la carte Google Maps.<\/p><p>Pour le traitement lui-m\u00eame, le service ou nous-m\u00eames collectons les donn\u00e9es suivantes : Adresse IP<\/p><p>Si le service est activ\u00e9 sur notre site web, ce dernier se connecte aux serveurs de l'entreprise Google Ireland Limited et transmet les donn\u00e9es n\u00e9cessaires. Dans le cadre du traitement des commandes, il peut \u00e9galement y avoir une transmission de donn\u00e9es personnelles aux serveurs de l'entreprise Google LLC, 1600 Amphitheatre Parkway, 94043 Mountain View, \u00c9tats-Unis. Lors de l'utilisation du service Google sur notre site web, Google transmet et traite le cas \u00e9ch\u00e9ant des informations provenant d'autres services Google afin de fournir des services d'arri\u00e8re-plan pour l'affichage et le traitement des donn\u00e9es des services mis \u00e0 disposition par Google. \u00c0 cet effet, une transmission de donn\u00e9es aux services Google Cloud, Google Maps, Google Ads et Google Fonts a \u00e9galement lieu le cas \u00e9ch\u00e9ant conform\u00e9ment \u00e0 la d\u00e9claration de confidentialit\u00e9 de Google sous la responsabilit\u00e9 de Google en mati\u00e8re de protection des donn\u00e9es. La certification du fournisseur dans le cadre de l'EU-US Data Privacy Framework peut \u00eatre consult\u00e9e sous\u00a0<a href=\"https:\/\/www.dataprivacyframework.gov\/list\" target=\"_blank\" rel=\"noopener noreferrer\">https:\/\/www.dataprivacyframework.gov\/list<\/a>\u00a0pour les consulter.<\/p><p>Vous pouvez r\u00e9voquer le traitement de vos donn\u00e9es \u00e0 tout moment. Vous trouverez de plus amples informations sur la r\u00e9vocation de votre consentement soit avec le consentement lui-m\u00eame, soit \u00e0 la fin de la pr\u00e9sente d\u00e9claration de protection des donn\u00e9es.<\/p><p>Pour plus d'informations sur le traitement des donn\u00e9es transmises, veuillez consulter la d\u00e9claration de confidentialit\u00e9 du fournisseur \u00e0 l'adresse suivante\u00a0<a href=\"https:\/\/policies.google.com\/privacy\" target=\"_blank\" rel=\"noopener noreferrer\">https:\/\/policies.google.com\/privacy<\/a>.<\/p><p>Le fournisseur propose sur\u00a0<a href=\"https:\/\/support.google.com\/My-Ad-Center-Help\/answer\/12155451?hl=de\" target=\"_blank\" rel=\"noopener noreferrer\">https:\/\/support.google.com\/My-Ad-Center-Help\/answer\/12155451?hl=de<\/a>\u00a0propose en outre une possibilit\u00e9 d'opt-out.<\/p><\/li><li><h3 id=\"jsectionanametracker106agooglefonts\"><a name=\"tracker-106\"><\/a>Google Fonts<\/h3><p>Nous utilisons sur notre site le service Google Fonts de l'entreprise Google Ireland Limited, Gordon House, Barrow Street, 4 Dublin, Irlande, e-mail :\u00a0<a href=\"mailto:support-deutschland@google.com\" target=\"_blank\" rel=\"noopener noreferrer\">support-deutschland@google.com<\/a>, site web :\u00a0<a href=\"https:\/\/www.google.com\/\" target=\"_blank\" rel=\"noopener noreferrer\">https:\/\/www.google.com\/<\/a>. Selon les estimations des autorit\u00e9s suisses, le traitement a lieu dans des pays tiers s\u00fbrs. Vous trouverez la liste des pays de la Suisse ainsi que des informations compl\u00e9mentaires sous le lien suivant :\u00a0<a href=\"https:\/\/www.edoeb.admin.ch\/edoeb\/de\/home\/datenschutz\/handel-und-wirtschaft\/uebermittlung-ins-ausland.html\" target=\"_blank\" rel=\"noopener noreferrer\">https:\/\/www.edoeb.admin.ch\/edoeb\/de\/home\/datenschutz\/handel-und-wirtschaft\/uebermittlung-ins-ausland.html<\/a>.<\/p><p>La base juridique pour la transmission des donn\u00e9es personnelles est votre consentement conform\u00e9ment \u00e0 l'article 6, paragraphe 6, de la LPD ou \u00e0 l'article 31, paragraphe 1, de la LPD, que vous avez donn\u00e9 sur notre site Internet.<\/p><p>Nous utilisons le service Google Fonts pour pouvoir int\u00e9grer des polices de caract\u00e8res attrayantes sur notre site afin de pouvoir vous montrer notre site web dans une meilleure version visuelle. Le cas \u00e9ch\u00e9ant, le service est \u00e9galement utilis\u00e9 sur notre site web lorsque d'autres services Google sont charg\u00e9s sur notre site web et n\u00e9cessitent des polices Google Fonts pour leur ex\u00e9cution. C'est par exemple le cas lorsque notre site web utilise des services Google qui n\u00e9cessitent imp\u00e9rativement l'utilisation de Google Fonts.<\/p><p>Pour le traitement lui-m\u00eame, le service ou nous-m\u00eames collectons les donn\u00e9es suivantes : Donn\u00e9es relatives aux polices de caract\u00e8res, adresse IP du visiteur du site, statistiques sur l'utilisation des polices de caract\u00e8res et autres donn\u00e9es des services Google relatives \u00e0 notre site web.<\/p><p>Si le service est activ\u00e9 sur notre site web, ce dernier se connecte aux serveurs de l'entreprise Google Ireland Limited et transmet les donn\u00e9es n\u00e9cessaires. Dans le cadre du traitement des commandes, il peut \u00e9galement y avoir une transmission de donn\u00e9es personnelles aux serveurs de l'entreprise Google LLC, 1600 Amphitheatre Parkway, 94043 Mountain View, \u00c9tats-Unis. Lors de l'utilisation du service Google sur notre site web, Google transmet et traite le cas \u00e9ch\u00e9ant des informations provenant d'autres services Google afin de fournir des services d'arri\u00e8re-plan pour l'affichage et le traitement des donn\u00e9es des services mis \u00e0 disposition par Google. \u00c0 cet effet, une transmission de donn\u00e9es aux services Google Apis, Google Cloud et Google Ads a \u00e9galement lieu, le cas \u00e9ch\u00e9ant, conform\u00e9ment \u00e0 la d\u00e9claration de confidentialit\u00e9 de Google. La certification du fournisseur dans le cadre de l'EU-US Data Privacy Framework peut \u00eatre consult\u00e9e sous\u00a0<a href=\"https:\/\/www.dataprivacyframework.gov\/list\" target=\"_blank\" rel=\"noopener noreferrer\">https:\/\/www.dataprivacyframework.gov\/list<\/a>\u00a0pour les consulter.<\/p><p>Vous pouvez r\u00e9voquer le traitement de vos donn\u00e9es \u00e0 tout moment. Vous trouverez de plus amples informations sur la r\u00e9vocation de votre consentement soit avec le consentement lui-m\u00eame, soit \u00e0 la fin de la pr\u00e9sente d\u00e9claration de protection des donn\u00e9es.<\/p><p>Pour plus d'informations sur le traitement des donn\u00e9es transmises, veuillez consulter la d\u00e9claration de confidentialit\u00e9 du fournisseur \u00e0 l'adresse suivante\u00a0<a href=\"https:\/\/policies.google.com\/privacy\" target=\"_blank\" rel=\"noopener noreferrer\">https:\/\/policies.google.com\/privacy<\/a>.<\/p><p>Le fournisseur propose sur\u00a0<a href=\"https:\/\/support.google.com\/My-Ad-Center-Help\/answer\/12155451?hl=de\" target=\"_blank\" rel=\"noopener noreferrer\">https:\/\/support.google.com\/My-Ad-Center-Help\/answer\/12155451?hl=de<\/a>\u00a0propose en outre une possibilit\u00e9 d'opt-out.<\/p><\/li><li><h3 id=\"jsectionanametrackerc6fde9dc3b934a09924ae8592ded9709alegallyokrechtstextsnippetundmodule\"><a name=\"tracker-c6fde9dc-3b93-4a09-924a-e8592ded9709\"><\/a>Legally ok snippet de texte juridique et modules<\/h3><p>Nous utilisons sur notre site le service Legally ok snippet de texte juridique et modules de l'entreprise Legally ok GmbH, Schochenm\u00fchlestrasse 6, 6340 Baar, Suisse, e-mail :\u00a0<a href=\"mailto:hello@legally-ok.com\" target=\"_blank\" rel=\"noopener noreferrer\">hello@legally-ok.com<\/a>, site web :\u00a0<a href=\"https:\/\/www.legally-ok.com\/\" target=\"_blank\" rel=\"noopener noreferrer\">https:\/\/www.legally-ok.com\/<\/a>. Le traitement s'effectue exclusivement en Suisse, conform\u00e9ment \u00e0 la l\u00e9gislation sur la protection des donn\u00e9es en vigueur dans ce pays.<\/p><p>La base juridique pour la transmission et le traitement est l'article 31, paragraphe 1 de la LPD. L'utilisation de ce service nous aide \u00e0 remplir nos obligations l\u00e9gales.<\/p><p>Gr\u00e2ce \u00e0 ce service, les contenus de nos textes juridiques sont t\u00e9l\u00e9charg\u00e9s sur notre site Internet. L'int\u00e9gration effectu\u00e9e sur notre site permet de t\u00e9l\u00e9charger les textes juridiques actuels. Cette int\u00e9gration permet \u00e9galement de charger, le cas \u00e9ch\u00e9ant, d'autres modules techniques relatifs aux textes juridiques ou aux \u00e9l\u00e9ments n\u00e9cessaires sur le plan juridique.<\/p><p>Vous trouverez \u00e0 la fin de cette d\u00e9claration de protection des donn\u00e9es les droits dont vous disposez en ce qui concerne le traitement.<\/p><p>Pour plus d'informations sur le traitement des donn\u00e9es transmises, veuillez consulter la d\u00e9claration de confidentialit\u00e9 du fournisseur \u00e0 l'adresse suivante\u00a0<a href=\"https:\/\/www.legally-ok.com\/datenschutz\/\" target=\"_blank\" rel=\"noopener noreferrer\">https:\/\/www.legally-ok.com\/datenschutz\/<\/a>.<\/p><\/li><\/ul><h2 id=\"jsectiondatensicherheitunddatenschutzkommunikationperemail\">S\u00e9curit\u00e9 et protection des donn\u00e9es, communication par e-mail<\/h2><p>Vos donn\u00e9es personnelles sont prot\u00e9g\u00e9es par des mesures techniques et organisationnelles lors de leur collecte, de leur enregistrement et de leur traitement de mani\u00e8re \u00e0 ce qu'elles ne soient pas accessibles \u00e0 des tiers. En cas de communication non crypt\u00e9e par e-mail, nous ne pouvons pas garantir la s\u00e9curit\u00e9 totale des donn\u00e9es sur le chemin de transmission vers nos syst\u00e8mes informatiques, de sorte que nous recommandons une communication crypt\u00e9e ou la voie postale pour les informations n\u00e9cessitant un haut degr\u00e9 de confidentialit\u00e9.<\/p><h2 id=\"jsectiondauerderspeicherungderdatenundrechtederbetroffenenperson\">Dur\u00e9e de conservation des donn\u00e9es et droits de la personne concern\u00e9e<\/h2><h3 id=\"jsectiondauerderspeicherung-1\">Dur\u00e9e de conservation<\/h3><p>Nous ne conservons les donn\u00e9es personnelles que dans la mesure et pour la dur\u00e9e n\u00e9cessaires \u00e0 la r\u00e9alisation des objectifs pour lesquels les donn\u00e9es personnelles ont \u00e9t\u00e9 collect\u00e9es, si nous avons un int\u00e9r\u00eat l\u00e9gitime pr\u00e9pond\u00e9rant \u00e0 les conserver ou si la loi nous y oblige.<\/p><h3 id=\"jsectionauskunftsanspruch\">Droit \u00e0 l'information<\/h3><p>Vous avez le droit de demander la confirmation que nous traitons ou non des donn\u00e9es \u00e0 caract\u00e8re personnel vous concernant. Si c'est le cas, vous avez le droit d'acc\u00e9der aux informations vis\u00e9es aux articles 25 et suivants de la loi sur la protection des donn\u00e9es. LPD, dans la mesure o\u00f9 le ma\u00eetre du fichier ne peut pas refuser, restreindre ou diff\u00e9rer l'acc\u00e8s \u00e0 ces informations (cf. art. 26 s. LPD). Nous nous ferons \u00e9galement un plaisir de vous fournir une copie des donn\u00e9es.<\/p><h3 id=\"jsectionberichtigungsanspruch\">Droit de rectification<\/h3><p>Conform\u00e9ment \u00e0 l'article 32, paragraphe 1, de la LPD, vous avez le droit d'exiger que les donn\u00e9es \u00e0 caract\u00e8re personnel (telles que l'adresse, le nom, etc.) enregistr\u00e9es de mani\u00e8re incorrecte soient rectifi\u00e9es, dans la mesure o\u00f9 aucune obligation l\u00e9gale ne s'oppose \u00e0 ce droit. Vous pouvez \u00e9galement demander \u00e0 tout moment que les donn\u00e9es que nous avons enregistr\u00e9es soient compl\u00e9t\u00e9es. Une adaptation correspondante est effectu\u00e9e imm\u00e9diatement.<\/p><h3 id=\"jsectionrechtauflschung\">Droit \u00e0 l'effacement<\/h3><p>Vous avez le droit de nous demander de supprimer les donn\u00e9es personnelles que nous avons collect\u00e9es \u00e0 votre sujet lorsque<\/p><ul><li>soit les donn\u00e9es ne sont plus n\u00e9cessaires<\/li><li>en raison de la r\u00e9vocation de votre consentement, la base juridique du traitement a disparu sans \u00eatre remplac\u00e9e ;<\/li><li>il n'existe plus de motifs l\u00e9gitimes pour le traitement ;<\/li><li>vos donn\u00e9es sont trait\u00e9es de mani\u00e8re illicite<\/li><li>une obligation l\u00e9gale l'exige.<\/li><\/ul><p>Ce droit n'existe pas si<\/p><ul><li>le traitement est n\u00e9cessaire \u00e0 l'exercice du droit \u00e0 la libert\u00e9 d'expression et d'information ;<\/li><li>vos donn\u00e9es ont \u00e9t\u00e9 collect\u00e9es sur la base d'une obligation l\u00e9gale ;<\/li><li>le traitement est n\u00e9cessaire pour des raisons d'int\u00e9r\u00eat public ;<\/li><li>les donn\u00e9es sont n\u00e9cessaires \u00e0 la constatation, \u00e0 l'exercice ou \u00e0 la d\u00e9fense de droits en justice.<\/li><\/ul><h3 id=\"jsectionrechtaufwiderruf\">Droit de r\u00e9tractation<\/h3><p>Si vous nous avez donn\u00e9 votre consentement explicite au traitement de vos donn\u00e9es personnelles (art. 6, al. 6, LPD et art. 31, al. 1, LPD), vous pouvez le r\u00e9voquer \u00e0 tout moment. Veuillez noter que cela n'affecte pas la l\u00e9galit\u00e9 du traitement effectu\u00e9 sur la base du consentement jusqu'\u00e0 la r\u00e9vocation. Les donn\u00e9es pour lesquelles nous sommes l\u00e9galement tenus de les conserver sont effac\u00e9es \u00e0 l'expiration du d\u00e9lai.<\/p><h3 id=\"jsectionwienehmensieihrerechtewahr\">Comment exercez-vous vos droits ?<\/h3><p>Vous pouvez exercer vos droits \u00e0 tout moment en vous adressant aux coordonn\u00e9es ci-dessous :<\/p><p>Entrepreneurs forestiers Suisse<br \/>17, rue de l'Helv\u00e9tie<br \/>3000 Berne<br \/>Suisse<br \/>Courrier \u00e9lectronique :\u00a0<a href=\"mailto:info@fus-efs.ch\" target=\"_blank\" rel=\"noopener noreferrer\">info@fus-efs.ch<\/a><br \/>T\u00e9l. : +41 31 350 89 86<\/p><h2 id=\"jsectionrechtaufdatenbertragbarkeit\">Droit \u00e0 la portabilit\u00e9 des donn\u00e9es<\/h2><p>Nous vous fournissons les donn\u00e9es suivantes sur demande :<\/p><ul><li>Donn\u00e9es collect\u00e9es sur la base d'un consentement (art. 31, al. 1, LPD) ;<\/li><li>les donn\u00e9es que nous avons re\u00e7ues de vous dans le cadre de contrats existants (art. 31, al. 2, let. a, LPD) ;<\/li><li>les donn\u00e9es qui ont \u00e9t\u00e9 trait\u00e9es dans le cadre d'une proc\u00e9dure automatis\u00e9e.<\/li><\/ul><p>Nous proc\u00e9derons au transfert des donn\u00e9es \u00e0 caract\u00e8re personnel directement \u00e0 un responsable de votre choix, dans la mesure o\u00f9 cela est techniquement possible. Veuillez noter que nous ne pouvons pas transf\u00e9rer les donn\u00e9es qui portent atteinte aux int\u00e9r\u00eats pr\u00e9pond\u00e9rants de tiers, ou seulement de mani\u00e8re limit\u00e9e, conform\u00e9ment \u00e0 l'article 26, paragraphe 1, lettre b de la LPD.<\/p><h2 id=\"jsectionmitteilungenandenedbundklagemglichkeit\">Communications au PFPDT et possibilit\u00e9 de plainte<\/h2><p>Conform\u00e9ment \u00e0 l'article 49 de la LPD, les personnes concern\u00e9es peuvent d\u00e9poser une plainte aupr\u00e8s de l'autorit\u00e9 de surveillance s'il existe suffisamment d'indices qu'un traitement de donn\u00e9es pourrait enfreindre les dispositions relatives \u00e0 la protection des donn\u00e9es. L'autorit\u00e9 de surveillance pour la protection des donn\u00e9es en Suisse est le Pr\u00e9pos\u00e9 f\u00e9d\u00e9ral \u00e0 la protection des donn\u00e9es et \u00e0 la transparence (PFPDT).<\/p><p>Pour plus d'informations, veuillez consulter le formulaire de contact du PFPDT :\u00a0<a href=\"https:\/\/www.edoeb.admin.ch\/edoeb\/de\/home\/deredoeb\/kontakt.html\" target=\"_blank\" rel=\"noopener noreferrer\">https:\/\/www.edoeb.admin.ch\/edoeb\/de\/home\/deredoeb\/kontakt.html<\/a><\/p><p>Si vous soup\u00e7onnez que vos donn\u00e9es sont trait\u00e9es ill\u00e9galement sur notre site, vous pouvez demander une clarification judiciaire de la probl\u00e9matique conform\u00e9ment \u00e0 l'article 32 LPD. En r\u00e8gle g\u00e9n\u00e9rale, il convient d'intenter une action en justice conform\u00e9ment aux articles 28 et suivants du Code civil. CC doit \u00eatre envisag\u00e9e. Si vous \u00eates concern\u00e9 par un traitement de donn\u00e9es par des organes f\u00e9d\u00e9raux, la proc\u00e9dure est r\u00e9gie par l'article 41 LPD. Dans ce cas \u00e9galement, vous pouvez contacter le PFPDT (voir la r\u00e9f\u00e9rence au formulaire de contact ci-dessus).<\/p><\/div><h2>Legally ok - Solution de protection des donn\u00e9es pour les sites web - D\u00e9claration de confidentialit\u00e9, mentions l\u00e9gales, banni\u00e8res de cookies<\/h2><p>La d\u00e9claration de confidentialit\u00e9, les mentions l\u00e9gales et la banni\u00e8re des cookies de ce site ont \u00e9t\u00e9 cr\u00e9\u00e9es gratuitement \u00e0 l'aide de la solution de protection des donn\u00e9es tout-en-un.\u00a0<a href=\"https:\/\/www.legally-ok.com\/dse-legally-free\/\">L\u00e9galement ok<\/a>\u00a0cr\u00e9\u00e9.<\/p>\t\t\t\t\t\t\t\t<\/div>\n\t\t\t\t\t<\/div>\n\t\t\t\t<\/div>\n\t\t\t\t<\/div>","protected":false},"excerpt":{"rendered":"<p>Impressum Responsable du contenu Entrepreneurs forestiers SuisseHelvetiastrasse 173000 BerneSuisseE-Mail : info@forstunternehmer.chTel. : +41 31 350 89 86 D\u00e9claration de protection des donn\u00e9es Nous sommes heureux de votre visite sur notre site Internet forstunternehmer.ch et de l'int\u00e9r\u00eat que vous portez \u00e0 notre entreprise. La protection de vos donn\u00e9es personnelles, telles que date de naissance, nom, num\u00e9ro de t\u00e9l\u00e9phone, adresse, etc. Le but de cette d\u00e9claration de protection des donn\u00e9es est de vous [...].<\/p>","protected":false},"author":1,"featured_media":0,"parent":0,"menu_order":0,"comment_status":"closed","ping_status":"closed","template":"","meta":{"_acf_changed":false,"footnotes":""},"class_list":["post-1625","page","type-page","status-publish","hentry"],"acf":[],"yoast_head":"<!-- This site is optimized with the Yoast SEO plugin v26.8 - https:\/\/yoast.com\/product\/yoast-seo-wordpress\/ -->\n<title>Impressum &amp; Datenschutz - Forstunternehmer Schweiz<\/title>\n<meta name=\"robots\" content=\"noindex, nofollow\" \/>\n<meta property=\"og:locale\" content=\"fr_FR\" \/>\n<meta property=\"og:type\" content=\"article\" \/>\n<meta property=\"og:title\" content=\"Impressum &amp; Datenschutz - Forstunternehmer Schweiz\" \/>\n<meta property=\"og:description\" content=\"Impressum Verantwortlich f\u00fcr den Inhalt Forstunternehmer SchweizHelvetiastrasse 173000 BernSchweizE-Mail:\u00a0info@forstunternehmer.chTel.: +41 31 350 89 86 Datenschutzerkl\u00e4rung Wir freuen uns \u00fcber Ihren Besuch auf unserer Internetseite forstunternehmer.ch und Ihr Interesse an unserem Unternehmen. Der Schutz Ihrer personenbezogenen Daten, wie z.B. Geburtsdatum, Name, Telefonnummer, Anschrift etc., ist uns ein wichtiges Anliegen. Der Zweck dieser Datenschutzerkl\u00e4rung besteht darin, Sie [&hellip;]\" \/>\n<meta property=\"og:url\" content=\"https:\/\/forstunternehmer.ch\/fr\/impressum-datenschutz\/\" \/>\n<meta property=\"og:site_name\" content=\"Forstunternehmer Schweiz\" \/>\n<meta property=\"article:publisher\" content=\"https:\/\/www.facebook.com\/ForstunternehmerSchweiz\" \/>\n<meta property=\"article:modified_time\" content=\"2025-06-24T09:19:07+00:00\" \/>\n<meta name=\"twitter:card\" content=\"summary_large_image\" \/>\n<meta name=\"twitter:label1\" content=\"Dur\u00e9e de lecture estim\u00e9e\" \/>\n\t<meta name=\"twitter:data1\" content=\"21 minutes\" \/>\n<script type=\"application\/ld+json\" class=\"yoast-schema-graph\">{\"@context\":\"https:\/\/schema.org\",\"@graph\":[{\"@type\":\"WebPage\",\"@id\":\"https:\/\/forstunternehmer.ch\/impressum-datenschutz\/\",\"url\":\"https:\/\/forstunternehmer.ch\/impressum-datenschutz\/\",\"name\":\"Impressum &amp; Datenschutz - Forstunternehmer Schweiz\",\"isPartOf\":{\"@id\":\"https:\/\/forstunternehmer.ch\/#website\"},\"datePublished\":\"2025-03-17T16:14:22+00:00\",\"dateModified\":\"2025-06-24T09:19:07+00:00\",\"breadcrumb\":{\"@id\":\"https:\/\/forstunternehmer.ch\/impressum-datenschutz\/#breadcrumb\"},\"inLanguage\":\"fr-FR\",\"potentialAction\":[{\"@type\":\"ReadAction\",\"target\":[\"https:\/\/forstunternehmer.ch\/impressum-datenschutz\/\"]}]},{\"@type\":\"BreadcrumbList\",\"@id\":\"https:\/\/forstunternehmer.ch\/impressum-datenschutz\/#breadcrumb\",\"itemListElement\":[{\"@type\":\"ListItem\",\"position\":1,\"name\":\"Startseite\",\"item\":\"https:\/\/forstunternehmer.ch\/\"},{\"@type\":\"ListItem\",\"position\":2,\"name\":\"Impressum &amp; Datenschutz\"}]},{\"@type\":\"WebSite\",\"@id\":\"https:\/\/forstunternehmer.ch\/#website\",\"url\":\"https:\/\/forstunternehmer.ch\/\",\"name\":\"Forstunternehmer Schweiz\",\"description\":\"Die zuverl\u00e4ssigen Partner in der Holzkette\",\"publisher\":{\"@id\":\"https:\/\/forstunternehmer.ch\/#organization\"},\"potentialAction\":[{\"@type\":\"SearchAction\",\"target\":{\"@type\":\"EntryPoint\",\"urlTemplate\":\"https:\/\/forstunternehmer.ch\/?s={search_term_string}\"},\"query-input\":{\"@type\":\"PropertyValueSpecification\",\"valueRequired\":true,\"valueName\":\"search_term_string\"}}],\"inLanguage\":\"fr-FR\"},{\"@type\":\"Organization\",\"@id\":\"https:\/\/forstunternehmer.ch\/#organization\",\"name\":\"Forstunternehmer Schweiz\",\"url\":\"https:\/\/forstunternehmer.ch\/\",\"logo\":{\"@type\":\"ImageObject\",\"inLanguage\":\"fr-FR\",\"@id\":\"https:\/\/forstunternehmer.ch\/#\/schema\/logo\/image\/\",\"url\":\"https:\/\/forstunternehmer.ch\/wp-content\/uploads\/2024\/10\/01_Primary-Logo_Badgeversion_Forstunternehmer_DE_original_Ausgeruestet.png\",\"contentUrl\":\"https:\/\/forstunternehmer.ch\/wp-content\/uploads\/2024\/10\/01_Primary-Logo_Badgeversion_Forstunternehmer_DE_original_Ausgeruestet.png\",\"width\":2560,\"height\":2560,\"caption\":\"Forstunternehmer Schweiz\"},\"image\":{\"@id\":\"https:\/\/forstunternehmer.ch\/#\/schema\/logo\/image\/\"},\"sameAs\":[\"https:\/\/www.facebook.com\/ForstunternehmerSchweiz\",\"https:\/\/www.linkedin.com\/company\/forstunternehmer-schweiz\/\"]}]}<\/script>\n<!-- \/ Yoast SEO plugin. -->","yoast_head_json":{"title":"Mentions l\u00e9gales &amp; protection des donn\u00e9es - Entrepreneurs Forestiers Suisse","robots":{"index":"noindex","follow":"nofollow"},"og_locale":"fr_FR","og_type":"article","og_title":"Impressum &amp; Datenschutz - Forstunternehmer Schweiz","og_description":"Impressum Verantwortlich f\u00fcr den Inhalt Forstunternehmer SchweizHelvetiastrasse 173000 BernSchweizE-Mail:\u00a0info@forstunternehmer.chTel.: +41 31 350 89 86 Datenschutzerkl\u00e4rung Wir freuen uns \u00fcber Ihren Besuch auf unserer Internetseite forstunternehmer.ch und Ihr Interesse an unserem Unternehmen. Der Schutz Ihrer personenbezogenen Daten, wie z.B. Geburtsdatum, Name, Telefonnummer, Anschrift etc., ist uns ein wichtiges Anliegen. Der Zweck dieser Datenschutzerkl\u00e4rung besteht darin, Sie [&hellip;]","og_url":"https:\/\/forstunternehmer.ch\/fr\/impressum-datenschutz\/","og_site_name":"Forstunternehmer Schweiz","article_publisher":"https:\/\/www.facebook.com\/ForstunternehmerSchweiz","article_modified_time":"2025-06-24T09:19:07+00:00","twitter_card":"summary_large_image","twitter_misc":{"Dur\u00e9e de lecture estim\u00e9e":"21 minutes"},"schema":{"@context":"https:\/\/schema.org","@graph":[{"@type":"WebPage","@id":"https:\/\/forstunternehmer.ch\/impressum-datenschutz\/","url":"https:\/\/forstunternehmer.ch\/impressum-datenschutz\/","name":"Mentions l\u00e9gales &amp; protection des donn\u00e9es - Entrepreneurs Forestiers Suisse","isPartOf":{"@id":"https:\/\/forstunternehmer.ch\/#website"},"datePublished":"2025-03-17T16:14:22+00:00","dateModified":"2025-06-24T09:19:07+00:00","breadcrumb":{"@id":"https:\/\/forstunternehmer.ch\/impressum-datenschutz\/#breadcrumb"},"inLanguage":"fr-FR","potentialAction":[{"@type":"ReadAction","target":["https:\/\/forstunternehmer.ch\/impressum-datenschutz\/"]}]},{"@type":"BreadcrumbList","@id":"https:\/\/forstunternehmer.ch\/impressum-datenschutz\/#breadcrumb","itemListElement":[{"@type":"ListItem","position":1,"name":"Startseite","item":"https:\/\/forstunternehmer.ch\/"},{"@type":"ListItem","position":2,"name":"Impressum &amp; Datenschutz"}]},{"@type":"WebSite","@id":"https:\/\/forstunternehmer.ch\/#website","url":"https:\/\/forstunternehmer.ch\/","name":"Entrepreneurs forestiers Suisse","description":"Les partenaires fiables de la cha\u00eene du bois","publisher":{"@id":"https:\/\/forstunternehmer.ch\/#organization"},"potentialAction":[{"@type":"SearchAction","target":{"@type":"EntryPoint","urlTemplate":"https:\/\/forstunternehmer.ch\/?s={search_term_string}"},"query-input":{"@type":"PropertyValueSpecification","valueRequired":true,"valueName":"search_term_string"}}],"inLanguage":"fr-FR"},{"@type":"Organization","@id":"https:\/\/forstunternehmer.ch\/#organization","name":"Entrepreneurs forestiers Suisse","url":"https:\/\/forstunternehmer.ch\/","logo":{"@type":"ImageObject","inLanguage":"fr-FR","@id":"https:\/\/forstunternehmer.ch\/#\/schema\/logo\/image\/","url":"https:\/\/forstunternehmer.ch\/wp-content\/uploads\/2024\/10\/01_Primary-Logo_Badgeversion_Forstunternehmer_DE_original_Ausgeruestet.png","contentUrl":"https:\/\/forstunternehmer.ch\/wp-content\/uploads\/2024\/10\/01_Primary-Logo_Badgeversion_Forstunternehmer_DE_original_Ausgeruestet.png","width":2560,"height":2560,"caption":"Forstunternehmer Schweiz"},"image":{"@id":"https:\/\/forstunternehmer.ch\/#\/schema\/logo\/image\/"},"sameAs":["https:\/\/www.facebook.com\/ForstunternehmerSchweiz","https:\/\/www.linkedin.com\/company\/forstunternehmer-schweiz\/"]}]}},"_links":{"self":[{"href":"https:\/\/forstunternehmer.ch\/fr\/wp-json\/wp\/v2\/pages\/1625","targetHints":{"allow":["GET"]}}],"collection":[{"href":"https:\/\/forstunternehmer.ch\/fr\/wp-json\/wp\/v2\/pages"}],"about":[{"href":"https:\/\/forstunternehmer.ch\/fr\/wp-json\/wp\/v2\/types\/page"}],"author":[{"embeddable":true,"href":"https:\/\/forstunternehmer.ch\/fr\/wp-json\/wp\/v2\/users\/1"}],"replies":[{"embeddable":true,"href":"https:\/\/forstunternehmer.ch\/fr\/wp-json\/wp\/v2\/comments?post=1625"}],"version-history":[{"count":10,"href":"https:\/\/forstunternehmer.ch\/fr\/wp-json\/wp\/v2\/pages\/1625\/revisions"}],"predecessor-version":[{"id":1863,"href":"https:\/\/forstunternehmer.ch\/fr\/wp-json\/wp\/v2\/pages\/1625\/revisions\/1863"}],"wp:attachment":[{"href":"https:\/\/forstunternehmer.ch\/fr\/wp-json\/wp\/v2\/media?parent=1625"}],"curies":[{"name":"wp","href":"https:\/\/api.w.org\/{rel}","templated":true}]}}