{"id":1824,"date":"2025-06-20T14:53:59","date_gmt":"2025-06-20T12:53:59","guid":{"rendered":"https:\/\/forstunternehmer.ch\/?page_id=1824"},"modified":"2025-06-25T15:34:28","modified_gmt":"2025-06-25T13:34:28","slug":"news","status":"publish","type":"page","link":"https:\/\/forstunternehmer.ch\/fr\/news\/","title":{"rendered":"Actualit\u00e9s"},"content":{"rendered":"<div data-elementor-type=\"wp-page\" data-elementor-id=\"1824\" class=\"elementor elementor-1824\" data-elementor-post-type=\"page\">\n\t\t\t\t<div class=\"elementor-element elementor-element-c340e0a e-flex e-con-boxed e-con e-parent\" data-id=\"c340e0a\" data-element_type=\"container\" data-settings=\"{&quot;background_background&quot;:&quot;classic&quot;}\">\n\t\t\t\t\t<div class=\"e-con-inner\">\n\t\t\t\t<div class=\"elementor-element elementor-element-eb75418 elementor-widget-tablet__width-inherit animated-slow elementor-invisible elementor-widget elementor-widget-heading\" data-id=\"eb75418\" data-element_type=\"widget\" data-settings=\"{&quot;_animation&quot;:&quot;fadeIn&quot;}\" data-widget_type=\"heading.default\">\n\t\t\t\t\t<h1 class=\"elementor-heading-title elementor-size-default\">actualit\u00e9s<\/h1>\t\t\t\t<\/div>\n\t\t<div class=\"elementor-element elementor-element-fc443a2 e-con-full e-flex e-con e-child\" data-id=\"fc443a2\" data-element_type=\"container\">\n\t\t<div class=\"elementor-element elementor-element-0416809 e-con-full e-flex e-con e-child\" data-id=\"0416809\" data-element_type=\"container\">\n\t\t\t\t<div class=\"elementor-element elementor-element-9b84d63 elementor-widget__width-initial elementor-arrows-position-inside elementor-pagination-position-outside elementor-widget elementor-widget-image-carousel\" data-id=\"9b84d63\" data-element_type=\"widget\" data-settings=\"{&quot;slides_to_show&quot;:&quot;1&quot;,&quot;navigation&quot;:&quot;both&quot;,&quot;autoplay&quot;:&quot;yes&quot;,&quot;pause_on_hover&quot;:&quot;yes&quot;,&quot;pause_on_interaction&quot;:&quot;yes&quot;,&quot;autoplay_speed&quot;:5000,&quot;infinite&quot;:&quot;yes&quot;,&quot;effect&quot;:&quot;slide&quot;,&quot;speed&quot;:500}\" data-widget_type=\"image-carousel.default\">\n\t\t\t\t\t\t\t<div class=\"elementor-image-carousel-wrapper swiper\" role=\"region\" aria-roledescription=\"carousel\" aria-label=\"Carousel d&#039;images\" dir=\"ltr\">\n\t\t\t<div class=\"elementor-image-carousel swiper-wrapper\" aria-live=\"off\">\n\t\t\t\t\t\t\t\t<div class=\"swiper-slide\" role=\"group\" aria-roledescription=\"slide\" aria-label=\"1 sur 16\"><figure class=\"swiper-slide-inner\"><img decoding=\"async\" class=\"swiper-slide-image\" src=\"https:\/\/forstunternehmer.ch\/wp-content\/uploads\/elementor\/thumbs\/IMG-20250616-WA0009-r7tv34t1cyuij1169egbgo8ncdsyfkam87ms148io8.webp\" alt=\"IMG-20250616-WA0009\" \/><\/figure><\/div><div class=\"swiper-slide\" role=\"group\" aria-roledescription=\"slide\" aria-label=\"2 sur 16\"><figure class=\"swiper-slide-inner\"><img decoding=\"async\" class=\"swiper-slide-image\" src=\"https:\/\/forstunternehmer.ch\/wp-content\/uploads\/elementor\/thumbs\/IMG-20250616-WA0007-r7tv32xczarxvt3wkdn2bopq5m280635jybt2kbb0o.webp\" alt=\"IMG-20250616-WA0007\" \/><\/figure><\/div><div class=\"swiper-slide\" role=\"group\" aria-roledescription=\"slide\" aria-label=\"3 sur 16\"><figure class=\"swiper-slide-inner\"><img decoding=\"async\" class=\"swiper-slide-image\" src=\"https:\/\/forstunternehmer.ch\/wp-content\/uploads\/elementor\/thumbs\/IMG-20250616-WA0005-r7tv303ueso2wz800uf6m7fcdgg4d2ryjkdcmqfhjc.webp\" alt=\"IMG-20250616-WA0005\" \/><\/figure><\/div><div class=\"swiper-slide\" role=\"group\" aria-roledescription=\"slide\" aria-label=\"4 sur 16\"><figure class=\"swiper-slide-inner\"><img decoding=\"async\" class=\"swiper-slide-image\" src=\"https:\/\/forstunternehmer.ch\/wp-content\/uploads\/elementor\/thumbs\/IMG-20250616-WA0003-r7tv2y8614li9raqbtlxh7wf6opdxokhvb2do6i9vs.webp\" alt=\"IMG-20250616-WA0003\" \/><\/figure><\/div><div class=\"swiper-slide\" role=\"group\" aria-roledescription=\"slide\" aria-label=\"5 sur 16\"><figure class=\"swiper-slide-inner\"><img decoding=\"async\" class=\"swiper-slide-image\" src=\"https:\/\/forstunternehmer.ch\/wp-content\/uploads\/elementor\/thumbs\/IMG-20250616-WA0001-r7tv2wchngixmjdgmssoc8dhzwyniad171repml288.webp\" alt=\"IMG-20250616-WA0001\" \/><\/figure><\/div><div class=\"swiper-slide\" role=\"group\" aria-roledescription=\"slide\" aria-label=\"6 sur 16\"><figure class=\"swiper-slide-inner\"><img decoding=\"async\" class=\"swiper-slide-image\" src=\"https:\/\/forstunternehmer.ch\/wp-content\/uploads\/elementor\/thumbs\/IMG-20250613-WA0010-r7tsrsg7dsr93q3cxdj6dpdb6glbxpferp8w5vt6dk.webp\" alt=\"IMG-20250613-WA0010\" \/><\/figure><\/div><div class=\"swiper-slide\" role=\"group\" aria-roledescription=\"slide\" aria-label=\"7 sur 16\"><figure class=\"swiper-slide-inner\"><img decoding=\"async\" class=\"swiper-slide-image\" src=\"https:\/\/forstunternehmer.ch\/wp-content\/uploads\/elementor\/thumbs\/IMG-20250613-WA0009-r7tsrqkj04oogi638cpx8pudzoulib7y3fxx7bvyq0.webp\" alt=\"IMG-20250613-WA0009\" \/><\/figure><\/div><div class=\"swiper-slide\" role=\"group\" aria-roledescription=\"slide\" aria-label=\"8 sur 16\"><figure class=\"swiper-slide-inner\"><img decoding=\"async\" class=\"swiper-slide-image\" src=\"https:\/\/forstunternehmer.ch\/wp-content\/uploads\/elementor\/thumbs\/IMG-20250613-WA0007-r7tsrooumgm3ta8tjbwo3qbgsx3v2x0hf6my8ryr2g.webp\" alt=\"IMG-20250613-WA0007\" \/><\/figure><\/div><div class=\"swiper-slide\" role=\"group\" aria-roledescription=\"slide\" aria-label=\"9 sur 16\"><figure class=\"swiper-slide-inner\"><img decoding=\"async\" class=\"swiper-slide-image\" src=\"https:\/\/forstunternehmer.ch\/wp-content\/uploads\/elementor\/thumbs\/IMG-20250613-WA0004-r7tsrmt68sjj62bjub3eyqsjm5d4nit0qxbza81jew.webp\" alt=\"IMG-20250613-WA0004\" \/><\/figure><\/div><div class=\"swiper-slide\" role=\"group\" aria-roledescription=\"slide\" aria-label=\"10 sur 16\"><figure class=\"swiper-slide-inner\"><img decoding=\"async\" class=\"swiper-slide-image\" src=\"https:\/\/forstunternehmer.ch\/wp-content\/uploads\/elementor\/thumbs\/IMG-20250613-WA0003-r7tsrkxhv4gyiuea5aa5tr9mfdme84lk2o10bo4brc.webp\" alt=\"IMG-20250613-WA0003\" \/><\/figure><\/div><div class=\"swiper-slide\" role=\"group\" aria-roledescription=\"slide\" aria-label=\"11 sur 16\"><figure class=\"swiper-slide-inner\"><img decoding=\"async\" class=\"swiper-slide-image\" src=\"https:\/\/forstunternehmer.ch\/wp-content\/uploads\/elementor\/thumbs\/IMG-20250613-WA0002-r7tsrj1thgedvmh0g9gworqp8lvnsqe3eeq1d4743s.webp\" alt=\"IMG-20250613-WA0002\" \/><\/figure><\/div><div class=\"swiper-slide\" role=\"group\" aria-roledescription=\"slide\" aria-label=\"12 sur 16\"><figure class=\"swiper-slide-inner\"><img decoding=\"async\" class=\"swiper-slide-image\" src=\"https:\/\/forstunternehmer.ch\/wp-content\/uploads\/elementor\/thumbs\/IMG-20250613-WA0001-r7tsri3zamd3k0idlr2a49z8n80al1ad2a2jvu8ia0.webp\" alt=\"IMG-20250613-WA0001\" \/><\/figure><\/div><div class=\"swiper-slide\" role=\"group\" aria-roledescription=\"slide\" aria-label=\"13 sur 16\"><figure class=\"swiper-slide-inner\"><img decoding=\"async\" class=\"swiper-slide-image\" src=\"https:\/\/forstunternehmer.ch\/wp-content\/uploads\/elementor\/thumbs\/20250613_153914-r7tsrg8awyaiwsl3wq90zagbgg9k5n2we0rkxabamg.webp\" alt=\"20250613_153914\" \/><\/figure><\/div><div class=\"swiper-slide\" role=\"group\" aria-roledescription=\"slide\" aria-label=\"14 sur 16\"><figure class=\"swiper-slide-inner\"><img decoding=\"async\" class=\"swiper-slide-image\" src=\"https:\/\/forstunternehmer.ch\/wp-content\/uploads\/elementor\/thumbs\/20250613_151843-r7tsrecmja7y9knu7pfruaxe9oitq8vfprglyqe2yw.webp\" alt=\"20250613_151843\" \/><\/figure><\/div><div class=\"swiper-slide\" role=\"group\" aria-roledescription=\"slide\" aria-label=\"15 sur 16\"><figure class=\"swiper-slide-inner\"><img decoding=\"async\" class=\"swiper-slide-image\" src=\"https:\/\/forstunternehmer.ch\/wp-content\/uploads\/elementor\/thumbs\/20250613_151426-r7tsrcgy5m5dmcqkiomipbeh2ws3aunz1i5n06gvbc.webp\" alt=\"20250613_151426\" \/><\/figure><\/div><div class=\"swiper-slide\" role=\"group\" aria-roledescription=\"slide\" aria-label=\"16 sur 16\"><figure class=\"swiper-slide-inner\"><img decoding=\"async\" class=\"swiper-slide-image\" src=\"https:\/\/forstunternehmer.ch\/wp-content\/uploads\/elementor\/thumbs\/20250613_121424-r7tsr9nfl41iniunz5emzu43ar5znrcs1476kcl1u0.webp\" alt=\"20250613_121424\" \/><\/figure><\/div>\t\t\t<\/div>\n\t\t\t\t\t\t\t\t\t\t\t\t<div class=\"elementor-swiper-button elementor-swiper-button-prev\" role=\"button\" tabindex=\"0\">\n\t\t\t\t\t\t<svg aria-hidden=\"true\" class=\"e-font-icon-svg e-eicon-chevron-left\" viewbox=\"0 0 1000 1000\" xmlns=\"http:\/\/www.w3.org\/2000\/svg\"><path d=\"M646 125C629 125 613 133 604 142L308 442C296 454 292 471 292 487 292 504 296 521 308 533L604 854C617 867 629 875 646 875 663 875 679 871 692 858 704 846 713 829 713 812 713 796 708 779 692 767L438 487 692 225C700 217 708 204 708 187 708 171 704 154 692 142 675 129 663 125 646 125Z\"><\/path><\/svg>\t\t\t\t\t<\/div>\n\t\t\t\t\t<div class=\"elementor-swiper-button elementor-swiper-button-next\" role=\"button\" tabindex=\"0\">\n\t\t\t\t\t\t<svg aria-hidden=\"true\" class=\"e-font-icon-svg e-eicon-chevron-right\" viewbox=\"0 0 1000 1000\" xmlns=\"http:\/\/www.w3.org\/2000\/svg\"><path d=\"M696 533C708 521 713 504 713 487 713 471 708 454 696 446L400 146C388 133 375 125 354 125 338 125 325 129 313 142 300 154 292 171 292 187 292 204 296 221 308 233L563 492 304 771C292 783 288 800 288 817 288 833 296 850 308 863 321 871 338 875 354 875 371 875 388 867 400 854L696 533Z\"><\/path><\/svg>\t\t\t\t\t<\/div>\n\t\t\t\t\n\t\t\t\t\t\t\t\t\t<div class=\"swiper-pagination\"><\/div>\n\t\t\t\t\t\t\t\t\t<\/div>\n\t\t\t\t\t\t<\/div>\n\t\t\t\t<\/div>\n\t\t<div class=\"elementor-element elementor-element-7b76770 e-con-full e-flex e-con e-child\" data-id=\"7b76770\" data-element_type=\"container\">\n\t\t\t\t<div class=\"elementor-element elementor-element-2b64ce1 elementor-invisible elementor-widget elementor-widget-heading\" data-id=\"2b64ce1\" data-element_type=\"widget\" data-settings=\"{&quot;_animation&quot;:&quot;fadeInUp&quot;}\" data-widget_type=\"heading.default\">\n\t\t\t\t\t<h2 class=\"elementor-heading-title elementor-size-default\">Assembl\u00e9e g\u00e9n\u00e9rale <\/h2>\t\t\t\t<\/div>\n\t\t\t\t<div class=\"elementor-element elementor-element-91deec8 elementor-widget-tablet__width-initial elementor-widget-mobile__width-inherit elementor-invisible elementor-widget elementor-widget-text-editor\" data-id=\"91deec8\" data-element_type=\"widget\" data-settings=\"{&quot;_animation&quot;:&quot;fadeIn&quot;}\" data-widget_type=\"text-editor.default\">\n\t\t\t\t\t\t\t\t\t<p data-start=\"177\" data-end=\"409\">Le vendredi 13 juin 2025, notre assembl\u00e9e g\u00e9n\u00e9rale s'est tenue dans les locaux de Blumer-Lehmann AG \u00e0 Gossau SG. C'est dans une atmosph\u00e8re inspirante que nous avons accueilli de nombreux membres et que nous avons fait ensemble la r\u00e9trospective de l'ann\u00e9e \u00e9coul\u00e9e.<\/p><p data-start=\"411\" data-end=\"705\">Nous remercions tout particuli\u00e8rement Blumer-Lehmann AG pour son hospitalit\u00e9 et les aper\u00e7us passionnants qu'elle nous a offerts sur son entreprise. La visite guid\u00e9e des sites de production ainsi que la pr\u00e9sentation de projets actuels ont offert un aper\u00e7u fascinant des coulisses d'une entreprise de construction en bois innovante.<\/p><p data-start=\"707\" data-end=\"938\">L'assembl\u00e9e a \u00e9t\u00e9 marqu\u00e9e par des \u00e9changes constructifs, des discussions pr\u00e9cieuses et un r\u00e9seautage actif entre les membres. Nous remercions tous les participants pour leur engagement et nous r\u00e9jouissons d\u00e9j\u00e0 des prochaines rencontres !<\/p>\t\t\t\t\t\t\t\t<\/div>\n\t\t\t\t<div class=\"elementor-element elementor-element-850d781 elementor-widget elementor-widget-text-editor\" data-id=\"850d781\" data-element_type=\"widget\" data-widget_type=\"text-editor.default\">\n\t\t\t\t\t\t\t\t\t<p>Lorem ipsum dolor sit amet, consectetur adipiscing elit. Ut elit tellus, luctus nec ullamcorper mattis, pulvinar dapibus leo.<\/p>\t\t\t\t\t\t\t\t<\/div>\n\t\t\t\t<\/div>\n\t\t\t\t<\/div>\n\t\t\t\t\t<\/div>\n\t\t\t\t<\/div>\n\t\t\t\t<\/div>","protected":false},"excerpt":{"rendered":"<p>news Assembl\u00e9e des membres Le vendredi 13 juin 2025, notre assembl\u00e9e des membres a eu lieu chez Blumer-Lehmann AG \u00e0 Gossau SG. C'est dans une atmosph\u00e8re inspirante que nous avons accueilli de nombreux membres et que nous avons fait ensemble la r\u00e9trospective de l'ann\u00e9e \u00e9coul\u00e9e. Nous remercions tout particuli\u00e8rement Blumer-Lehmann AG pour son hospitalit\u00e9 et les aper\u00e7us passionnants qu'elle nous a donn\u00e9s sur l'entreprise. La visite guid\u00e9e des sites de production [...]<\/p>","protected":false},"author":1,"featured_media":0,"parent":0,"menu_order":0,"comment_status":"closed","ping_status":"closed","template":"elementor_header_footer","meta":{"_acf_changed":false,"footnotes":""},"class_list":["post-1824","page","type-page","status-publish","hentry"],"acf":[],"yoast_head":"<!-- This site is optimized with the Yoast SEO plugin v26.8 - https:\/\/yoast.com\/product\/yoast-seo-wordpress\/ -->\n<title>News - Forstunternehmer Schweiz<\/title>\n<meta name=\"robots\" content=\"index, follow, max-snippet:-1, max-image-preview:large, max-video-preview:-1\" \/>\n<link rel=\"canonical\" href=\"https:\/\/forstunternehmer.ch\/fr\/news\/\" \/>\n<meta property=\"og:locale\" content=\"fr_FR\" \/>\n<meta property=\"og:type\" content=\"article\" \/>\n<meta property=\"og:title\" content=\"News - Forstunternehmer Schweiz\" \/>\n<meta property=\"og:description\" content=\"news Mitgliederversammlung Am Freitag, 13. Juni 2025, fand unsere Mitgliederversammlung bei der Blumer-Lehmann AG in Gossau SG statt. In inspirierender Atmosph\u00e4re durften wir zahlreiche Mitglieder begr\u00fcssen und gemeinsam auf das vergangene Jahr zur\u00fcckblicken. Ein besonderer Dank gilt der Blumer-Lehmann AG f\u00fcr die Gastfreundschaft und die spannenden Einblicke in das Unternehmen. Die F\u00fchrung durch die Produktionsst\u00e4tten [&hellip;]\" \/>\n<meta property=\"og:url\" content=\"https:\/\/forstunternehmer.ch\/fr\/news\/\" \/>\n<meta property=\"og:site_name\" content=\"Forstunternehmer Schweiz\" \/>\n<meta property=\"article:publisher\" content=\"https:\/\/www.facebook.com\/ForstunternehmerSchweiz\" \/>\n<meta property=\"article:modified_time\" content=\"2025-06-25T13:34:28+00:00\" \/>\n<meta property=\"og:image\" content=\"https:\/\/forstunternehmer.ch\/wp-content\/uploads\/elementor\/thumbs\/IMG-20250616-WA0009-r7tv34t1cyuij1169egbgo8ncdsyfkam87ms148io8.webp\" \/>\n<meta name=\"twitter:card\" content=\"summary_large_image\" \/>\n<meta name=\"twitter:label1\" content=\"Dur\u00e9e de lecture estim\u00e9e\" \/>\n\t<meta name=\"twitter:data1\" content=\"5 minutes\" \/>\n<script type=\"application\/ld+json\" class=\"yoast-schema-graph\">{\"@context\":\"https:\/\/schema.org\",\"@graph\":[{\"@type\":\"WebPage\",\"@id\":\"https:\/\/forstunternehmer.ch\/news\/\",\"url\":\"https:\/\/forstunternehmer.ch\/news\/\",\"name\":\"News - Forstunternehmer Schweiz\",\"isPartOf\":{\"@id\":\"https:\/\/forstunternehmer.ch\/#website\"},\"primaryImageOfPage\":{\"@id\":\"https:\/\/forstunternehmer.ch\/news\/#primaryimage\"},\"image\":{\"@id\":\"https:\/\/forstunternehmer.ch\/news\/#primaryimage\"},\"thumbnailUrl\":\"https:\/\/forstunternehmer.ch\/wp-content\/uploads\/elementor\/thumbs\/IMG-20250616-WA0009-r7tv34t1cyuij1169egbgo8ncdsyfkam87ms148io8.webp\",\"datePublished\":\"2025-06-20T12:53:59+00:00\",\"dateModified\":\"2025-06-25T13:34:28+00:00\",\"breadcrumb\":{\"@id\":\"https:\/\/forstunternehmer.ch\/news\/#breadcrumb\"},\"inLanguage\":\"fr-FR\",\"potentialAction\":[{\"@type\":\"ReadAction\",\"target\":[\"https:\/\/forstunternehmer.ch\/news\/\"]}]},{\"@type\":\"ImageObject\",\"inLanguage\":\"fr-FR\",\"@id\":\"https:\/\/forstunternehmer.ch\/news\/#primaryimage\",\"url\":\"https:\/\/forstunternehmer.ch\/wp-content\/uploads\/elementor\/thumbs\/IMG-20250616-WA0009-r7tv34t1cyuij1169egbgo8ncdsyfkam87ms148io8.webp\",\"contentUrl\":\"https:\/\/forstunternehmer.ch\/wp-content\/uploads\/elementor\/thumbs\/IMG-20250616-WA0009-r7tv34t1cyuij1169egbgo8ncdsyfkam87ms148io8.webp\"},{\"@type\":\"BreadcrumbList\",\"@id\":\"https:\/\/forstunternehmer.ch\/news\/#breadcrumb\",\"itemListElement\":[{\"@type\":\"ListItem\",\"position\":1,\"name\":\"Startseite\",\"item\":\"https:\/\/forstunternehmer.ch\/\"},{\"@type\":\"ListItem\",\"position\":2,\"name\":\"News\"}]},{\"@type\":\"WebSite\",\"@id\":\"https:\/\/forstunternehmer.ch\/#website\",\"url\":\"https:\/\/forstunternehmer.ch\/\",\"name\":\"Forstunternehmer Schweiz\",\"description\":\"Die zuverl\u00e4ssigen Partner in der Holzkette\",\"publisher\":{\"@id\":\"https:\/\/forstunternehmer.ch\/#organization\"},\"potentialAction\":[{\"@type\":\"SearchAction\",\"target\":{\"@type\":\"EntryPoint\",\"urlTemplate\":\"https:\/\/forstunternehmer.ch\/?s={search_term_string}\"},\"query-input\":{\"@type\":\"PropertyValueSpecification\",\"valueRequired\":true,\"valueName\":\"search_term_string\"}}],\"inLanguage\":\"fr-FR\"},{\"@type\":\"Organization\",\"@id\":\"https:\/\/forstunternehmer.ch\/#organization\",\"name\":\"Forstunternehmer Schweiz\",\"url\":\"https:\/\/forstunternehmer.ch\/\",\"logo\":{\"@type\":\"ImageObject\",\"inLanguage\":\"fr-FR\",\"@id\":\"https:\/\/forstunternehmer.ch\/#\/schema\/logo\/image\/\",\"url\":\"https:\/\/forstunternehmer.ch\/wp-content\/uploads\/2024\/10\/01_Primary-Logo_Badgeversion_Forstunternehmer_DE_original_Ausgeruestet.png\",\"contentUrl\":\"https:\/\/forstunternehmer.ch\/wp-content\/uploads\/2024\/10\/01_Primary-Logo_Badgeversion_Forstunternehmer_DE_original_Ausgeruestet.png\",\"width\":2560,\"height\":2560,\"caption\":\"Forstunternehmer Schweiz\"},\"image\":{\"@id\":\"https:\/\/forstunternehmer.ch\/#\/schema\/logo\/image\/\"},\"sameAs\":[\"https:\/\/www.facebook.com\/ForstunternehmerSchweiz\",\"https:\/\/www.linkedin.com\/company\/forstunternehmer-schweiz\/\"]}]}<\/script>\n<!-- \/ Yoast SEO plugin. -->","yoast_head_json":{"title":"News - Forstunternehmer Schweiz","robots":{"index":"index","follow":"follow","max-snippet":"max-snippet:-1","max-image-preview":"max-image-preview:large","max-video-preview":"max-video-preview:-1"},"canonical":"https:\/\/forstunternehmer.ch\/fr\/news\/","og_locale":"fr_FR","og_type":"article","og_title":"News - Forstunternehmer Schweiz","og_description":"news Mitgliederversammlung Am Freitag, 13. Juni 2025, fand unsere Mitgliederversammlung bei der Blumer-Lehmann AG in Gossau SG statt. In inspirierender Atmosph\u00e4re durften wir zahlreiche Mitglieder begr\u00fcssen und gemeinsam auf das vergangene Jahr zur\u00fcckblicken. Ein besonderer Dank gilt der Blumer-Lehmann AG f\u00fcr die Gastfreundschaft und die spannenden Einblicke in das Unternehmen. Die F\u00fchrung durch die Produktionsst\u00e4tten [&hellip;]","og_url":"https:\/\/forstunternehmer.ch\/fr\/news\/","og_site_name":"Forstunternehmer Schweiz","article_publisher":"https:\/\/www.facebook.com\/ForstunternehmerSchweiz","article_modified_time":"2025-06-25T13:34:28+00:00","og_image":[{"url":"https:\/\/forstunternehmer.ch\/wp-content\/uploads\/elementor\/thumbs\/IMG-20250616-WA0009-r7tv34t1cyuij1169egbgo8ncdsyfkam87ms148io8.webp","type":"","width":"","height":""}],"twitter_card":"summary_large_image","twitter_misc":{"Dur\u00e9e de lecture estim\u00e9e":"5 minutes"},"schema":{"@context":"https:\/\/schema.org","@graph":[{"@type":"WebPage","@id":"https:\/\/forstunternehmer.ch\/news\/","url":"https:\/\/forstunternehmer.ch\/news\/","name":"News - Forstunternehmer Schweiz","isPartOf":{"@id":"https:\/\/forstunternehmer.ch\/#website"},"primaryImageOfPage":{"@id":"https:\/\/forstunternehmer.ch\/news\/#primaryimage"},"image":{"@id":"https:\/\/forstunternehmer.ch\/news\/#primaryimage"},"thumbnailUrl":"https:\/\/forstunternehmer.ch\/wp-content\/uploads\/elementor\/thumbs\/IMG-20250616-WA0009-r7tv34t1cyuij1169egbgo8ncdsyfkam87ms148io8.webp","datePublished":"2025-06-20T12:53:59+00:00","dateModified":"2025-06-25T13:34:28+00:00","breadcrumb":{"@id":"https:\/\/forstunternehmer.ch\/news\/#breadcrumb"},"inLanguage":"fr-FR","potentialAction":[{"@type":"ReadAction","target":["https:\/\/forstunternehmer.ch\/news\/"]}]},{"@type":"ImageObject","inLanguage":"fr-FR","@id":"https:\/\/forstunternehmer.ch\/news\/#primaryimage","url":"https:\/\/forstunternehmer.ch\/wp-content\/uploads\/elementor\/thumbs\/IMG-20250616-WA0009-r7tv34t1cyuij1169egbgo8ncdsyfkam87ms148io8.webp","contentUrl":"https:\/\/forstunternehmer.ch\/wp-content\/uploads\/elementor\/thumbs\/IMG-20250616-WA0009-r7tv34t1cyuij1169egbgo8ncdsyfkam87ms148io8.webp"},{"@type":"BreadcrumbList","@id":"https:\/\/forstunternehmer.ch\/news\/#breadcrumb","itemListElement":[{"@type":"ListItem","position":1,"name":"Startseite","item":"https:\/\/forstunternehmer.ch\/"},{"@type":"ListItem","position":2,"name":"News"}]},{"@type":"WebSite","@id":"https:\/\/forstunternehmer.ch\/#website","url":"https:\/\/forstunternehmer.ch\/","name":"Entrepreneurs forestiers Suisse","description":"Les partenaires fiables de la cha\u00eene du bois","publisher":{"@id":"https:\/\/forstunternehmer.ch\/#organization"},"potentialAction":[{"@type":"SearchAction","target":{"@type":"EntryPoint","urlTemplate":"https:\/\/forstunternehmer.ch\/?s={search_term_string}"},"query-input":{"@type":"PropertyValueSpecification","valueRequired":true,"valueName":"search_term_string"}}],"inLanguage":"fr-FR"},{"@type":"Organization","@id":"https:\/\/forstunternehmer.ch\/#organization","name":"Entrepreneurs forestiers Suisse","url":"https:\/\/forstunternehmer.ch\/","logo":{"@type":"ImageObject","inLanguage":"fr-FR","@id":"https:\/\/forstunternehmer.ch\/#\/schema\/logo\/image\/","url":"https:\/\/forstunternehmer.ch\/wp-content\/uploads\/2024\/10\/01_Primary-Logo_Badgeversion_Forstunternehmer_DE_original_Ausgeruestet.png","contentUrl":"https:\/\/forstunternehmer.ch\/wp-content\/uploads\/2024\/10\/01_Primary-Logo_Badgeversion_Forstunternehmer_DE_original_Ausgeruestet.png","width":2560,"height":2560,"caption":"Forstunternehmer Schweiz"},"image":{"@id":"https:\/\/forstunternehmer.ch\/#\/schema\/logo\/image\/"},"sameAs":["https:\/\/www.facebook.com\/ForstunternehmerSchweiz","https:\/\/www.linkedin.com\/company\/forstunternehmer-schweiz\/"]}]}},"_links":{"self":[{"href":"https:\/\/forstunternehmer.ch\/fr\/wp-json\/wp\/v2\/pages\/1824","targetHints":{"allow":["GET"]}}],"collection":[{"href":"https:\/\/forstunternehmer.ch\/fr\/wp-json\/wp\/v2\/pages"}],"about":[{"href":"https:\/\/forstunternehmer.ch\/fr\/wp-json\/wp\/v2\/types\/page"}],"author":[{"embeddable":true,"href":"https:\/\/forstunternehmer.ch\/fr\/wp-json\/wp\/v2\/users\/1"}],"replies":[{"embeddable":true,"href":"https:\/\/forstunternehmer.ch\/fr\/wp-json\/wp\/v2\/comments?post=1824"}],"version-history":[{"count":76,"href":"https:\/\/forstunternehmer.ch\/fr\/wp-json\/wp\/v2\/pages\/1824\/revisions"}],"predecessor-version":[{"id":1944,"href":"https:\/\/forstunternehmer.ch\/fr\/wp-json\/wp\/v2\/pages\/1824\/revisions\/1944"}],"wp:attachment":[{"href":"https:\/\/forstunternehmer.ch\/fr\/wp-json\/wp\/v2\/media?parent=1824"}],"curies":[{"name":"wp","href":"https:\/\/api.w.org\/{rel}","templated":true}]}}