{"id":667,"date":"2024-12-16T13:28:20","date_gmt":"2024-12-16T12:28:20","guid":{"rendered":"https:\/\/fus.avatalents.ch\/?page_id=667"},"modified":"2025-08-28T08:11:33","modified_gmt":"2025-08-28T06:11:33","slug":"als-dienstleister","status":"publish","type":"page","link":"https:\/\/forstunternehmer.ch\/fr\/als-dienstleister\/","title":{"rendered":"Services"},"content":{"rendered":"<div data-elementor-type=\"wp-page\" data-elementor-id=\"667\" class=\"elementor elementor-667\" data-elementor-post-type=\"page\">\n\t\t\t\t<div class=\"elementor-element elementor-element-4953e81 e-con-full e-flex e-con e-parent\" data-id=\"4953e81\" data-element_type=\"container\" data-settings=\"{&quot;background_background&quot;:&quot;slideshow&quot;,&quot;background_slideshow_gallery&quot;:[{&quot;id&quot;:705,&quot;url&quot;:&quot;https:\\\/\\\/forstunternehmer.ch\\\/wp-content\\\/uploads\\\/2024\\\/12\\\/1.webp&quot;}],&quot;shape_divider_bottom&quot;:&quot;pyramids&quot;,&quot;background_slideshow_slide_duration&quot;:5000,&quot;background_slideshow_slide_transition&quot;:&quot;fade&quot;,&quot;background_slideshow_transition_duration&quot;:500}\">\n\t\t\t\t<div class=\"elementor-shape elementor-shape-bottom\" aria-hidden=\"true\" data-negative=\"false\">\n\t\t\t<svg xmlns=\"http:\/\/www.w3.org\/2000\/svg\" viewbox=\"0 0 1000 100\" preserveaspectratio=\"none\">\n\t<path class=\"elementor-shape-fill\" d=\"M761.9,44.1L643.1,27.2L333.8,98L0,3.8V0l1000,0v3.9\"\/>\n<\/svg>\t\t<\/div>\n\t\t\t\t<\/div>\n\t\t<div class=\"elementor-element elementor-element-bbafcd4 e-flex e-con-boxed e-con e-parent\" data-id=\"bbafcd4\" data-element_type=\"container\">\n\t\t\t\t\t<div class=\"e-con-inner\">\n\t\t<div class=\"elementor-element elementor-element-488a503 e-con-full e-flex e-con e-child\" data-id=\"488a503\" data-element_type=\"container\">\n\t\t\t\t<div class=\"elementor-element elementor-element-febc63f elementor-widget elementor-widget-text-editor\" data-id=\"febc63f\" data-element_type=\"widget\" data-widget_type=\"text-editor.default\">\n\t\t\t\t\t\t\t\t\t<p><strong>Comp\u00e9tence pour\u00a0<\/strong><\/p>\t\t\t\t\t\t\t\t<\/div>\n\t\t\t\t<div class=\"elementor-element elementor-element-6e8b552 elementor-widget-tablet__width-inherit animated-slow elementor-invisible elementor-widget elementor-widget-heading\" data-id=\"6e8b552\" data-element_type=\"widget\" data-settings=\"{&quot;_animation&quot;:&quot;fadeIn&quot;}\" data-widget_type=\"heading.default\">\n\t\t\t\t\t<h1 class=\"elementor-heading-title elementor-size-default\">entreprises foresti\u00e8res et propri\u00e9taires forestiers<\/h1>\t\t\t\t<\/div>\n\t\t\t\t<\/div>\n\t\t<div class=\"elementor-element elementor-element-93eab0c e-con-full e-flex e-con e-child\" data-id=\"93eab0c\" data-element_type=\"container\">\n\t\t\t\t<div class=\"elementor-element elementor-element-23cd8f3 elementor-skin-carousel elementor-arrows-yes elementor-pagination-type-bullets elementor-pagination-position-outside elementor-widget elementor-widget-media-carousel\" data-id=\"23cd8f3\" data-element_type=\"widget\" data-settings=\"{&quot;skin&quot;:&quot;carousel&quot;,&quot;effect&quot;:&quot;slide&quot;,&quot;show_arrows&quot;:&quot;yes&quot;,&quot;pagination&quot;:&quot;bullets&quot;,&quot;speed&quot;:500,&quot;autoplay&quot;:&quot;yes&quot;,&quot;autoplay_speed&quot;:5000,&quot;loop&quot;:&quot;yes&quot;,&quot;pause_on_hover&quot;:&quot;yes&quot;,&quot;pause_on_interaction&quot;:&quot;yes&quot;,&quot;space_between&quot;:{&quot;unit&quot;:&quot;px&quot;,&quot;size&quot;:10,&quot;sizes&quot;:[]},&quot;space_between_widescreen&quot;:{&quot;unit&quot;:&quot;px&quot;,&quot;size&quot;:10,&quot;sizes&quot;:[]},&quot;space_between_laptop&quot;:{&quot;unit&quot;:&quot;px&quot;,&quot;size&quot;:10,&quot;sizes&quot;:[]},&quot;space_between_tablet&quot;:{&quot;unit&quot;:&quot;px&quot;,&quot;size&quot;:10,&quot;sizes&quot;:[]},&quot;space_between_mobile&quot;:{&quot;unit&quot;:&quot;px&quot;,&quot;size&quot;:10,&quot;sizes&quot;:[]}}\" data-widget_type=\"media-carousel.default\">\n\t\t\t\t\t\t\t\t\t\t<div class=\"elementor-main-swiper swiper\" role=\"region\" aria-roledescription=\"carousel\" aria-label=\"Slides\">\n\t\t\t\t<div class=\"swiper-wrapper\">\n\t\t\t\t\t\t\t\t\t\t\t<div class=\"swiper-slide\" role=\"group\" aria-roledescription=\"slide\">\n\t\t\t\t\t\t\t\t\t<div class=\"elementor-carousel-image\" role=\"img\" aria-label=\"Pelleteuse\" style=\"background-image: url(&#039;https:\/\/forstunternehmer.ch\/wp-content\/uploads\/2024\/12\/Headerbilder_Website-6.jpg&#039;)\">\n\n\t\t\t\n\t\t\t\t\t<\/div>\n\t\t\t\t\t\t\t\t<\/div>\n\t\t\t\t\t\t\t\t\t\t\t<div class=\"swiper-slide\" role=\"group\" aria-roledescription=\"slide\">\n\t\t\t\t\t\t\t\t\t<div class=\"elementor-carousel-image\" role=\"img\" aria-label=\"2\" style=\"background-image: url(&#039;https:\/\/forstunternehmer.ch\/wp-content\/uploads\/2024\/12\/2.webp&#039;)\">\n\n\t\t\t\n\t\t\t\t\t<\/div>\n\t\t\t\t\t\t\t\t<\/div>\n\t\t\t\t\t\t\t\t\t\t\t<div class=\"swiper-slide\" role=\"group\" aria-roledescription=\"slide\">\n\t\t\t\t\t\t\t\t\t<div class=\"elementor-carousel-image\" role=\"img\" aria-label=\"Tracteur\" style=\"background-image: url(&#039;https:\/\/forstunternehmer.ch\/wp-content\/uploads\/2024\/12\/Headerbilder_Website-7.jpg&#039;)\">\n\n\t\t\t\n\t\t\t\t\t<\/div>\n\t\t\t\t\t\t\t\t<\/div>\n\t\t\t\t\t\t\t\t\t<\/div>\n\t\t\t\t\t\t\t\t\t\t\t\t\t\t\t<div class=\"elementor-swiper-button elementor-swiper-button-prev\" role=\"button\" tabindex=\"0\" aria-label=\"Pr\u00e9c\u00e9dent\">\n\t\t\t\t\t\t\t<svg aria-hidden=\"true\" class=\"e-font-icon-svg e-eicon-chevron-left\" viewbox=\"0 0 1000 1000\" xmlns=\"http:\/\/www.w3.org\/2000\/svg\"><path d=\"M646 125C629 125 613 133 604 142L308 442C296 454 292 471 292 487 292 504 296 521 308 533L604 854C617 867 629 875 646 875 663 875 679 871 692 858 704 846 713 829 713 812 713 796 708 779 692 767L438 487 692 225C700 217 708 204 708 187 708 171 704 154 692 142 675 129 663 125 646 125Z\"><\/path><\/svg>\t\t\t\t\t\t<\/div>\n\t\t\t\t\t\t<div class=\"elementor-swiper-button elementor-swiper-button-next\" role=\"button\" tabindex=\"0\" aria-label=\"Suivant\">\n\t\t\t\t\t\t\t<svg aria-hidden=\"true\" class=\"e-font-icon-svg e-eicon-chevron-right\" viewbox=\"0 0 1000 1000\" xmlns=\"http:\/\/www.w3.org\/2000\/svg\"><path d=\"M696 533C708 521 713 504 713 487 713 471 708 454 696 446L400 146C388 133 375 125 354 125 338 125 325 129 313 142 300 154 292 171 292 187 292 204 296 221 308 233L563 492 304 771C292 783 288 800 288 817 288 833 296 850 308 863 321 871 338 875 354 875 371 875 388 867 400 854L696 533Z\"><\/path><\/svg>\t\t\t\t\t\t<\/div>\n\t\t\t\t\t\t\t\t\t\t\t\t\t\t\t\t<div class=\"swiper-pagination\"><\/div>\n\t\t\t\t\t\t\t\t\t\t\t\t<\/div>\n\t\t\t\t\t\t\t\t<\/div>\n\t\t\t\t<\/div>\n\t\t\t\t\t<\/div>\n\t\t\t\t<\/div>\n\t\t<div class=\"elementor-element elementor-element-45acea8 e-flex e-con-boxed e-con e-parent\" data-id=\"45acea8\" data-element_type=\"container\">\n\t\t\t\t\t<div class=\"e-con-inner\">\n\t\t\t\t<div class=\"elementor-element elementor-element-a9d24f7 elementor-widget elementor-widget-n-accordion\" data-id=\"a9d24f7\" data-element_type=\"widget\" data-settings=\"{&quot;default_state&quot;:&quot;expanded&quot;,&quot;max_items_expended&quot;:&quot;one&quot;,&quot;n_accordion_animation_duration&quot;:{&quot;unit&quot;:&quot;ms&quot;,&quot;size&quot;:400,&quot;sizes&quot;:[]}}\" data-widget_type=\"nested-accordion.default\">\n\t\t\t\t\t\t\t<div class=\"e-n-accordion\" aria-label=\"L&#039;accord\u00e9on. Ouvre les liens avec Enter ou Space, ferme avec Escape, et navigue avec Arrow Keys.\">\n\t\t\t\t\t\t<details id=\"e-n-accordion-item-1780\" class=\"e-n-accordion-item\" open>\n\t\t\t\t<summary class=\"e-n-accordion-item-title\" data-accordion-index=\"1\" tabindex=\"0\" aria-expanded=\"true\" aria-controls=\"e-n-accordion-item-1780\" >\n\t\t\t\t\t<span class='e-n-accordion-item-title-header'><div class=\"e-n-accordion-item-title-text\"> R\u00e9colte de bois <\/div><\/span>\n\t\t\t\t\t\t\t<span class='e-n-accordion-item-title-icon'>\n\t\t\t<span class='e-opened' ><svg aria-hidden=\"true\" class=\"e-font-icon-svg e-fas-minus\" viewbox=\"0 0 448 512\" xmlns=\"http:\/\/www.w3.org\/2000\/svg\"><path d=\"M416 208H32c-17.67 0-32 14.33-32 32v32c0 17.67 14.33 32 32 32h384c17.67 0 32-14.33 32-32v-32c0-17.67-14.33-32-32-32z\"><\/path><\/svg><\/span>\n\t\t\t<span class='e-closed'><svg aria-hidden=\"true\" class=\"e-font-icon-svg e-fas-plus\" viewbox=\"0 0 448 512\" xmlns=\"http:\/\/www.w3.org\/2000\/svg\"><path d=\"M416 208H272V64c0-17.67-14.33-32-32-32h-32c-17.67 0-32 14.33-32 32v144H32c-17.67 0-32 14.33-32 32v32c0 17.67 14.33 32 32 32h144v144c0 17.67 14.33 32 32 32h32c17.67 0 32-14.33 32-32V304h144c17.67 0 32-14.33 32-32v-32c0-17.67-14.33-32-32-32z\"><\/path><\/svg><\/span>\n\t\t<\/span>\n\n\t\t\t\t\t\t<\/summary>\n\t\t\t\t<div role=\"region\" aria-labelledby=\"e-n-accordion-item-1780\" class=\"elementor-element elementor-element-455b892 e-con-full e-flex e-con e-child\" data-id=\"455b892\" data-element_type=\"container\">\n\t\t<div role=\"region\" aria-labelledby=\"e-n-accordion-item-1780\" class=\"elementor-element elementor-element-1ae0e5a e-con-full e-flex e-con e-child\" data-id=\"1ae0e5a\" data-element_type=\"container\">\n\t\t\t\t<div class=\"elementor-element elementor-element-7b999f9 elementor-widget elementor-widget-text-editor\" data-id=\"7b999f9\" data-element_type=\"widget\" data-widget_type=\"text-editor.default\">\n\t\t\t\t\t\t\t\t\t<p>Cette cat\u00e9gorie importante comprend l'abattage ou la coupe des arbres forestiers pour en extraire le bois.<\/p><p>Une \u00e9claircie a lieu pour am\u00e9liorer la structure, la stabilit\u00e9 ou la qualit\u00e9 du peuplement qui n'est pas encore pr\u00eat \u00e0 \u00eatre r\u00e9colt\u00e9.<\/p><p>Lors du rajeunissement, les arbres pr\u00eats \u00e0 \u00eatre r\u00e9colt\u00e9s sont pr\u00e9lev\u00e9s, ce qui permet l'ensemencement (ou la plantation) et la croissance naturels de jeunes arbres.<\/p>\t\t\t\t\t\t\t\t<\/div>\n\t\t\t\t<\/div>\n\t\t<div role=\"region\" aria-labelledby=\"e-n-accordion-item-1780\" class=\"elementor-element elementor-element-4e949ac e-con-full e-flex e-con e-child\" data-id=\"4e949ac\" data-element_type=\"container\">\n\t\t\t\t<div class=\"elementor-element elementor-element-41dc305 elementor-widget elementor-widget-image\" data-id=\"41dc305\" data-element_type=\"widget\" data-widget_type=\"image.default\">\n\t\t\t\t\t\t\t\t\t\t\t\t\t\t\t<img fetchpriority=\"high\" decoding=\"async\" width=\"800\" height=\"469\" src=\"https:\/\/forstunternehmer.ch\/wp-content\/uploads\/2024\/12\/2.webp\" class=\"attachment-large size-large wp-image-706\" alt=\"\" srcset=\"https:\/\/forstunternehmer.ch\/wp-content\/uploads\/2024\/12\/2.webp 1024w, https:\/\/forstunternehmer.ch\/wp-content\/uploads\/2024\/12\/2-300x176.webp 300w, https:\/\/forstunternehmer.ch\/wp-content\/uploads\/2024\/12\/2-768x450.webp 768w, https:\/\/forstunternehmer.ch\/wp-content\/uploads\/2024\/12\/2-18x12.webp 18w\" sizes=\"(max-width: 800px) 100vw, 800px\" \/>\t\t\t\t\t\t\t\t\t\t\t\t\t\t\t<\/div>\n\t\t\t\t<\/div>\n\t\t\t\t<\/div>\n\t\t\t\t\t<\/details>\n\t\t\t\t\t\t<details id=\"e-n-accordion-item-1781\" class=\"e-n-accordion-item\" >\n\t\t\t\t<summary class=\"e-n-accordion-item-title\" data-accordion-index=\"2\" tabindex=\"-1\" aria-expanded=\"false\" aria-controls=\"e-n-accordion-item-1781\" >\n\t\t\t\t\t<span class='e-n-accordion-item-title-header'><div class=\"e-n-accordion-item-title-text\"> B\u00fbcheronnage sp\u00e9cial <\/div><\/span>\n\t\t\t\t\t\t\t<span class='e-n-accordion-item-title-icon'>\n\t\t\t<span class='e-opened' ><svg aria-hidden=\"true\" class=\"e-font-icon-svg e-fas-minus\" viewbox=\"0 0 448 512\" xmlns=\"http:\/\/www.w3.org\/2000\/svg\"><path d=\"M416 208H32c-17.67 0-32 14.33-32 32v32c0 17.67 14.33 32 32 32h384c17.67 0 32-14.33 32-32v-32c0-17.67-14.33-32-32-32z\"><\/path><\/svg><\/span>\n\t\t\t<span class='e-closed'><svg aria-hidden=\"true\" class=\"e-font-icon-svg e-fas-plus\" viewbox=\"0 0 448 512\" xmlns=\"http:\/\/www.w3.org\/2000\/svg\"><path d=\"M416 208H272V64c0-17.67-14.33-32-32-32h-32c-17.67 0-32 14.33-32 32v144H32c-17.67 0-32 14.33-32 32v32c0 17.67 14.33 32 32 32h144v144c0 17.67 14.33 32 32 32h32c17.67 0 32-14.33 32-32V304h144c17.67 0 32-14.33 32-32v-32c0-17.67-14.33-32-32-32z\"><\/path><\/svg><\/span>\n\t\t<\/span>\n\n\t\t\t\t\t\t<\/summary>\n\t\t\t\t<div role=\"region\" aria-labelledby=\"e-n-accordion-item-1781\" class=\"elementor-element elementor-element-23adc30 e-con-full e-flex e-con e-child\" data-id=\"23adc30\" data-element_type=\"container\">\n\t\t<div role=\"region\" aria-labelledby=\"e-n-accordion-item-1781\" class=\"elementor-element elementor-element-8a39519 e-con-full e-flex e-con e-child\" data-id=\"8a39519\" data-element_type=\"container\">\n\t\t\t\t<div class=\"elementor-element elementor-element-c7c07cd elementor-widget elementor-widget-text-editor\" data-id=\"c7c07cd\" data-element_type=\"widget\" data-widget_type=\"text-editor.default\">\n\t\t\t\t\t\t\t\t\t<p>Le b\u00fbcheronnage sp\u00e9cial est un m\u00e9tier dans lequel les arbres sont abattus ou entretenus avec un soin particulier. On demande des pionniers de la sylviculture disposant d'une grande exp\u00e9rience et de vastes connaissances sp\u00e9ciales, d'une m\u00e9thode de travail minutieuse et d'un \u00e9quipement appropri\u00e9.<\/p>\t\t\t\t\t\t\t\t<\/div>\n\t\t\t\t<\/div>\n\t\t<div role=\"region\" aria-labelledby=\"e-n-accordion-item-1781\" class=\"elementor-element elementor-element-fc78796 e-con-full e-flex e-con e-child\" data-id=\"fc78796\" data-element_type=\"container\">\n\t\t\t\t<div class=\"elementor-element elementor-element-306f881 elementor-widget elementor-widget-image\" data-id=\"306f881\" data-element_type=\"widget\" data-widget_type=\"image.default\">\n\t\t\t\t\t\t\t\t\t\t\t\t\t\t\t<img decoding=\"async\" width=\"777\" height=\"583\" src=\"https:\/\/forstunternehmer.ch\/wp-content\/uploads\/2025\/08\/WhatsApp-Bild-2025-04-10-um-11.28.58_cb7f08e6.webp\" class=\"attachment-large size-large wp-image-2082\" alt=\"\" srcset=\"https:\/\/forstunternehmer.ch\/wp-content\/uploads\/2025\/08\/WhatsApp-Bild-2025-04-10-um-11.28.58_cb7f08e6.webp 777w, https:\/\/forstunternehmer.ch\/wp-content\/uploads\/2025\/08\/WhatsApp-Bild-2025-04-10-um-11.28.58_cb7f08e6-300x225.webp 300w, https:\/\/forstunternehmer.ch\/wp-content\/uploads\/2025\/08\/WhatsApp-Bild-2025-04-10-um-11.28.58_cb7f08e6-768x576.webp 768w, https:\/\/forstunternehmer.ch\/wp-content\/uploads\/2025\/08\/WhatsApp-Bild-2025-04-10-um-11.28.58_cb7f08e6-16x12.webp 16w\" sizes=\"(max-width: 777px) 100vw, 777px\" \/>\t\t\t\t\t\t\t\t\t\t\t\t\t\t\t<\/div>\n\t\t\t\t<\/div>\n\t\t\t\t<\/div>\n\t\t\t\t\t<\/details>\n\t\t\t\t\t\t<details id=\"e-n-accordion-item-1782\" class=\"e-n-accordion-item\" >\n\t\t\t\t<summary class=\"e-n-accordion-item-title\" data-accordion-index=\"3\" tabindex=\"-1\" aria-expanded=\"false\" aria-controls=\"e-n-accordion-item-1782\" >\n\t\t\t\t\t<span class='e-n-accordion-item-title-header'><div class=\"e-n-accordion-item-title-text\"> Dos <\/div><\/span>\n\t\t\t\t\t\t\t<span class='e-n-accordion-item-title-icon'>\n\t\t\t<span class='e-opened' ><svg aria-hidden=\"true\" class=\"e-font-icon-svg e-fas-minus\" viewbox=\"0 0 448 512\" xmlns=\"http:\/\/www.w3.org\/2000\/svg\"><path d=\"M416 208H32c-17.67 0-32 14.33-32 32v32c0 17.67 14.33 32 32 32h384c17.67 0 32-14.33 32-32v-32c0-17.67-14.33-32-32-32z\"><\/path><\/svg><\/span>\n\t\t\t<span class='e-closed'><svg aria-hidden=\"true\" class=\"e-font-icon-svg e-fas-plus\" viewbox=\"0 0 448 512\" xmlns=\"http:\/\/www.w3.org\/2000\/svg\"><path d=\"M416 208H272V64c0-17.67-14.33-32-32-32h-32c-17.67 0-32 14.33-32 32v144H32c-17.67 0-32 14.33-32 32v32c0 17.67 14.33 32 32 32h144v144c0 17.67 14.33 32 32 32h32c17.67 0 32-14.33 32-32V304h144c17.67 0 32-14.33 32-32v-32c0-17.67-14.33-32-32-32z\"><\/path><\/svg><\/span>\n\t\t<\/span>\n\n\t\t\t\t\t\t<\/summary>\n\t\t\t\t<div role=\"region\" aria-labelledby=\"e-n-accordion-item-1782\" class=\"elementor-element elementor-element-910e5f3 e-con-full e-flex e-con e-child\" data-id=\"910e5f3\" data-element_type=\"container\">\n\t\t<div role=\"region\" aria-labelledby=\"e-n-accordion-item-1782\" class=\"elementor-element elementor-element-15041ee e-con-full e-flex e-con e-child\" data-id=\"15041ee\" data-element_type=\"container\">\n\t\t\t\t<div class=\"elementor-element elementor-element-765d69e elementor-widget elementor-widget-text-editor\" data-id=\"765d69e\" data-element_type=\"widget\" data-widget_type=\"text-editor.default\">\n\t\t\t\t\t\t\t\t\t<p>Le transport des grumes du lieu d'abattage au premier lieu de stockage (polter) est appel\u00e9 \"d\u00e9bardage\" ou \"d\u00e9bardage\" par les professionnels de la for\u00eat.<br \/><br \/>Pour ce faire, on utilise des layons ou des chemins de d\u00e9bardage, ou on d\u00e9place la charge au-dessus du sol (grue \u00e0 c\u00e2ble, h\u00e9licopt\u00e8re).<br \/><br \/>Le d\u00e9bardage est parfois compris de mani\u00e8re plus large que le d\u00e9bardage et d\u00e9crit tous les mouvements des assortiments de bois entre le lieu de coupe (stock) et le lieu de consommation (usine).<\/p>\t\t\t\t\t\t\t\t<\/div>\n\t\t\t\t<\/div>\n\t\t<div role=\"region\" aria-labelledby=\"e-n-accordion-item-1782\" class=\"elementor-element elementor-element-b92e8bb e-con-full e-flex e-con e-child\" data-id=\"b92e8bb\" data-element_type=\"container\">\n\t\t\t\t<div class=\"elementor-element elementor-element-f06ec27 elementor-widget elementor-widget-image\" data-id=\"f06ec27\" data-element_type=\"widget\" data-widget_type=\"image.default\">\n\t\t\t\t\t\t\t\t\t\t\t\t\t\t\t<img decoding=\"async\" width=\"390\" height=\"261\" src=\"https:\/\/forstunternehmer.ch\/wp-content\/uploads\/2025\/08\/Ruecken-1.webp\" class=\"attachment-large size-large wp-image-2036\" alt=\"\" srcset=\"https:\/\/forstunternehmer.ch\/wp-content\/uploads\/2025\/08\/Ruecken-1.webp 390w, https:\/\/forstunternehmer.ch\/wp-content\/uploads\/2025\/08\/Ruecken-1-300x201.webp 300w, https:\/\/forstunternehmer.ch\/wp-content\/uploads\/2025\/08\/Ruecken-1-18x12.webp 18w\" sizes=\"(max-width: 390px) 100vw, 390px\" \/>\t\t\t\t\t\t\t\t\t\t\t\t\t\t\t<\/div>\n\t\t\t\t<\/div>\n\t\t\t\t<\/div>\n\t\t\t\t\t<\/details>\n\t\t\t\t\t\t<details id=\"e-n-accordion-item-1783\" class=\"e-n-accordion-item\" >\n\t\t\t\t<summary class=\"e-n-accordion-item-title\" data-accordion-index=\"4\" tabindex=\"-1\" aria-expanded=\"false\" aria-controls=\"e-n-accordion-item-1783\" >\n\t\t\t\t\t<span class='e-n-accordion-item-title-header'><div class=\"e-n-accordion-item-title-text\"> Bois \u00e9nergie <\/div><\/span>\n\t\t\t\t\t\t\t<span class='e-n-accordion-item-title-icon'>\n\t\t\t<span class='e-opened' ><svg aria-hidden=\"true\" class=\"e-font-icon-svg e-fas-minus\" viewbox=\"0 0 448 512\" xmlns=\"http:\/\/www.w3.org\/2000\/svg\"><path d=\"M416 208H32c-17.67 0-32 14.33-32 32v32c0 17.67 14.33 32 32 32h384c17.67 0 32-14.33 32-32v-32c0-17.67-14.33-32-32-32z\"><\/path><\/svg><\/span>\n\t\t\t<span class='e-closed'><svg aria-hidden=\"true\" class=\"e-font-icon-svg e-fas-plus\" viewbox=\"0 0 448 512\" xmlns=\"http:\/\/www.w3.org\/2000\/svg\"><path d=\"M416 208H272V64c0-17.67-14.33-32-32-32h-32c-17.67 0-32 14.33-32 32v144H32c-17.67 0-32 14.33-32 32v32c0 17.67 14.33 32 32 32h144v144c0 17.67 14.33 32 32 32h32c17.67 0 32-14.33 32-32V304h144c17.67 0 32-14.33 32-32v-32c0-17.67-14.33-32-32-32z\"><\/path><\/svg><\/span>\n\t\t<\/span>\n\n\t\t\t\t\t\t<\/summary>\n\t\t\t\t<div role=\"region\" aria-labelledby=\"e-n-accordion-item-1783\" class=\"elementor-element elementor-element-ee11f76 e-con-full e-flex e-con e-child\" data-id=\"ee11f76\" data-element_type=\"container\">\n\t\t<div role=\"region\" aria-labelledby=\"e-n-accordion-item-1783\" class=\"elementor-element elementor-element-a3b728a e-con-full e-flex e-con e-child\" data-id=\"a3b728a\" data-element_type=\"container\">\n\t\t\t\t<div class=\"elementor-element elementor-element-0628869 elementor-widget elementor-widget-text-editor\" data-id=\"0628869\" data-element_type=\"widget\" data-widget_type=\"text-editor.default\">\n\t\t\t\t\t\t\t\t\t<p>La r\u00e9colte de bois ne produit pas seulement des grumes pr\u00eates \u00e0 \u00eatre sci\u00e9es. Une partie consid\u00e9rable d'un arbre, comme les branches, le bois faible de petit diam\u00e8tre ou le bois aux propri\u00e9t\u00e9s insuffisantes, est trait\u00e9e directement en for\u00eat comme bois d'\u00e9nergie. Le bois \u00e9nergie est du bois qui est br\u00fbl\u00e9 pour produire de la chaleur. Il arrive sur le march\u00e9 sous diff\u00e9rentes formes, par exemple sous forme de bois fendu ou de plaquettes. Les plaquettes ne sont pas seulement br\u00fbl\u00e9es, elles sont \u00e9galement mises sur le march\u00e9 comme mati\u00e8re premi\u00e8re pour l'industrie des mat\u00e9riaux en bois.<\/p>\t\t\t\t\t\t\t\t<\/div>\n\t\t\t\t<\/div>\n\t\t<div role=\"region\" aria-labelledby=\"e-n-accordion-item-1783\" class=\"elementor-element elementor-element-f40b4ca e-con-full e-flex e-con e-child\" data-id=\"f40b4ca\" data-element_type=\"container\">\n\t\t\t\t<div class=\"elementor-element elementor-element-50f6d34 elementor-widget elementor-widget-image\" data-id=\"50f6d34\" data-element_type=\"widget\" data-widget_type=\"image.default\">\n\t\t\t\t\t\t\t\t\t\t\t\t\t\t\t<img loading=\"lazy\" decoding=\"async\" width=\"800\" height=\"413\" src=\"https:\/\/forstunternehmer.ch\/wp-content\/uploads\/2025\/08\/LKW-Schnitzel-1024x528.webp\" class=\"attachment-large size-large wp-image-2083\" alt=\"\" srcset=\"https:\/\/forstunternehmer.ch\/wp-content\/uploads\/2025\/08\/LKW-Schnitzel-1024x528.webp 1024w, https:\/\/forstunternehmer.ch\/wp-content\/uploads\/2025\/08\/LKW-Schnitzel-300x155.webp 300w, https:\/\/forstunternehmer.ch\/wp-content\/uploads\/2025\/08\/LKW-Schnitzel-768x396.webp 768w, https:\/\/forstunternehmer.ch\/wp-content\/uploads\/2025\/08\/LKW-Schnitzel-18x9.webp 18w, https:\/\/forstunternehmer.ch\/wp-content\/uploads\/2025\/08\/LKW-Schnitzel.webp 1274w\" sizes=\"(max-width: 800px) 100vw, 800px\" \/>\t\t\t\t\t\t\t\t\t\t\t\t\t\t\t<\/div>\n\t\t\t\t<\/div>\n\t\t\t\t<\/div>\n\t\t\t\t\t<\/details>\n\t\t\t\t\t\t<details id=\"e-n-accordion-item-1784\" class=\"e-n-accordion-item\" >\n\t\t\t\t<summary class=\"e-n-accordion-item-title\" data-accordion-index=\"5\" tabindex=\"-1\" aria-expanded=\"false\" aria-controls=\"e-n-accordion-item-1784\" >\n\t\t\t\t\t<span class='e-n-accordion-item-title-header'><div class=\"e-n-accordion-item-title-text\"> Construction foresti\u00e8re <\/div><\/span>\n\t\t\t\t\t\t\t<span class='e-n-accordion-item-title-icon'>\n\t\t\t<span class='e-opened' ><svg aria-hidden=\"true\" class=\"e-font-icon-svg e-fas-minus\" viewbox=\"0 0 448 512\" xmlns=\"http:\/\/www.w3.org\/2000\/svg\"><path d=\"M416 208H32c-17.67 0-32 14.33-32 32v32c0 17.67 14.33 32 32 32h384c17.67 0 32-14.33 32-32v-32c0-17.67-14.33-32-32-32z\"><\/path><\/svg><\/span>\n\t\t\t<span class='e-closed'><svg aria-hidden=\"true\" class=\"e-font-icon-svg e-fas-plus\" viewbox=\"0 0 448 512\" xmlns=\"http:\/\/www.w3.org\/2000\/svg\"><path d=\"M416 208H272V64c0-17.67-14.33-32-32-32h-32c-17.67 0-32 14.33-32 32v144H32c-17.67 0-32 14.33-32 32v32c0 17.67 14.33 32 32 32h144v144c0 17.67 14.33 32 32 32h32c17.67 0 32-14.33 32-32V304h144c17.67 0 32-14.33 32-32v-32c0-17.67-14.33-32-32-32z\"><\/path><\/svg><\/span>\n\t\t<\/span>\n\n\t\t\t\t\t\t<\/summary>\n\t\t\t\t<div role=\"region\" aria-labelledby=\"e-n-accordion-item-1784\" class=\"elementor-element elementor-element-cd4c5c5 e-con-full e-flex e-con e-child\" data-id=\"cd4c5c5\" data-element_type=\"container\">\n\t\t<div role=\"region\" aria-labelledby=\"e-n-accordion-item-1784\" class=\"elementor-element elementor-element-5fad135 e-con-full e-flex e-con e-child\" data-id=\"5fad135\" data-element_type=\"container\">\n\t\t\t\t<div class=\"elementor-element elementor-element-0be1433 elementor-widget elementor-widget-text-editor\" data-id=\"0be1433\" data-element_type=\"widget\" data-widget_type=\"text-editor.default\">\n\t\t\t\t\t\t\t\t\t<p>La construction foresti\u00e8re englobe g\u00e9n\u00e9ralement tous les travaux de terrain en for\u00eat. Les forestiers utilisent volontiers l'abondant mat\u00e9riau de construction qu'est le bois rond de mani\u00e8re \u00e0 ce que l'intervention ne modifie gu\u00e8re la nature.<\/p>\t\t\t\t\t\t\t\t<\/div>\n\t\t\t\t<\/div>\n\t\t<div role=\"region\" aria-labelledby=\"e-n-accordion-item-1784\" class=\"elementor-element elementor-element-f3b6694 e-con-full e-flex e-con e-child\" data-id=\"f3b6694\" data-element_type=\"container\">\n\t\t\t\t<div class=\"elementor-element elementor-element-243517b elementor-widget elementor-widget-image\" data-id=\"243517b\" data-element_type=\"widget\" data-widget_type=\"image.default\">\n\t\t\t\t\t\t\t\t\t\t\t\t\t\t\t<img loading=\"lazy\" decoding=\"async\" width=\"684\" height=\"513\" src=\"https:\/\/forstunternehmer.ch\/wp-content\/uploads\/2025\/08\/Forstliches-Bauwesen.jpg\" class=\"attachment-large size-large wp-image-2128\" alt=\"\" srcset=\"https:\/\/forstunternehmer.ch\/wp-content\/uploads\/2025\/08\/Forstliches-Bauwesen.jpg 684w, https:\/\/forstunternehmer.ch\/wp-content\/uploads\/2025\/08\/Forstliches-Bauwesen-300x225.jpg 300w, https:\/\/forstunternehmer.ch\/wp-content\/uploads\/2025\/08\/Forstliches-Bauwesen-16x12.jpg 16w\" sizes=\"(max-width: 684px) 100vw, 684px\" \/>\t\t\t\t\t\t\t\t\t\t\t\t\t\t\t<\/div>\n\t\t\t\t<\/div>\n\t\t\t\t<\/div>\n\t\t\t\t\t<\/details>\n\t\t\t\t\t\t<details id=\"e-n-accordion-item-1785\" class=\"e-n-accordion-item\" >\n\t\t\t\t<summary class=\"e-n-accordion-item-title\" data-accordion-index=\"6\" tabindex=\"-1\" aria-expanded=\"false\" aria-controls=\"e-n-accordion-item-1785\" >\n\t\t\t\t\t<span class='e-n-accordion-item-title-header'><div class=\"e-n-accordion-item-title-text\"> Logistique <\/div><\/span>\n\t\t\t\t\t\t\t<span class='e-n-accordion-item-title-icon'>\n\t\t\t<span class='e-opened' ><svg aria-hidden=\"true\" class=\"e-font-icon-svg e-fas-minus\" viewbox=\"0 0 448 512\" xmlns=\"http:\/\/www.w3.org\/2000\/svg\"><path d=\"M416 208H32c-17.67 0-32 14.33-32 32v32c0 17.67 14.33 32 32 32h384c17.67 0 32-14.33 32-32v-32c0-17.67-14.33-32-32-32z\"><\/path><\/svg><\/span>\n\t\t\t<span class='e-closed'><svg aria-hidden=\"true\" class=\"e-font-icon-svg e-fas-plus\" viewbox=\"0 0 448 512\" xmlns=\"http:\/\/www.w3.org\/2000\/svg\"><path d=\"M416 208H272V64c0-17.67-14.33-32-32-32h-32c-17.67 0-32 14.33-32 32v144H32c-17.67 0-32 14.33-32 32v32c0 17.67 14.33 32 32 32h144v144c0 17.67 14.33 32 32 32h32c17.67 0 32-14.33 32-32V304h144c17.67 0 32-14.33 32-32v-32c0-17.67-14.33-32-32-32z\"><\/path><\/svg><\/span>\n\t\t<\/span>\n\n\t\t\t\t\t\t<\/summary>\n\t\t\t\t<div role=\"region\" aria-labelledby=\"e-n-accordion-item-1785\" class=\"elementor-element elementor-element-4648d9c e-con-full e-flex e-con e-child\" data-id=\"4648d9c\" data-element_type=\"container\">\n\t\t<div role=\"region\" aria-labelledby=\"e-n-accordion-item-1785\" class=\"elementor-element elementor-element-e786895 e-con-full e-flex e-con e-child\" data-id=\"e786895\" data-element_type=\"container\">\n\t\t\t\t<div class=\"elementor-element elementor-element-679d958 elementor-widget elementor-widget-text-editor\" data-id=\"679d958\" data-element_type=\"widget\" data-widget_type=\"text-editor.default\">\n\t\t\t\t\t\t\t\t\t<p>Pour l'entrepreneur forestier, les domaines du transport et de la logistique sont importants, car la valeur ajout\u00e9e d'une entreprise r\u00e9sulte en grande partie de l'utilisation des bons moyens au bon moment et au bon endroit. Le commerce du bois (grumes) est un secteur d'activit\u00e9 \u00e9vident pour les entreprises.<\/p>\t\t\t\t\t\t\t\t<\/div>\n\t\t\t\t<\/div>\n\t\t<div role=\"region\" aria-labelledby=\"e-n-accordion-item-1785\" class=\"elementor-element elementor-element-b2a276a e-con-full e-flex e-con e-child\" data-id=\"b2a276a\" data-element_type=\"container\">\n\t\t\t\t<div class=\"elementor-element elementor-element-d2691af elementor-widget elementor-widget-image\" data-id=\"d2691af\" data-element_type=\"widget\" data-widget_type=\"image.default\">\n\t\t\t\t\t\t\t\t\t\t\t\t\t\t\t<img loading=\"lazy\" decoding=\"async\" width=\"800\" height=\"534\" src=\"https:\/\/forstunternehmer.ch\/wp-content\/uploads\/2025\/08\/DSC1264-1024x683.webp\" class=\"attachment-large size-large wp-image-2002\" alt=\"\" srcset=\"https:\/\/forstunternehmer.ch\/wp-content\/uploads\/2025\/08\/DSC1264-1024x683.webp 1024w, https:\/\/forstunternehmer.ch\/wp-content\/uploads\/2025\/08\/DSC1264-300x200.webp 300w, https:\/\/forstunternehmer.ch\/wp-content\/uploads\/2025\/08\/DSC1264-768x512.webp 768w, https:\/\/forstunternehmer.ch\/wp-content\/uploads\/2025\/08\/DSC1264-1536x1024.webp 1536w, https:\/\/forstunternehmer.ch\/wp-content\/uploads\/2025\/08\/DSC1264-18x12.webp 18w, https:\/\/forstunternehmer.ch\/wp-content\/uploads\/2025\/08\/DSC1264.webp 1651w\" sizes=\"(max-width: 800px) 100vw, 800px\" \/>\t\t\t\t\t\t\t\t\t\t\t\t\t\t\t<\/div>\n\t\t\t\t<\/div>\n\t\t\t\t<\/div>\n\t\t\t\t\t<\/details>\n\t\t\t\t\t\t<details id=\"e-n-accordion-item-1786\" class=\"e-n-accordion-item\" >\n\t\t\t\t<summary class=\"e-n-accordion-item-title\" data-accordion-index=\"7\" tabindex=\"-1\" aria-expanded=\"false\" aria-controls=\"e-n-accordion-item-1786\" >\n\t\t\t\t\t<span class='e-n-accordion-item-title-header'><div class=\"e-n-accordion-item-title-text\"> Soins <\/div><\/span>\n\t\t\t\t\t\t\t<span class='e-n-accordion-item-title-icon'>\n\t\t\t<span class='e-opened' ><svg aria-hidden=\"true\" class=\"e-font-icon-svg e-fas-minus\" viewbox=\"0 0 448 512\" xmlns=\"http:\/\/www.w3.org\/2000\/svg\"><path d=\"M416 208H32c-17.67 0-32 14.33-32 32v32c0 17.67 14.33 32 32 32h384c17.67 0 32-14.33 32-32v-32c0-17.67-14.33-32-32-32z\"><\/path><\/svg><\/span>\n\t\t\t<span class='e-closed'><svg aria-hidden=\"true\" class=\"e-font-icon-svg e-fas-plus\" viewbox=\"0 0 448 512\" xmlns=\"http:\/\/www.w3.org\/2000\/svg\"><path d=\"M416 208H272V64c0-17.67-14.33-32-32-32h-32c-17.67 0-32 14.33-32 32v144H32c-17.67 0-32 14.33-32 32v32c0 17.67 14.33 32 32 32h144v144c0 17.67 14.33 32 32 32h32c17.67 0 32-14.33 32-32V304h144c17.67 0 32-14.33 32-32v-32c0-17.67-14.33-32-32-32z\"><\/path><\/svg><\/span>\n\t\t<\/span>\n\n\t\t\t\t\t\t<\/summary>\n\t\t\t\t<div role=\"region\" aria-labelledby=\"e-n-accordion-item-1786\" class=\"elementor-element elementor-element-f90bc2d e-con-full e-flex e-con e-child\" data-id=\"f90bc2d\" data-element_type=\"container\">\n\t\t<div role=\"region\" aria-labelledby=\"e-n-accordion-item-1786\" class=\"elementor-element elementor-element-f5657a3 e-con-full e-flex e-con e-child\" data-id=\"f5657a3\" data-element_type=\"container\">\n\t\t\t\t<div class=\"elementor-element elementor-element-612d34d elementor-widget elementor-widget-text-editor\" data-id=\"612d34d\" data-element_type=\"widget\" data-widget_type=\"text-editor.default\">\n\t\t\t\t\t\t\t\t\t<p>Les dangers, tels que les chutes d'arbres ou de branches, peuvent en partie \u00eatre d\u00e9tect\u00e9s \u00e0 temps. Dans les parcs ou le long des routes, des mesures pr\u00e9ventives d'entretien sont donc indispensables.<\/p>\t\t\t\t\t\t\t\t<\/div>\n\t\t\t\t<\/div>\n\t\t<div role=\"region\" aria-labelledby=\"e-n-accordion-item-1786\" class=\"elementor-element elementor-element-01376d2 e-con-full e-flex e-con e-child\" data-id=\"01376d2\" data-element_type=\"container\">\n\t\t\t\t<div class=\"elementor-element elementor-element-0d7358d elementor-widget elementor-widget-image\" data-id=\"0d7358d\" data-element_type=\"widget\" data-widget_type=\"image.default\">\n\t\t\t\t\t\t\t\t\t\t\t\t\t\t\t<img loading=\"lazy\" decoding=\"async\" width=\"352\" height=\"199\" src=\"https:\/\/forstunternehmer.ch\/wp-content\/uploads\/2025\/08\/Pflege.webp\" class=\"attachment-large size-large wp-image-2094\" alt=\"\" srcset=\"https:\/\/forstunternehmer.ch\/wp-content\/uploads\/2025\/08\/Pflege.webp 352w, https:\/\/forstunternehmer.ch\/wp-content\/uploads\/2025\/08\/Pflege-300x170.webp 300w, https:\/\/forstunternehmer.ch\/wp-content\/uploads\/2025\/08\/Pflege-18x10.webp 18w\" sizes=\"(max-width: 352px) 100vw, 352px\" \/>\t\t\t\t\t\t\t\t\t\t\t\t\t\t\t<\/div>\n\t\t\t\t<\/div>\n\t\t\t\t<\/div>\n\t\t\t\t\t<\/details>\n\t\t\t\t\t\t<details id=\"e-n-accordion-item-1787\" class=\"e-n-accordion-item\" >\n\t\t\t\t<summary class=\"e-n-accordion-item-title\" data-accordion-index=\"8\" tabindex=\"-1\" aria-expanded=\"false\" aria-controls=\"e-n-accordion-item-1787\" >\n\t\t\t\t\t<span class='e-n-accordion-item-title-header'><div class=\"e-n-accordion-item-title-text\"> \u00c9volution des effectifs <\/div><\/span>\n\t\t\t\t\t\t\t<span class='e-n-accordion-item-title-icon'>\n\t\t\t<span class='e-opened' ><svg aria-hidden=\"true\" class=\"e-font-icon-svg e-fas-minus\" viewbox=\"0 0 448 512\" xmlns=\"http:\/\/www.w3.org\/2000\/svg\"><path d=\"M416 208H32c-17.67 0-32 14.33-32 32v32c0 17.67 14.33 32 32 32h384c17.67 0 32-14.33 32-32v-32c0-17.67-14.33-32-32-32z\"><\/path><\/svg><\/span>\n\t\t\t<span class='e-closed'><svg aria-hidden=\"true\" class=\"e-font-icon-svg e-fas-plus\" viewbox=\"0 0 448 512\" xmlns=\"http:\/\/www.w3.org\/2000\/svg\"><path d=\"M416 208H272V64c0-17.67-14.33-32-32-32h-32c-17.67 0-32 14.33-32 32v144H32c-17.67 0-32 14.33-32 32v32c0 17.67 14.33 32 32 32h144v144c0 17.67 14.33 32 32 32h32c17.67 0 32-14.33 32-32V304h144c17.67 0 32-14.33 32-32v-32c0-17.67-14.33-32-32-32z\"><\/path><\/svg><\/span>\n\t\t<\/span>\n\n\t\t\t\t\t\t<\/summary>\n\t\t\t\t<div role=\"region\" aria-labelledby=\"e-n-accordion-item-1787\" class=\"elementor-element elementor-element-0c3b42e e-con-full e-flex e-con e-child\" data-id=\"0c3b42e\" data-element_type=\"container\">\n\t\t<div role=\"region\" aria-labelledby=\"e-n-accordion-item-1787\" class=\"elementor-element elementor-element-8cb003a e-con-full e-flex e-con e-child\" data-id=\"8cb003a\" data-element_type=\"container\">\n\t\t\t\t<div class=\"elementor-element elementor-element-23d56f4 elementor-widget elementor-widget-text-editor\" data-id=\"23d56f4\" data-element_type=\"widget\" data-widget_type=\"text-editor.default\">\n\t\t\t\t\t\t\t\t\t<p>Cette liste regroupe toutes les mesures sylvicoles de la premi\u00e8re \u00e9tape.<br \/><br \/>La cr\u00e9ation d'un peuplement d\u00e9crit la pr\u00e9paration d'une surface en vue de son reboisement.<br \/><br \/>Le reboisement consiste \u00e0 planter un ensemble d'arbres sur une surface foresti\u00e8re de mani\u00e8re \u00e0 obtenir une composition appropri\u00e9e d'essences. Il s'agit d'une reconstitution artificielle d'un peuplement par semis, plantation ou bouturage.<br \/><br \/>Les jeunes pousses et les fourr\u00e9s sont les stades de d\u00e9veloppement les plus r\u00e9cents d'un peuplement. L'entretien du jeune peuplement comprend par exemple des travaux tels que le d\u00e9broussaillage ou la protection contre l'abroutissement.<\/p>\t\t\t\t\t\t\t\t<\/div>\n\t\t\t\t<\/div>\n\t\t<div role=\"region\" aria-labelledby=\"e-n-accordion-item-1787\" class=\"elementor-element elementor-element-a622201 e-con-full e-flex e-con e-child\" data-id=\"a622201\" data-element_type=\"container\">\n\t\t\t\t<div class=\"elementor-element elementor-element-145c9d2 elementor-widget elementor-widget-image\" data-id=\"145c9d2\" data-element_type=\"widget\" data-widget_type=\"image.default\">\n\t\t\t\t\t\t\t\t\t\t\t\t\t\t\t<img loading=\"lazy\" decoding=\"async\" width=\"720\" height=\"480\" src=\"https:\/\/forstunternehmer.ch\/wp-content\/uploads\/2025\/08\/Bestandes-Entwicklung.webp\" class=\"attachment-large size-large wp-image-2067\" alt=\"\" srcset=\"https:\/\/forstunternehmer.ch\/wp-content\/uploads\/2025\/08\/Bestandes-Entwicklung.webp 720w, https:\/\/forstunternehmer.ch\/wp-content\/uploads\/2025\/08\/Bestandes-Entwicklung-300x200.webp 300w, https:\/\/forstunternehmer.ch\/wp-content\/uploads\/2025\/08\/Bestandes-Entwicklung-18x12.webp 18w\" sizes=\"(max-width: 720px) 100vw, 720px\" \/>\t\t\t\t\t\t\t\t\t\t\t\t\t\t\t<\/div>\n\t\t\t\t<\/div>\n\t\t\t\t<\/div>\n\t\t\t\t\t<\/details>\n\t\t\t\t\t\t<details id=\"e-n-accordion-item-1788\" class=\"e-n-accordion-item\" >\n\t\t\t\t<summary class=\"e-n-accordion-item-title\" data-accordion-index=\"9\" tabindex=\"-1\" aria-expanded=\"false\" aria-controls=\"e-n-accordion-item-1788\" >\n\t\t\t\t\t<span class='e-n-accordion-item-title-header'><div class=\"e-n-accordion-item-title-text\"> Construction &amp; Entretien <\/div><\/span>\n\t\t\t\t\t\t\t<span class='e-n-accordion-item-title-icon'>\n\t\t\t<span class='e-opened' ><svg aria-hidden=\"true\" class=\"e-font-icon-svg e-fas-minus\" viewbox=\"0 0 448 512\" xmlns=\"http:\/\/www.w3.org\/2000\/svg\"><path d=\"M416 208H32c-17.67 0-32 14.33-32 32v32c0 17.67 14.33 32 32 32h384c17.67 0 32-14.33 32-32v-32c0-17.67-14.33-32-32-32z\"><\/path><\/svg><\/span>\n\t\t\t<span class='e-closed'><svg aria-hidden=\"true\" class=\"e-font-icon-svg e-fas-plus\" viewbox=\"0 0 448 512\" xmlns=\"http:\/\/www.w3.org\/2000\/svg\"><path d=\"M416 208H272V64c0-17.67-14.33-32-32-32h-32c-17.67 0-32 14.33-32 32v144H32c-17.67 0-32 14.33-32 32v32c0 17.67 14.33 32 32 32h144v144c0 17.67 14.33 32 32 32h32c17.67 0 32-14.33 32-32V304h144c17.67 0 32-14.33 32-32v-32c0-17.67-14.33-32-32-32z\"><\/path><\/svg><\/span>\n\t\t<\/span>\n\n\t\t\t\t\t\t<\/summary>\n\t\t\t\t<div role=\"region\" aria-labelledby=\"e-n-accordion-item-1788\" class=\"elementor-element elementor-element-7a9a1d7 e-con-full e-flex e-con e-child\" data-id=\"7a9a1d7\" data-element_type=\"container\">\n\t\t<div role=\"region\" aria-labelledby=\"e-n-accordion-item-1788\" class=\"elementor-element elementor-element-b6fc2e2 e-con-full e-flex e-con e-child\" data-id=\"b6fc2e2\" data-element_type=\"container\">\n\t\t\t\t<div class=\"elementor-element elementor-element-9ff2bca elementor-widget elementor-widget-text-editor\" data-id=\"9ff2bca\" data-element_type=\"widget\" data-widget_type=\"text-editor.default\">\n\t\t\t\t\t\t\t\t\t<p>De nombreuses machines sp\u00e9cialement \u00e9quip\u00e9es pour les travaux forestiers peuvent \u00eatre dot\u00e9es d'\u00e9quipements suppl\u00e9mentaires et se pr\u00eatent alors \u00e0 d'autres domaines d'application. La liste des services des entrepreneurs forestiers comprend l'entretien des b\u00e2timents, notamment parce que de nombreux travaux sont compl\u00e9mentaires \u00e0 d'autres offres.<\/p>\t\t\t\t\t\t\t\t<\/div>\n\t\t\t\t<\/div>\n\t\t<div role=\"region\" aria-labelledby=\"e-n-accordion-item-1788\" class=\"elementor-element elementor-element-764a18b e-con-full e-flex e-con e-child\" data-id=\"764a18b\" data-element_type=\"container\">\n\t\t\t\t<div class=\"elementor-element elementor-element-bd1b12a elementor-widget elementor-widget-image\" data-id=\"bd1b12a\" data-element_type=\"widget\" data-widget_type=\"image.default\">\n\t\t\t\t\t\t\t\t\t\t\t\t\t\t\t<img loading=\"lazy\" decoding=\"async\" width=\"395\" height=\"263\" src=\"https:\/\/forstunternehmer.ch\/wp-content\/uploads\/2025\/08\/Bauwesen.webp\" class=\"attachment-large size-large wp-image-2015\" alt=\"\" srcset=\"https:\/\/forstunternehmer.ch\/wp-content\/uploads\/2025\/08\/Bauwesen.webp 395w, https:\/\/forstunternehmer.ch\/wp-content\/uploads\/2025\/08\/Bauwesen-300x200.webp 300w, https:\/\/forstunternehmer.ch\/wp-content\/uploads\/2025\/08\/Bauwesen-18x12.webp 18w\" sizes=\"(max-width: 395px) 100vw, 395px\" \/>\t\t\t\t\t\t\t\t\t\t\t\t\t\t\t<\/div>\n\t\t\t\t<\/div>\n\t\t\t\t<\/div>\n\t\t\t\t\t<\/details>\n\t\t\t\t\t\t<details id=\"e-n-accordion-item-1789\" class=\"e-n-accordion-item\" >\n\t\t\t\t<summary class=\"e-n-accordion-item-title\" data-accordion-index=\"10\" tabindex=\"-1\" aria-expanded=\"false\" aria-controls=\"e-n-accordion-item-1789\" >\n\t\t\t\t\t<span class='e-n-accordion-item-title-header'><div class=\"e-n-accordion-item-title-text\"> Conseil et planification <\/div><\/span>\n\t\t\t\t\t\t\t<span class='e-n-accordion-item-title-icon'>\n\t\t\t<span class='e-opened' ><svg aria-hidden=\"true\" class=\"e-font-icon-svg e-fas-minus\" viewbox=\"0 0 448 512\" xmlns=\"http:\/\/www.w3.org\/2000\/svg\"><path d=\"M416 208H32c-17.67 0-32 14.33-32 32v32c0 17.67 14.33 32 32 32h384c17.67 0 32-14.33 32-32v-32c0-17.67-14.33-32-32-32z\"><\/path><\/svg><\/span>\n\t\t\t<span class='e-closed'><svg aria-hidden=\"true\" class=\"e-font-icon-svg e-fas-plus\" viewbox=\"0 0 448 512\" xmlns=\"http:\/\/www.w3.org\/2000\/svg\"><path d=\"M416 208H272V64c0-17.67-14.33-32-32-32h-32c-17.67 0-32 14.33-32 32v144H32c-17.67 0-32 14.33-32 32v32c0 17.67 14.33 32 32 32h144v144c0 17.67 14.33 32 32 32h32c17.67 0 32-14.33 32-32V304h144c17.67 0 32-14.33 32-32v-32c0-17.67-14.33-32-32-32z\"><\/path><\/svg><\/span>\n\t\t<\/span>\n\n\t\t\t\t\t\t<\/summary>\n\t\t\t\t<div role=\"region\" aria-labelledby=\"e-n-accordion-item-1789\" class=\"elementor-element elementor-element-bb6c1f6 e-con-full e-flex e-con e-child\" data-id=\"bb6c1f6\" data-element_type=\"container\">\n\t\t<div role=\"region\" aria-labelledby=\"e-n-accordion-item-1789\" class=\"elementor-element elementor-element-f0da923 e-con-full e-flex e-con e-child\" data-id=\"f0da923\" data-element_type=\"container\">\n\t\t\t\t<div class=\"elementor-element elementor-element-a5ddc1d elementor-widget elementor-widget-text-editor\" data-id=\"a5ddc1d\" data-element_type=\"widget\" data-widget_type=\"text-editor.default\">\n\t\t\t\t\t\t\t\t\t<p>Les entreprises foresti\u00e8res disposant de gardes forestiers form\u00e9s peuvent assumer toute fonction de surveillance foresti\u00e8re sur mandat.<\/p>\t\t\t\t\t\t\t\t<\/div>\n\t\t\t\t<\/div>\n\t\t<div role=\"region\" aria-labelledby=\"e-n-accordion-item-1789\" class=\"elementor-element elementor-element-a740e5e e-con-full e-flex e-con e-child\" data-id=\"a740e5e\" data-element_type=\"container\">\n\t\t\t\t<div class=\"elementor-element elementor-element-f0521be elementor-widget elementor-widget-image\" data-id=\"f0521be\" data-element_type=\"widget\" data-widget_type=\"image.default\">\n\t\t\t\t\t\t\t\t\t\t\t\t\t\t\t<img loading=\"lazy\" decoding=\"async\" width=\"448\" height=\"298\" src=\"https:\/\/forstunternehmer.ch\/wp-content\/uploads\/2025\/08\/Beratung-und-Planung.webp\" class=\"attachment-large size-large wp-image-2068\" alt=\"\" srcset=\"https:\/\/forstunternehmer.ch\/wp-content\/uploads\/2025\/08\/Beratung-und-Planung.webp 448w, https:\/\/forstunternehmer.ch\/wp-content\/uploads\/2025\/08\/Beratung-und-Planung-300x200.webp 300w, https:\/\/forstunternehmer.ch\/wp-content\/uploads\/2025\/08\/Beratung-und-Planung-18x12.webp 18w\" sizes=\"(max-width: 448px) 100vw, 448px\" \/>\t\t\t\t\t\t\t\t\t\t\t\t\t\t\t<\/div>\n\t\t\t\t<\/div>\n\t\t\t\t<\/div>\n\t\t\t\t\t<\/details>\n\t\t\t\t\t\t<details id=\"e-n-accordion-item-17810\" class=\"e-n-accordion-item\" >\n\t\t\t\t<summary class=\"e-n-accordion-item-title\" data-accordion-index=\"11\" tabindex=\"-1\" aria-expanded=\"false\" aria-controls=\"e-n-accordion-item-17810\" >\n\t\t\t\t\t<span class='e-n-accordion-item-title-header'><div class=\"e-n-accordion-item-title-text\"> \u00c9cor\u00e7age <\/div><\/span>\n\t\t\t\t\t\t\t<span class='e-n-accordion-item-title-icon'>\n\t\t\t<span class='e-opened' ><svg aria-hidden=\"true\" class=\"e-font-icon-svg e-fas-minus\" viewbox=\"0 0 448 512\" xmlns=\"http:\/\/www.w3.org\/2000\/svg\"><path d=\"M416 208H32c-17.67 0-32 14.33-32 32v32c0 17.67 14.33 32 32 32h384c17.67 0 32-14.33 32-32v-32c0-17.67-14.33-32-32-32z\"><\/path><\/svg><\/span>\n\t\t\t<span class='e-closed'><svg aria-hidden=\"true\" class=\"e-font-icon-svg e-fas-plus\" viewbox=\"0 0 448 512\" xmlns=\"http:\/\/www.w3.org\/2000\/svg\"><path d=\"M416 208H272V64c0-17.67-14.33-32-32-32h-32c-17.67 0-32 14.33-32 32v144H32c-17.67 0-32 14.33-32 32v32c0 17.67 14.33 32 32 32h144v144c0 17.67 14.33 32 32 32h32c17.67 0 32-14.33 32-32V304h144c17.67 0 32-14.33 32-32v-32c0-17.67-14.33-32-32-32z\"><\/path><\/svg><\/span>\n\t\t<\/span>\n\n\t\t\t\t\t\t<\/summary>\n\t\t\t\t<div role=\"region\" aria-labelledby=\"e-n-accordion-item-17810\" class=\"elementor-element elementor-element-da34b64 e-con-full e-flex e-con e-child\" data-id=\"da34b64\" data-element_type=\"container\">\n\t\t<div role=\"region\" aria-labelledby=\"e-n-accordion-item-17810\" class=\"elementor-element elementor-element-8f8cfc3 e-con-full e-flex e-con e-child\" data-id=\"8f8cfc3\" data-element_type=\"container\">\n\t\t\t\t<div class=\"elementor-element elementor-element-aa0acff elementor-widget elementor-widget-text-editor\" data-id=\"aa0acff\" data-element_type=\"widget\" data-widget_type=\"text-editor.default\">\n\t\t\t\t\t\t\t\t\t<p>L'\u00e9cor\u00e7age - c'est-\u00e0-dire l'\u00e9limination de l'\u00e9corce sans valeur pour la transformation du bois - se fait sur la route foresti\u00e8re ou sur des installations fixes pr\u00e8s des scieries. Les proc\u00e9d\u00e9s manuels dans le peuplement, peu ergonomiques, ne sont plus gu\u00e8re utilis\u00e9s.<\/p>\t\t\t\t\t\t\t\t<\/div>\n\t\t\t\t<\/div>\n\t\t<div role=\"region\" aria-labelledby=\"e-n-accordion-item-17810\" class=\"elementor-element elementor-element-e10efb8 e-con-full e-flex e-con e-child\" data-id=\"e10efb8\" data-element_type=\"container\">\n\t\t\t\t<div class=\"elementor-element elementor-element-7c33486 elementor-widget elementor-widget-image\" data-id=\"7c33486\" data-element_type=\"widget\" data-widget_type=\"image.default\">\n\t\t\t\t\t\t\t\t\t\t\t\t\t\t\t<img loading=\"lazy\" decoding=\"async\" width=\"362\" height=\"258\" src=\"https:\/\/forstunternehmer.ch\/wp-content\/uploads\/2025\/08\/mobile-entrindungsmaschine-1-3.webp\" class=\"attachment-large size-large wp-image-2098\" alt=\"\" srcset=\"https:\/\/forstunternehmer.ch\/wp-content\/uploads\/2025\/08\/mobile-entrindungsmaschine-1-3.webp 362w, https:\/\/forstunternehmer.ch\/wp-content\/uploads\/2025\/08\/mobile-entrindungsmaschine-1-3-300x214.webp 300w, https:\/\/forstunternehmer.ch\/wp-content\/uploads\/2025\/08\/mobile-entrindungsmaschine-1-3-18x12.webp 18w\" sizes=\"(max-width: 362px) 100vw, 362px\" \/>\t\t\t\t\t\t\t\t\t\t\t\t\t\t\t<\/div>\n\t\t\t\t<\/div>\n\t\t\t\t<\/div>\n\t\t\t\t\t<\/details>\n\t\t\t\t\t<\/div>\n\t\t\t\t\t\t<\/div>\n\t\t\t\t\t<\/div>\n\t\t\t\t<\/div>\n\t\t\t\t<\/div>","protected":false},"excerpt":{"rendered":"<p>Comp\u00e9tence pour les entreprises foresti\u00e8res et les propri\u00e9taires forestiers R\u00e9colte du bois Cette cat\u00e9gorie importante comprend l'abattage ou la coupe des arbres forestiers pour en extraire le bois. Une \u00e9claircie a lieu pour am\u00e9liorer la structure, la stabilit\u00e9 ou la qualit\u00e9 du peuplement qui n'est pas encore pr\u00eat \u00e0 \u00eatre r\u00e9colt\u00e9. Lors du rajeunissement, les arbres pr\u00eats \u00e0 \u00eatre r\u00e9colt\u00e9s sont pr\u00e9lev\u00e9s, ce qui permet l'ensemencement (ou la plantation) et la croissance naturels [...].<\/p>","protected":false},"author":1,"featured_media":0,"parent":0,"menu_order":0,"comment_status":"closed","ping_status":"closed","template":"elementor_header_footer","meta":{"_acf_changed":false,"footnotes":""},"class_list":["post-667","page","type-page","status-publish","hentry"],"acf":[],"yoast_head":"<!-- This site is optimized with the Yoast SEO plugin v26.8 - https:\/\/yoast.com\/product\/yoast-seo-wordpress\/ -->\n<title>Forstunternehmer Schweiz: Kompetenzzentrum f\u00fcr Waldwirtschaft<\/title>\n<meta name=\"description\" content=\"Ihr Kompetenzzentrum f\u00fcr professionelle Forstwirtschaft: Von Holzernte bis Waldpflege.\" \/>\n<meta name=\"robots\" content=\"index, follow, max-snippet:-1, max-image-preview:large, max-video-preview:-1\" \/>\n<link rel=\"canonical\" href=\"https:\/\/forstunternehmer.ch\/fr\/als-dienstleister\/\" \/>\n<meta property=\"og:locale\" content=\"fr_FR\" \/>\n<meta property=\"og:type\" content=\"article\" \/>\n<meta property=\"og:title\" content=\"Forstunternehmer Schweiz: Kompetenzzentrum f\u00fcr Waldwirtschaft\" \/>\n<meta property=\"og:description\" content=\"Ihr Kompetenzzentrum f\u00fcr professionelle Forstwirtschaft: Von Holzernte bis Waldpflege.\" \/>\n<meta property=\"og:url\" content=\"https:\/\/forstunternehmer.ch\/fr\/als-dienstleister\/\" \/>\n<meta property=\"og:site_name\" content=\"Forstunternehmer Schweiz\" \/>\n<meta property=\"article:publisher\" content=\"https:\/\/www.facebook.com\/ForstunternehmerSchweiz\" \/>\n<meta property=\"article:modified_time\" content=\"2025-08-28T06:11:33+00:00\" \/>\n<meta property=\"og:image\" content=\"https:\/\/forstunternehmer.ch\/wp-content\/uploads\/2024\/12\/2.webp\" \/>\n\t<meta property=\"og:image:width\" content=\"1024\" \/>\n\t<meta property=\"og:image:height\" content=\"600\" \/>\n\t<meta property=\"og:image:type\" content=\"image\/webp\" \/>\n<meta name=\"twitter:card\" content=\"summary_large_image\" \/>\n<meta name=\"twitter:label1\" content=\"Dur\u00e9e de lecture estim\u00e9e\" \/>\n\t<meta name=\"twitter:data1\" content=\"8 minutes\" \/>\n<script type=\"application\/ld+json\" class=\"yoast-schema-graph\">{\"@context\":\"https:\/\/schema.org\",\"@graph\":[{\"@type\":\"WebPage\",\"@id\":\"https:\/\/forstunternehmer.ch\/als-dienstleister\/\",\"url\":\"https:\/\/forstunternehmer.ch\/als-dienstleister\/\",\"name\":\"Forstunternehmer Schweiz: Kompetenzzentrum f\u00fcr Waldwirtschaft\",\"isPartOf\":{\"@id\":\"https:\/\/forstunternehmer.ch\/#website\"},\"primaryImageOfPage\":{\"@id\":\"https:\/\/forstunternehmer.ch\/als-dienstleister\/#primaryimage\"},\"image\":{\"@id\":\"https:\/\/forstunternehmer.ch\/als-dienstleister\/#primaryimage\"},\"thumbnailUrl\":\"https:\/\/forstunternehmer.ch\/wp-content\/uploads\/2024\/12\/2.webp\",\"datePublished\":\"2024-12-16T12:28:20+00:00\",\"dateModified\":\"2025-08-28T06:11:33+00:00\",\"description\":\"Ihr Kompetenzzentrum f\u00fcr professionelle Forstwirtschaft: Von Holzernte bis Waldpflege.\",\"breadcrumb\":{\"@id\":\"https:\/\/forstunternehmer.ch\/als-dienstleister\/#breadcrumb\"},\"inLanguage\":\"fr-FR\",\"potentialAction\":[{\"@type\":\"ReadAction\",\"target\":[\"https:\/\/forstunternehmer.ch\/als-dienstleister\/\"]}]},{\"@type\":\"ImageObject\",\"inLanguage\":\"fr-FR\",\"@id\":\"https:\/\/forstunternehmer.ch\/als-dienstleister\/#primaryimage\",\"url\":\"https:\/\/forstunternehmer.ch\/wp-content\/uploads\/2024\/12\/2.webp\",\"contentUrl\":\"https:\/\/forstunternehmer.ch\/wp-content\/uploads\/2024\/12\/2.webp\"},{\"@type\":\"BreadcrumbList\",\"@id\":\"https:\/\/forstunternehmer.ch\/als-dienstleister\/#breadcrumb\",\"itemListElement\":[{\"@type\":\"ListItem\",\"position\":1,\"name\":\"Startseite\",\"item\":\"https:\/\/forstunternehmer.ch\/\"},{\"@type\":\"ListItem\",\"position\":2,\"name\":\"Als Dienstleister\"}]},{\"@type\":\"WebSite\",\"@id\":\"https:\/\/forstunternehmer.ch\/#website\",\"url\":\"https:\/\/forstunternehmer.ch\/\",\"name\":\"Forstunternehmer Schweiz\",\"description\":\"Die zuverl\u00e4ssigen Partner in der Holzkette\",\"publisher\":{\"@id\":\"https:\/\/forstunternehmer.ch\/#organization\"},\"potentialAction\":[{\"@type\":\"SearchAction\",\"target\":{\"@type\":\"EntryPoint\",\"urlTemplate\":\"https:\/\/forstunternehmer.ch\/?s={search_term_string}\"},\"query-input\":{\"@type\":\"PropertyValueSpecification\",\"valueRequired\":true,\"valueName\":\"search_term_string\"}}],\"inLanguage\":\"fr-FR\"},{\"@type\":\"Organization\",\"@id\":\"https:\/\/forstunternehmer.ch\/#organization\",\"name\":\"Forstunternehmer Schweiz\",\"url\":\"https:\/\/forstunternehmer.ch\/\",\"logo\":{\"@type\":\"ImageObject\",\"inLanguage\":\"fr-FR\",\"@id\":\"https:\/\/forstunternehmer.ch\/#\/schema\/logo\/image\/\",\"url\":\"https:\/\/forstunternehmer.ch\/wp-content\/uploads\/2024\/10\/01_Primary-Logo_Badgeversion_Forstunternehmer_DE_original_Ausgeruestet.png\",\"contentUrl\":\"https:\/\/forstunternehmer.ch\/wp-content\/uploads\/2024\/10\/01_Primary-Logo_Badgeversion_Forstunternehmer_DE_original_Ausgeruestet.png\",\"width\":2560,\"height\":2560,\"caption\":\"Forstunternehmer Schweiz\"},\"image\":{\"@id\":\"https:\/\/forstunternehmer.ch\/#\/schema\/logo\/image\/\"},\"sameAs\":[\"https:\/\/www.facebook.com\/ForstunternehmerSchweiz\",\"https:\/\/www.linkedin.com\/company\/forstunternehmer-schweiz\/\"]}]}<\/script>\n<!-- \/ Yoast SEO plugin. -->","yoast_head_json":{"title":"Entrepreneurs forestiers Suisse : Centre de comp\u00e9tence pour l'\u00e9conomie foresti\u00e8re","description":"Votre centre de comp\u00e9tences pour une sylviculture professionnelle : de la r\u00e9colte du bois \u00e0 l'entretien des for\u00eats.","robots":{"index":"index","follow":"follow","max-snippet":"max-snippet:-1","max-image-preview":"max-image-preview:large","max-video-preview":"max-video-preview:-1"},"canonical":"https:\/\/forstunternehmer.ch\/fr\/als-dienstleister\/","og_locale":"fr_FR","og_type":"article","og_title":"Forstunternehmer Schweiz: Kompetenzzentrum f\u00fcr Waldwirtschaft","og_description":"Ihr Kompetenzzentrum f\u00fcr professionelle Forstwirtschaft: Von Holzernte bis Waldpflege.","og_url":"https:\/\/forstunternehmer.ch\/fr\/als-dienstleister\/","og_site_name":"Forstunternehmer Schweiz","article_publisher":"https:\/\/www.facebook.com\/ForstunternehmerSchweiz","article_modified_time":"2025-08-28T06:11:33+00:00","og_image":[{"width":1024,"height":600,"url":"https:\/\/forstunternehmer.ch\/wp-content\/uploads\/2024\/12\/2.webp","type":"image\/webp"}],"twitter_card":"summary_large_image","twitter_misc":{"Dur\u00e9e de lecture estim\u00e9e":"8 minutes"},"schema":{"@context":"https:\/\/schema.org","@graph":[{"@type":"WebPage","@id":"https:\/\/forstunternehmer.ch\/als-dienstleister\/","url":"https:\/\/forstunternehmer.ch\/als-dienstleister\/","name":"Entrepreneurs forestiers Suisse : Centre de comp\u00e9tence pour l'\u00e9conomie foresti\u00e8re","isPartOf":{"@id":"https:\/\/forstunternehmer.ch\/#website"},"primaryImageOfPage":{"@id":"https:\/\/forstunternehmer.ch\/als-dienstleister\/#primaryimage"},"image":{"@id":"https:\/\/forstunternehmer.ch\/als-dienstleister\/#primaryimage"},"thumbnailUrl":"https:\/\/forstunternehmer.ch\/wp-content\/uploads\/2024\/12\/2.webp","datePublished":"2024-12-16T12:28:20+00:00","dateModified":"2025-08-28T06:11:33+00:00","description":"Votre centre de comp\u00e9tences pour une sylviculture professionnelle : de la r\u00e9colte du bois \u00e0 l'entretien des for\u00eats.","breadcrumb":{"@id":"https:\/\/forstunternehmer.ch\/als-dienstleister\/#breadcrumb"},"inLanguage":"fr-FR","potentialAction":[{"@type":"ReadAction","target":["https:\/\/forstunternehmer.ch\/als-dienstleister\/"]}]},{"@type":"ImageObject","inLanguage":"fr-FR","@id":"https:\/\/forstunternehmer.ch\/als-dienstleister\/#primaryimage","url":"https:\/\/forstunternehmer.ch\/wp-content\/uploads\/2024\/12\/2.webp","contentUrl":"https:\/\/forstunternehmer.ch\/wp-content\/uploads\/2024\/12\/2.webp"},{"@type":"BreadcrumbList","@id":"https:\/\/forstunternehmer.ch\/als-dienstleister\/#breadcrumb","itemListElement":[{"@type":"ListItem","position":1,"name":"Startseite","item":"https:\/\/forstunternehmer.ch\/"},{"@type":"ListItem","position":2,"name":"Als Dienstleister"}]},{"@type":"WebSite","@id":"https:\/\/forstunternehmer.ch\/#website","url":"https:\/\/forstunternehmer.ch\/","name":"Entrepreneurs forestiers Suisse","description":"Les partenaires fiables de la cha\u00eene du bois","publisher":{"@id":"https:\/\/forstunternehmer.ch\/#organization"},"potentialAction":[{"@type":"SearchAction","target":{"@type":"EntryPoint","urlTemplate":"https:\/\/forstunternehmer.ch\/?s={search_term_string}"},"query-input":{"@type":"PropertyValueSpecification","valueRequired":true,"valueName":"search_term_string"}}],"inLanguage":"fr-FR"},{"@type":"Organization","@id":"https:\/\/forstunternehmer.ch\/#organization","name":"Entrepreneurs forestiers Suisse","url":"https:\/\/forstunternehmer.ch\/","logo":{"@type":"ImageObject","inLanguage":"fr-FR","@id":"https:\/\/forstunternehmer.ch\/#\/schema\/logo\/image\/","url":"https:\/\/forstunternehmer.ch\/wp-content\/uploads\/2024\/10\/01_Primary-Logo_Badgeversion_Forstunternehmer_DE_original_Ausgeruestet.png","contentUrl":"https:\/\/forstunternehmer.ch\/wp-content\/uploads\/2024\/10\/01_Primary-Logo_Badgeversion_Forstunternehmer_DE_original_Ausgeruestet.png","width":2560,"height":2560,"caption":"Forstunternehmer Schweiz"},"image":{"@id":"https:\/\/forstunternehmer.ch\/#\/schema\/logo\/image\/"},"sameAs":["https:\/\/www.facebook.com\/ForstunternehmerSchweiz","https:\/\/www.linkedin.com\/company\/forstunternehmer-schweiz\/"]}]}},"_links":{"self":[{"href":"https:\/\/forstunternehmer.ch\/fr\/wp-json\/wp\/v2\/pages\/667","targetHints":{"allow":["GET"]}}],"collection":[{"href":"https:\/\/forstunternehmer.ch\/fr\/wp-json\/wp\/v2\/pages"}],"about":[{"href":"https:\/\/forstunternehmer.ch\/fr\/wp-json\/wp\/v2\/types\/page"}],"author":[{"embeddable":true,"href":"https:\/\/forstunternehmer.ch\/fr\/wp-json\/wp\/v2\/users\/1"}],"replies":[{"embeddable":true,"href":"https:\/\/forstunternehmer.ch\/fr\/wp-json\/wp\/v2\/comments?post=667"}],"version-history":[{"count":91,"href":"https:\/\/forstunternehmer.ch\/fr\/wp-json\/wp\/v2\/pages\/667\/revisions"}],"predecessor-version":[{"id":2131,"href":"https:\/\/forstunternehmer.ch\/fr\/wp-json\/wp\/v2\/pages\/667\/revisions\/2131"}],"wp:attachment":[{"href":"https:\/\/forstunternehmer.ch\/fr\/wp-json\/wp\/v2\/media?parent=667"}],"curies":[{"name":"wp","href":"https:\/\/api.w.org\/{rel}","templated":true}]}}