{"id":669,"date":"2024-12-16T13:28:32","date_gmt":"2024-12-16T12:28:32","guid":{"rendered":"https:\/\/fus.avatalents.ch\/?page_id=669"},"modified":"2025-01-21T22:16:36","modified_gmt":"2025-01-21T21:16:36","slug":"als-arbeitgeber","status":"publish","type":"page","link":"https:\/\/forstunternehmer.ch\/fr\/als-arbeitgeber\/","title":{"rendered":"Employeur"},"content":{"rendered":"<div data-elementor-type=\"wp-page\" data-elementor-id=\"669\" class=\"elementor elementor-669\" data-elementor-post-type=\"page\">\n\t\t\t\t<div class=\"elementor-element elementor-element-9fefde2 e-con-full e-flex e-con e-parent\" data-id=\"9fefde2\" data-element_type=\"container\" data-settings=\"{&quot;background_background&quot;:&quot;slideshow&quot;,&quot;background_slideshow_gallery&quot;:[{&quot;id&quot;:827,&quot;url&quot;:&quot;https:\\\/\\\/forstunternehmer.ch\\\/wp-content\\\/uploads\\\/2024\\\/12\\\/Header-Website_Holztrans.jpg&quot;}],&quot;shape_divider_bottom&quot;:&quot;pyramids&quot;,&quot;background_slideshow_slide_duration&quot;:5000,&quot;background_slideshow_slide_transition&quot;:&quot;fade&quot;,&quot;background_slideshow_transition_duration&quot;:500}\">\n\t\t\t\t<div class=\"elementor-shape elementor-shape-bottom\" aria-hidden=\"true\" data-negative=\"false\">\n\t\t\t<svg xmlns=\"http:\/\/www.w3.org\/2000\/svg\" viewbox=\"0 0 1000 100\" preserveaspectratio=\"none\">\n\t<path class=\"elementor-shape-fill\" d=\"M761.9,44.1L643.1,27.2L333.8,98L0,3.8V0l1000,0v3.9\"\/>\n<\/svg>\t\t<\/div>\n\t\t\t\t<\/div>\n\t\t<div class=\"elementor-element elementor-element-c7ee136 e-flex e-con-boxed e-con e-parent\" data-id=\"c7ee136\" data-element_type=\"container\">\n\t\t\t\t\t<div class=\"e-con-inner\">\n\t\t<div class=\"elementor-element elementor-element-dbefe7e e-con-full e-flex e-con e-child\" data-id=\"dbefe7e\" data-element_type=\"container\">\n\t\t\t\t<div class=\"elementor-element elementor-element-1c45bc0 elementor-widget elementor-widget-text-editor\" data-id=\"1c45bc0\" data-element_type=\"widget\" data-widget_type=\"text-editor.default\">\n\t\t\t\t\t\t\t\t\t<p><strong>Comp\u00e9tence en tant qu'employeur<\/strong><\/p>\t\t\t\t\t\t\t\t<\/div>\n\t\t\t\t<div class=\"elementor-element elementor-element-06cf3f8 elementor-widget-tablet__width-inherit animated-slow elementor-invisible elementor-widget elementor-widget-heading\" data-id=\"06cf3f8\" data-element_type=\"widget\" data-settings=\"{&quot;_animation&quot;:&quot;fadeIn&quot;}\" data-widget_type=\"heading.default\">\n\t\t\t\t\t<h1 class=\"elementor-heading-title elementor-size-default\">L'unit\u00e9 sp\u00e9ciale <br>Dans la for\u00eat<\/h1>\t\t\t\t<\/div>\n\t\t\t\t<\/div>\n\t\t<div class=\"elementor-element elementor-element-d718999 e-con-full e-flex e-con e-child\" data-id=\"d718999\" data-element_type=\"container\">\n\t\t\t\t<div class=\"elementor-element elementor-element-a3c0fce elementor-skin-carousel elementor-arrows-yes elementor-pagination-type-bullets elementor-pagination-position-outside elementor-widget elementor-widget-media-carousel\" data-id=\"a3c0fce\" data-element_type=\"widget\" data-settings=\"{&quot;skin&quot;:&quot;carousel&quot;,&quot;effect&quot;:&quot;slide&quot;,&quot;show_arrows&quot;:&quot;yes&quot;,&quot;pagination&quot;:&quot;bullets&quot;,&quot;speed&quot;:500,&quot;autoplay&quot;:&quot;yes&quot;,&quot;autoplay_speed&quot;:5000,&quot;loop&quot;:&quot;yes&quot;,&quot;pause_on_hover&quot;:&quot;yes&quot;,&quot;pause_on_interaction&quot;:&quot;yes&quot;,&quot;space_between&quot;:{&quot;unit&quot;:&quot;px&quot;,&quot;size&quot;:10,&quot;sizes&quot;:[]},&quot;space_between_widescreen&quot;:{&quot;unit&quot;:&quot;px&quot;,&quot;size&quot;:10,&quot;sizes&quot;:[]},&quot;space_between_laptop&quot;:{&quot;unit&quot;:&quot;px&quot;,&quot;size&quot;:10,&quot;sizes&quot;:[]},&quot;space_between_tablet&quot;:{&quot;unit&quot;:&quot;px&quot;,&quot;size&quot;:10,&quot;sizes&quot;:[]},&quot;space_between_mobile&quot;:{&quot;unit&quot;:&quot;px&quot;,&quot;size&quot;:10,&quot;sizes&quot;:[]}}\" data-widget_type=\"media-carousel.default\">\n\t\t\t\t\t\t\t\t\t\t<div class=\"elementor-main-swiper swiper\" role=\"region\" aria-roledescription=\"carousel\" aria-label=\"Slides\">\n\t\t\t\t<div class=\"swiper-wrapper\">\n\t\t\t\t\t\t\t\t\t\t\t<div class=\"swiper-slide\" role=\"group\" aria-roledescription=\"slide\">\n\t\t\t\t\t\t\t\t\t<div class=\"elementor-carousel-image\" role=\"img\" aria-label=\"Images d&#039;en-t\u00eate_site web (5)\" style=\"background-image: url(&#039;https:\/\/forstunternehmer.ch\/wp-content\/uploads\/2024\/11\/Headerbilder_Website-5.jpg&#039;)\">\n\n\t\t\t\n\t\t\t\t\t<\/div>\n\t\t\t\t\t\t\t\t<\/div>\n\t\t\t\t\t\t\t\t\t\t\t<div class=\"swiper-slide\" role=\"group\" aria-roledescription=\"slide\">\n\t\t\t\t\t\t\t\t\t<div class=\"elementor-carousel-image\" role=\"img\" aria-label=\"Images d&#039;en-t\u00eate_site web (2)\" style=\"background-image: url(&#039;https:\/\/forstunternehmer.ch\/wp-content\/uploads\/2024\/12\/Headerbilder_Website-2.jpg&#039;)\">\n\n\t\t\t\n\t\t\t\t\t<\/div>\n\t\t\t\t\t\t\t\t<\/div>\n\t\t\t\t\t\t\t\t\t\t\t<div class=\"swiper-slide\" role=\"group\" aria-roledescription=\"slide\">\n\t\t\t\t\t\t\t\t\t<div class=\"elementor-carousel-image\" role=\"img\" aria-label=\"Images d&#039;en-t\u00eate_site web (3)\" style=\"background-image: url(&#039;https:\/\/forstunternehmer.ch\/wp-content\/uploads\/2024\/11\/Headerbilder_Website-3.jpg&#039;)\">\n\n\t\t\t\n\t\t\t\t\t<\/div>\n\t\t\t\t\t\t\t\t<\/div>\n\t\t\t\t\t\t\t\t\t<\/div>\n\t\t\t\t\t\t\t\t\t\t\t\t\t\t\t<div class=\"elementor-swiper-button elementor-swiper-button-prev\" role=\"button\" tabindex=\"0\" aria-label=\"Pr\u00e9c\u00e9dent\">\n\t\t\t\t\t\t\t<svg aria-hidden=\"true\" class=\"e-font-icon-svg e-eicon-chevron-left\" viewbox=\"0 0 1000 1000\" xmlns=\"http:\/\/www.w3.org\/2000\/svg\"><path d=\"M646 125C629 125 613 133 604 142L308 442C296 454 292 471 292 487 292 504 296 521 308 533L604 854C617 867 629 875 646 875 663 875 679 871 692 858 704 846 713 829 713 812 713 796 708 779 692 767L438 487 692 225C700 217 708 204 708 187 708 171 704 154 692 142 675 129 663 125 646 125Z\"><\/path><\/svg>\t\t\t\t\t\t<\/div>\n\t\t\t\t\t\t<div class=\"elementor-swiper-button elementor-swiper-button-next\" role=\"button\" tabindex=\"0\" aria-label=\"Continuer\">\n\t\t\t\t\t\t\t<svg aria-hidden=\"true\" class=\"e-font-icon-svg e-eicon-chevron-right\" viewbox=\"0 0 1000 1000\" xmlns=\"http:\/\/www.w3.org\/2000\/svg\"><path d=\"M696 533C708 521 713 504 713 487 713 471 708 454 696 446L400 146C388 133 375 125 354 125 338 125 325 129 313 142 300 154 292 171 292 187 292 204 296 221 308 233L563 492 304 771C292 783 288 800 288 817 288 833 296 850 308 863 321 871 338 875 354 875 371 875 388 867 400 854L696 533Z\"><\/path><\/svg>\t\t\t\t\t\t<\/div>\n\t\t\t\t\t\t\t\t\t\t\t\t\t\t\t\t<div class=\"swiper-pagination\"><\/div>\n\t\t\t\t\t\t\t\t\t\t\t\t<\/div>\n\t\t\t\t\t\t\t\t<\/div>\n\t\t\t\t<\/div>\n\t\t\t\t\t<\/div>\n\t\t\t\t<\/div>\n\t\t<div class=\"elementor-element elementor-element-c61e380 e-flex e-con-boxed e-con e-parent\" data-id=\"c61e380\" data-element_type=\"container\">\n\t\t\t\t\t<div class=\"e-con-inner\">\n\t\t<div class=\"elementor-element elementor-element-4bde076 e-con-full e-flex e-con e-child\" data-id=\"4bde076\" data-element_type=\"container\">\n\t\t\t\t<div class=\"elementor-element elementor-element-0bbdc90 elementor-widget elementor-widget-image\" data-id=\"0bbdc90\" data-element_type=\"widget\" data-widget_type=\"image.default\">\n\t\t\t\t\t\t\t\t\t\t\t\t\t\t\t<img fetchpriority=\"high\" decoding=\"async\" width=\"800\" height=\"586\" src=\"https:\/\/forstunternehmer.ch\/wp-content\/uploads\/2024\/11\/Headerbilder_Website-4-1024x750.jpg\" class=\"attachment-large size-large wp-image-842\" alt=\"Headerbilder_Website (4)\" srcset=\"https:\/\/forstunternehmer.ch\/wp-content\/uploads\/2024\/11\/Headerbilder_Website-4-1024x750.jpg 1024w, https:\/\/forstunternehmer.ch\/wp-content\/uploads\/2024\/11\/Headerbilder_Website-4-300x220.jpg 300w, https:\/\/forstunternehmer.ch\/wp-content\/uploads\/2024\/11\/Headerbilder_Website-4-768x563.jpg 768w, https:\/\/forstunternehmer.ch\/wp-content\/uploads\/2024\/11\/Headerbilder_Website-4-1536x1125.jpg 1536w, https:\/\/forstunternehmer.ch\/wp-content\/uploads\/2024\/11\/Headerbilder_Website-4-16x12.jpg 16w, https:\/\/forstunternehmer.ch\/wp-content\/uploads\/2024\/11\/Headerbilder_Website-4.jpg 2048w\" sizes=\"(max-width: 800px) 100vw, 800px\" \/>\t\t\t\t\t\t\t\t\t\t\t\t\t\t\t<\/div>\n\t\t\t\t<\/div>\n\t\t<div class=\"elementor-element elementor-element-22f676c e-con-full e-flex e-con e-child\" data-id=\"22f676c\" data-element_type=\"container\">\n\t\t\t\t<div class=\"elementor-element elementor-element-0ef4f96 elementor-invisible elementor-widget elementor-widget-heading\" data-id=\"0ef4f96\" data-element_type=\"widget\" data-settings=\"{&quot;_animation&quot;:&quot;fadeInUp&quot;}\" data-widget_type=\"heading.default\">\n\t\t\t\t\t<h2 class=\"elementor-heading-title elementor-size-default\">Aventure sur le terrain<\/h2>\t\t\t\t<\/div>\n\t\t\t\t<div class=\"elementor-element elementor-element-5d13cd8 elementor-widget-tablet__width-initial elementor-widget-mobile__width-inherit elementor-invisible elementor-widget elementor-widget-text-editor\" data-id=\"5d13cd8\" data-element_type=\"widget\" data-settings=\"{&quot;_animation&quot;:&quot;fadeIn&quot;}\" data-widget_type=\"text-editor.default\">\n\t\t\t\t\t\t\t\t\t<p>Pour les entrepreneurs forestiers, aucune journ\u00e9e de travail ne ressemble \u00e0 une autre - ils sont l'unit\u00e9 sp\u00e9ciale de la for\u00eat, toujours l\u00e0 o\u00f9 leur expertise est n\u00e9cessaire. Aujourd'hui, une intervention dans une for\u00eat de montagne isol\u00e9e, demain l'assistance dans une entreprise foresti\u00e8re, apr\u00e8s-demain l'entretien d'une r\u00e9serve naturelle.<\/p><p>En tant qu'entrepreneur forestier, tu travailles c\u00f4te \u00e0 c\u00f4te avec diff\u00e9rentes entreprises, tu rencontres de nouveaux d\u00e9fis et tu apprends tous les jours. Tu n'es pas seulement un expert de la for\u00eat, mais tu es aussi capable de r\u00e9soudre des probl\u00e8mes et de t'adapter \u00e0 des situations toujours nouvelles. Ton lieu de travail ? La nature dans toute sa diversit\u00e9 - des paysages de montagne brumeux aux vastes for\u00eats de plaine, en passant par les espaces verts urbains.<\/p><p><strong>S'ennuyer ? Pas question ! <\/strong><\/p>\t\t\t\t\t\t\t\t<\/div>\n\t\t\t\t<\/div>\n\t\t\t\t\t<\/div>\n\t\t\t\t<\/div>\n\t\t<div class=\"elementor-element elementor-element-c43bf90 e-flex e-con-boxed e-con e-parent\" data-id=\"c43bf90\" data-element_type=\"container\">\n\t\t\t\t\t<div class=\"e-con-inner\">\n\t\t<div class=\"elementor-element elementor-element-3197d68 e-con-full e-flex e-con e-child\" data-id=\"3197d68\" data-element_type=\"container\">\n\t\t\t\t<div class=\"elementor-element elementor-element-0e0064e elementor-invisible elementor-widget elementor-widget-heading\" data-id=\"0e0064e\" data-element_type=\"widget\" data-settings=\"{&quot;_animation&quot;:&quot;fadeInUp&quot;}\" data-widget_type=\"heading.default\">\n\t\t\t\t\t<h2 class=\"elementor-heading-title elementor-size-default\">Ton \u00e9quipe te soutient<\/h2>\t\t\t\t<\/div>\n\t\t\t\t<div class=\"elementor-element elementor-element-18a1077 elementor-widget-tablet__width-initial elementor-widget-mobile__width-inherit elementor-invisible elementor-widget elementor-widget-text-editor\" data-id=\"18a1077\" data-element_type=\"widget\" data-settings=\"{&quot;_animation&quot;:&quot;fadeIn&quot;}\" data-widget_type=\"text-editor.default\">\n\t\t\t\t\t\t\t\t\t<p>Tu fais partie d'une \u00e9quipe bien rod\u00e9e, qui se tient comme les rouages d'une machine bien huil\u00e9e. La collaboration est au c\u0153ur de notre succ\u00e8s : chaque geste est bon, chacun fait confiance aux capacit\u00e9s de l'autre et ensemble, nous surmontons chaque d\u00e9fi. Que ce soit lors de missions exigeantes au plus profond de la for\u00eat ou sous la pression du temps lors de la r\u00e9colte du bois, l'\u00e9quipe est ta plus grande ressource.<\/p><p>La s\u00e9curit\u00e9 est toujours la premi\u00e8re priorit\u00e9. Nous veillons non seulement \u00e0 disposer d'un \u00e9quipement de pointe et de machines bien entretenues, mais aussi \u00e0 nous soutenir mutuellement. Chaque membre de l'\u00e9quipe sait qu'il peut compter sur les autres, aussi bien dans les situations difficiles que dans le travail quotidien.<\/p><p>Tu feras partie d'une <strong>Communaut\u00e9<\/strong>Je pense que c'est une bonne id\u00e9e d'avoir une \u00e9quipe qui ne fonctionne pas seulement de mani\u00e8re professionnelle, mais qui est aussi l\u00e0 les uns pour les autres.<\/p>\t\t\t\t\t\t\t\t<\/div>\n\t\t\t\t<\/div>\n\t\t<div class=\"elementor-element elementor-element-6ee6b13 e-con-full e-flex e-con e-child\" data-id=\"6ee6b13\" data-element_type=\"container\">\n\t\t\t\t<div class=\"elementor-element elementor-element-e0b3e37 elementor-widget elementor-widget-image\" data-id=\"e0b3e37\" data-element_type=\"widget\" data-widget_type=\"image.default\">\n\t\t\t\t\t\t\t\t\t\t\t\t\t\t\t<img decoding=\"async\" width=\"800\" height=\"586\" src=\"https:\/\/forstunternehmer.ch\/wp-content\/uploads\/2024\/12\/Headerbilder_Website-1-1024x750.jpg\" class=\"attachment-large size-large wp-image-829\" alt=\"\" srcset=\"https:\/\/forstunternehmer.ch\/wp-content\/uploads\/2024\/12\/Headerbilder_Website-1-1024x750.jpg 1024w, https:\/\/forstunternehmer.ch\/wp-content\/uploads\/2024\/12\/Headerbilder_Website-1-300x220.jpg 300w, https:\/\/forstunternehmer.ch\/wp-content\/uploads\/2024\/12\/Headerbilder_Website-1-768x563.jpg 768w, https:\/\/forstunternehmer.ch\/wp-content\/uploads\/2024\/12\/Headerbilder_Website-1-1536x1125.jpg 1536w, https:\/\/forstunternehmer.ch\/wp-content\/uploads\/2024\/12\/Headerbilder_Website-1-16x12.jpg 16w, https:\/\/forstunternehmer.ch\/wp-content\/uploads\/2024\/12\/Headerbilder_Website-1.jpg 2048w\" sizes=\"(max-width: 800px) 100vw, 800px\" \/>\t\t\t\t\t\t\t\t\t\t\t\t\t\t\t<\/div>\n\t\t\t\t<\/div>\n\t\t\t\t\t<\/div>\n\t\t\t\t<\/div>\n\t\t<div class=\"elementor-element elementor-element-f7cd2fe e-flex e-con-boxed e-con e-parent\" data-id=\"f7cd2fe\" data-element_type=\"container\">\n\t\t\t\t\t<div class=\"e-con-inner\">\n\t\t<div class=\"elementor-element elementor-element-69c41ef e-con-full e-flex e-con e-child\" data-id=\"69c41ef\" data-element_type=\"container\">\n\t\t\t\t<div class=\"elementor-element elementor-element-e90688e elementor-widget elementor-widget-image\" data-id=\"e90688e\" data-element_type=\"widget\" data-widget_type=\"image.default\">\n\t\t\t\t\t\t\t\t\t\t\t\t\t\t\t<img decoding=\"async\" width=\"800\" height=\"586\" src=\"https:\/\/forstunternehmer.ch\/wp-content\/uploads\/2024\/12\/Headerbilder_Website-1024x750.jpg\" class=\"attachment-large size-large wp-image-830\" alt=\"\" srcset=\"https:\/\/forstunternehmer.ch\/wp-content\/uploads\/2024\/12\/Headerbilder_Website-1024x750.jpg 1024w, https:\/\/forstunternehmer.ch\/wp-content\/uploads\/2024\/12\/Headerbilder_Website-300x220.jpg 300w, https:\/\/forstunternehmer.ch\/wp-content\/uploads\/2024\/12\/Headerbilder_Website-768x563.jpg 768w, https:\/\/forstunternehmer.ch\/wp-content\/uploads\/2024\/12\/Headerbilder_Website-1536x1125.jpg 1536w, https:\/\/forstunternehmer.ch\/wp-content\/uploads\/2024\/12\/Headerbilder_Website-16x12.jpg 16w, https:\/\/forstunternehmer.ch\/wp-content\/uploads\/2024\/12\/Headerbilder_Website.jpg 2048w\" sizes=\"(max-width: 800px) 100vw, 800px\" \/>\t\t\t\t\t\t\t\t\t\t\t\t\t\t\t<\/div>\n\t\t\t\t<\/div>\n\t\t<div class=\"elementor-element elementor-element-75dee9e e-con-full e-flex e-con e-child\" data-id=\"75dee9e\" data-element_type=\"container\">\n\t\t\t\t<div class=\"elementor-element elementor-element-f739abb elementor-invisible elementor-widget elementor-widget-heading\" data-id=\"f739abb\" data-element_type=\"widget\" data-settings=\"{&quot;_animation&quot;:&quot;fadeInUp&quot;}\" data-widget_type=\"heading.default\">\n\t\t\t\t\t<h2 class=\"elementor-heading-title elementor-size-default\">travailler avec des machines sp\u00e9ciales<\/h2>\t\t\t\t<\/div>\n\t\t\t\t<div class=\"elementor-element elementor-element-29a0183 elementor-widget-tablet__width-initial elementor-widget-mobile__width-inherit elementor-invisible elementor-widget elementor-widget-text-editor\" data-id=\"29a0183\" data-element_type=\"widget\" data-settings=\"{&quot;_animation&quot;:&quot;fadeIn&quot;}\" data-widget_type=\"text-editor.default\">\n\t\t\t\t\t\t\t\t\t<p>Abatteuses, grues \u00e0 c\u00e2ble, h\u00e9licopt\u00e8res, porteurs, grandes d\u00e9chiqueteuses, camions de bois. - Ces machines sont au c\u0153ur de la technique foresti\u00e8re moderne - et on les trouve presque exclusivement chez les entrepreneurs forestiers.<\/p><p>En tant qu'entrepreneur forestier, tu travailles avec les machines les plus impressionnantes que le secteur ait \u00e0 offrir. Syst\u00e8mes de r\u00e9colte pour l'abattage et le traitement pr\u00e9cis du bois, porteurs pour un transport efficace, gros d\u00e9chiqueteurs pour le traitement de la biomasse et camions pour l'\u00e9vacuation - ton travail est soutenu par une technologie de pointe. Parfois m\u00eame, des interventions en h\u00e9licopt\u00e8re sur des terrains difficiles ou des grues \u00e0 c\u00e2ble pour les pentes abruptes peuvent faire partie de ton quotidien.<\/p><p><strong>C'est du travail forestier au plus haut niveau.<\/strong><\/p>\t\t\t\t\t\t\t\t<\/div>\n\t\t\t\t<\/div>\n\t\t\t\t\t<\/div>\n\t\t\t\t<\/div>\n\t\t<div class=\"elementor-element elementor-element-f65f0d4 e-flex e-con-boxed e-con e-parent\" data-id=\"f65f0d4\" data-element_type=\"container\">\n\t\t\t\t\t<div class=\"e-con-inner\">\n\t\t<div class=\"elementor-element elementor-element-43c5d53 e-con-full e-flex e-con e-child\" data-id=\"43c5d53\" data-element_type=\"container\">\n\t\t\t\t<div class=\"elementor-element elementor-element-58fbcc9 elementor-widget elementor-widget-text-editor\" data-id=\"58fbcc9\" data-element_type=\"widget\" data-widget_type=\"text-editor.default\">\n\t\t\t\t\t\t\t\t\t<p><strong>L'unit\u00e9 sp\u00e9ciale en for\u00eat<\/strong><\/p>\t\t\t\t\t\t\t\t<\/div>\n\t\t\t\t<div class=\"elementor-element elementor-element-dfcebd9 elementor-invisible elementor-widget elementor-widget-heading\" data-id=\"dfcebd9\" data-element_type=\"widget\" data-settings=\"{&quot;_animation&quot;:&quot;fadeInUp&quot;}\" data-widget_type=\"heading.default\">\n\t\t\t\t\t<h2 class=\"elementor-heading-title elementor-size-default\">fais-en toi-m\u00eame l'exp\u00e9rience !<\/h2>\t\t\t\t<\/div>\n\t\t\t\t<\/div>\n\t\t<div class=\"elementor-element elementor-element-12a1079 e-con-full e-flex e-con e-child\" data-id=\"12a1079\" data-element_type=\"container\">\n\t\t\t\t<div class=\"elementor-element elementor-element-6ecc77f elementor-mobile-align-center elementor-widget elementor-widget-button\" data-id=\"6ecc77f\" data-element_type=\"widget\" data-widget_type=\"button.default\">\n\t\t\t\t\t\t\t\t\t\t<a class=\"elementor-button elementor-button-link elementor-size-sm\" href=\"\/fr\/#kontakt\">\n\t\t\t\t\t\t<span class=\"elementor-button-content-wrapper\">\n\t\t\t\t\t\t\t\t\t<span class=\"elementor-button-text\">Je veux faire partie des forces sp\u00e9ciales<\/span>\n\t\t\t\t\t<\/span>\n\t\t\t\t\t<\/a>\n\t\t\t\t\t\t\t\t<\/div>\n\t\t\t\t<\/div>\n\t\t\t\t\t<\/div>\n\t\t\t\t<\/div>\n\t\t\t\t<\/div>","protected":false},"excerpt":{"rendered":"<p>Comp\u00e9tence en tant qu'employeur L'unit\u00e9 sp\u00e9ciale En for\u00eat L'aventure en action Pour les entrepreneurs forestiers, aucune journ\u00e9e de travail ne ressemble \u00e0 une autre - ils sont l'unit\u00e9 sp\u00e9ciale de la for\u00eat, toujours l\u00e0 o\u00f9 leur expertise est n\u00e9cessaire. Aujourd'hui, une intervention dans une for\u00eat de montagne isol\u00e9e, demain l'assistance dans une entreprise foresti\u00e8re, apr\u00e8s-demain l'entretien d'une r\u00e9serve naturelle. En tant qu'entrepreneur forestier, tu travailles c\u00f4te \u00e0 c\u00f4te [...]<\/p>","protected":false},"author":1,"featured_media":0,"parent":0,"menu_order":0,"comment_status":"closed","ping_status":"closed","template":"","meta":{"_acf_changed":false,"footnotes":""},"class_list":["post-669","page","type-page","status-publish","hentry"],"acf":[],"yoast_head":"<!-- This site is optimized with the Yoast SEO plugin v26.8 - https:\/\/yoast.com\/product\/yoast-seo-wordpress\/ -->\n<title>Forstunternehmer Karriere: Spezialeinheit im Schweizer Wald<\/title>\n<meta name=\"description\" content=\"Entdecken Sie Ihre Karriere als Forstunternehmer: Von Spezialmaschinen bis zur Teamarbeit - Ihr Arbeitsplatz ist die Natur.\" \/>\n<meta name=\"robots\" content=\"index, follow, max-snippet:-1, max-image-preview:large, max-video-preview:-1\" \/>\n<link rel=\"canonical\" href=\"https:\/\/forstunternehmer.ch\/fr\/als-arbeitgeber\/\" \/>\n<meta property=\"og:locale\" content=\"fr_FR\" \/>\n<meta property=\"og:type\" content=\"article\" \/>\n<meta property=\"og:title\" content=\"Forstunternehmer Karriere: Spezialeinheit im Schweizer Wald\" \/>\n<meta property=\"og:description\" content=\"Entdecken Sie Ihre Karriere als Forstunternehmer: Von Spezialmaschinen bis zur Teamarbeit - Ihr Arbeitsplatz ist die Natur.\" \/>\n<meta property=\"og:url\" content=\"https:\/\/forstunternehmer.ch\/fr\/als-arbeitgeber\/\" \/>\n<meta property=\"og:site_name\" content=\"Forstunternehmer Schweiz\" \/>\n<meta property=\"article:publisher\" content=\"https:\/\/www.facebook.com\/ForstunternehmerSchweiz\" \/>\n<meta property=\"article:modified_time\" content=\"2025-01-21T21:16:36+00:00\" \/>\n<meta property=\"og:image\" content=\"https:\/\/forstunternehmer.ch\/wp-content\/uploads\/2024\/11\/Headerbilder_Website-4-1024x750.jpg\" \/>\n<meta name=\"twitter:card\" content=\"summary_large_image\" \/>\n<meta name=\"twitter:label1\" content=\"Dur\u00e9e de lecture estim\u00e9e\" \/>\n\t<meta name=\"twitter:data1\" content=\"3 minutes\" \/>\n<script type=\"application\/ld+json\" class=\"yoast-schema-graph\">{\"@context\":\"https:\/\/schema.org\",\"@graph\":[{\"@type\":\"WebPage\",\"@id\":\"https:\/\/forstunternehmer.ch\/als-arbeitgeber\/\",\"url\":\"https:\/\/forstunternehmer.ch\/als-arbeitgeber\/\",\"name\":\"Forstunternehmer Karriere: Spezialeinheit im Schweizer Wald\",\"isPartOf\":{\"@id\":\"https:\/\/forstunternehmer.ch\/#website\"},\"primaryImageOfPage\":{\"@id\":\"https:\/\/forstunternehmer.ch\/als-arbeitgeber\/#primaryimage\"},\"image\":{\"@id\":\"https:\/\/forstunternehmer.ch\/als-arbeitgeber\/#primaryimage\"},\"thumbnailUrl\":\"https:\/\/forstunternehmer.ch\/wp-content\/uploads\/2024\/11\/Headerbilder_Website-4-1024x750.jpg\",\"datePublished\":\"2024-12-16T12:28:32+00:00\",\"dateModified\":\"2025-01-21T21:16:36+00:00\",\"description\":\"Entdecken Sie Ihre Karriere als Forstunternehmer: Von Spezialmaschinen bis zur Teamarbeit - Ihr Arbeitsplatz ist die Natur.\",\"breadcrumb\":{\"@id\":\"https:\/\/forstunternehmer.ch\/als-arbeitgeber\/#breadcrumb\"},\"inLanguage\":\"fr-FR\",\"potentialAction\":[{\"@type\":\"ReadAction\",\"target\":[\"https:\/\/forstunternehmer.ch\/als-arbeitgeber\/\"]}]},{\"@type\":\"ImageObject\",\"inLanguage\":\"fr-FR\",\"@id\":\"https:\/\/forstunternehmer.ch\/als-arbeitgeber\/#primaryimage\",\"url\":\"https:\/\/forstunternehmer.ch\/wp-content\/uploads\/2024\/11\/Headerbilder_Website-4-1024x750.jpg\",\"contentUrl\":\"https:\/\/forstunternehmer.ch\/wp-content\/uploads\/2024\/11\/Headerbilder_Website-4-1024x750.jpg\"},{\"@type\":\"BreadcrumbList\",\"@id\":\"https:\/\/forstunternehmer.ch\/als-arbeitgeber\/#breadcrumb\",\"itemListElement\":[{\"@type\":\"ListItem\",\"position\":1,\"name\":\"Startseite\",\"item\":\"https:\/\/forstunternehmer.ch\/\"},{\"@type\":\"ListItem\",\"position\":2,\"name\":\"Als Arbeitgeber\"}]},{\"@type\":\"WebSite\",\"@id\":\"https:\/\/forstunternehmer.ch\/#website\",\"url\":\"https:\/\/forstunternehmer.ch\/\",\"name\":\"Forstunternehmer Schweiz\",\"description\":\"Die zuverl\u00e4ssigen Partner in der Holzkette\",\"publisher\":{\"@id\":\"https:\/\/forstunternehmer.ch\/#organization\"},\"potentialAction\":[{\"@type\":\"SearchAction\",\"target\":{\"@type\":\"EntryPoint\",\"urlTemplate\":\"https:\/\/forstunternehmer.ch\/?s={search_term_string}\"},\"query-input\":{\"@type\":\"PropertyValueSpecification\",\"valueRequired\":true,\"valueName\":\"search_term_string\"}}],\"inLanguage\":\"fr-FR\"},{\"@type\":\"Organization\",\"@id\":\"https:\/\/forstunternehmer.ch\/#organization\",\"name\":\"Forstunternehmer Schweiz\",\"url\":\"https:\/\/forstunternehmer.ch\/\",\"logo\":{\"@type\":\"ImageObject\",\"inLanguage\":\"fr-FR\",\"@id\":\"https:\/\/forstunternehmer.ch\/#\/schema\/logo\/image\/\",\"url\":\"https:\/\/forstunternehmer.ch\/wp-content\/uploads\/2024\/10\/01_Primary-Logo_Badgeversion_Forstunternehmer_DE_original_Ausgeruestet.png\",\"contentUrl\":\"https:\/\/forstunternehmer.ch\/wp-content\/uploads\/2024\/10\/01_Primary-Logo_Badgeversion_Forstunternehmer_DE_original_Ausgeruestet.png\",\"width\":2560,\"height\":2560,\"caption\":\"Forstunternehmer Schweiz\"},\"image\":{\"@id\":\"https:\/\/forstunternehmer.ch\/#\/schema\/logo\/image\/\"},\"sameAs\":[\"https:\/\/www.facebook.com\/ForstunternehmerSchweiz\",\"https:\/\/www.linkedin.com\/company\/forstunternehmer-schweiz\/\"]}]}<\/script>\n<!-- \/ Yoast SEO plugin. -->","yoast_head_json":{"title":"Entrepreneur forestier Carri\u00e8re : unit\u00e9 sp\u00e9ciale dans la for\u00eat suisse","description":"D\u00e9couvrez votre carri\u00e8re d'entrepreneur forestier : des machines sp\u00e9ciales au travail en \u00e9quipe, votre lieu de travail est la nature.","robots":{"index":"index","follow":"follow","max-snippet":"max-snippet:-1","max-image-preview":"max-image-preview:large","max-video-preview":"max-video-preview:-1"},"canonical":"https:\/\/forstunternehmer.ch\/fr\/als-arbeitgeber\/","og_locale":"fr_FR","og_type":"article","og_title":"Forstunternehmer Karriere: Spezialeinheit im Schweizer Wald","og_description":"Entdecken Sie Ihre Karriere als Forstunternehmer: Von Spezialmaschinen bis zur Teamarbeit - Ihr Arbeitsplatz ist die Natur.","og_url":"https:\/\/forstunternehmer.ch\/fr\/als-arbeitgeber\/","og_site_name":"Forstunternehmer Schweiz","article_publisher":"https:\/\/www.facebook.com\/ForstunternehmerSchweiz","article_modified_time":"2025-01-21T21:16:36+00:00","og_image":[{"url":"https:\/\/forstunternehmer.ch\/wp-content\/uploads\/2024\/11\/Headerbilder_Website-4-1024x750.jpg","type":"","width":"","height":""}],"twitter_card":"summary_large_image","twitter_misc":{"Dur\u00e9e de lecture estim\u00e9e":"3 minutes"},"schema":{"@context":"https:\/\/schema.org","@graph":[{"@type":"WebPage","@id":"https:\/\/forstunternehmer.ch\/als-arbeitgeber\/","url":"https:\/\/forstunternehmer.ch\/als-arbeitgeber\/","name":"Entrepreneur forestier Carri\u00e8re : unit\u00e9 sp\u00e9ciale dans la for\u00eat suisse","isPartOf":{"@id":"https:\/\/forstunternehmer.ch\/#website"},"primaryImageOfPage":{"@id":"https:\/\/forstunternehmer.ch\/als-arbeitgeber\/#primaryimage"},"image":{"@id":"https:\/\/forstunternehmer.ch\/als-arbeitgeber\/#primaryimage"},"thumbnailUrl":"https:\/\/forstunternehmer.ch\/wp-content\/uploads\/2024\/11\/Headerbilder_Website-4-1024x750.jpg","datePublished":"2024-12-16T12:28:32+00:00","dateModified":"2025-01-21T21:16:36+00:00","description":"D\u00e9couvrez votre carri\u00e8re d'entrepreneur forestier : des machines sp\u00e9ciales au travail en \u00e9quipe, votre lieu de travail est la nature.","breadcrumb":{"@id":"https:\/\/forstunternehmer.ch\/als-arbeitgeber\/#breadcrumb"},"inLanguage":"fr-FR","potentialAction":[{"@type":"ReadAction","target":["https:\/\/forstunternehmer.ch\/als-arbeitgeber\/"]}]},{"@type":"ImageObject","inLanguage":"fr-FR","@id":"https:\/\/forstunternehmer.ch\/als-arbeitgeber\/#primaryimage","url":"https:\/\/forstunternehmer.ch\/wp-content\/uploads\/2024\/11\/Headerbilder_Website-4-1024x750.jpg","contentUrl":"https:\/\/forstunternehmer.ch\/wp-content\/uploads\/2024\/11\/Headerbilder_Website-4-1024x750.jpg"},{"@type":"BreadcrumbList","@id":"https:\/\/forstunternehmer.ch\/als-arbeitgeber\/#breadcrumb","itemListElement":[{"@type":"ListItem","position":1,"name":"Startseite","item":"https:\/\/forstunternehmer.ch\/"},{"@type":"ListItem","position":2,"name":"Als Arbeitgeber"}]},{"@type":"WebSite","@id":"https:\/\/forstunternehmer.ch\/#website","url":"https:\/\/forstunternehmer.ch\/","name":"Entrepreneurs forestiers Suisse","description":"Les partenaires fiables de la cha\u00eene du bois","publisher":{"@id":"https:\/\/forstunternehmer.ch\/#organization"},"potentialAction":[{"@type":"SearchAction","target":{"@type":"EntryPoint","urlTemplate":"https:\/\/forstunternehmer.ch\/?s={search_term_string}"},"query-input":{"@type":"PropertyValueSpecification","valueRequired":true,"valueName":"search_term_string"}}],"inLanguage":"fr-FR"},{"@type":"Organization","@id":"https:\/\/forstunternehmer.ch\/#organization","name":"Entrepreneurs forestiers Suisse","url":"https:\/\/forstunternehmer.ch\/","logo":{"@type":"ImageObject","inLanguage":"fr-FR","@id":"https:\/\/forstunternehmer.ch\/#\/schema\/logo\/image\/","url":"https:\/\/forstunternehmer.ch\/wp-content\/uploads\/2024\/10\/01_Primary-Logo_Badgeversion_Forstunternehmer_DE_original_Ausgeruestet.png","contentUrl":"https:\/\/forstunternehmer.ch\/wp-content\/uploads\/2024\/10\/01_Primary-Logo_Badgeversion_Forstunternehmer_DE_original_Ausgeruestet.png","width":2560,"height":2560,"caption":"Forstunternehmer Schweiz"},"image":{"@id":"https:\/\/forstunternehmer.ch\/#\/schema\/logo\/image\/"},"sameAs":["https:\/\/www.facebook.com\/ForstunternehmerSchweiz","https:\/\/www.linkedin.com\/company\/forstunternehmer-schweiz\/"]}]}},"_links":{"self":[{"href":"https:\/\/forstunternehmer.ch\/fr\/wp-json\/wp\/v2\/pages\/669","targetHints":{"allow":["GET"]}}],"collection":[{"href":"https:\/\/forstunternehmer.ch\/fr\/wp-json\/wp\/v2\/pages"}],"about":[{"href":"https:\/\/forstunternehmer.ch\/fr\/wp-json\/wp\/v2\/types\/page"}],"author":[{"embeddable":true,"href":"https:\/\/forstunternehmer.ch\/fr\/wp-json\/wp\/v2\/users\/1"}],"replies":[{"embeddable":true,"href":"https:\/\/forstunternehmer.ch\/fr\/wp-json\/wp\/v2\/comments?post=669"}],"version-history":[{"count":20,"href":"https:\/\/forstunternehmer.ch\/fr\/wp-json\/wp\/v2\/pages\/669\/revisions"}],"predecessor-version":[{"id":1178,"href":"https:\/\/forstunternehmer.ch\/fr\/wp-json\/wp\/v2\/pages\/669\/revisions\/1178"}],"wp:attachment":[{"href":"https:\/\/forstunternehmer.ch\/fr\/wp-json\/wp\/v2\/media?parent=669"}],"curies":[{"name":"wp","href":"https:\/\/api.w.org\/{rel}","templated":true}]}}